{"id":3213,"date":"2021-03-21T08:41:22","date_gmt":"2021-03-21T07:41:22","guid":{"rendered":"https:\/\/rutzu.com\/?page_id=3213"},"modified":"2025-06-02T17:10:22","modified_gmt":"2025-06-02T15:10:22","slug":"who-we-are","status":"publish","type":"page","link":"https:\/\/rutzu.com\/en\/who-we-are\/","title":{"rendered":"Who we are"},"content":{"rendered":"<p>[et_pb_section fb_built=&#8221;1&#8243; admin_label=&#8221;Section&#8221; _builder_version=&#8221;4.17.3&#8243; _module_preset=&#8221;default&#8221; custom_margin=&#8221;||||false|false&#8221; custom_padding=&#8221;0px||0vw||false|false&#8221; global_colors_info=&#8221;{}&#8221;][et_pb_row column_structure=&#8221;1_4,3_4&#8243; use_custom_gutter=&#8221;on&#8221; gutter_width=&#8221;1&#8243; make_equal=&#8221;on&#8221; _builder_version=&#8221;4.16&#8243; _module_preset=&#8221;default&#8221; width=&#8221;90%&#8221; max_width=&#8221;100%&#8221; custom_margin=&#8221;0px||||false|false&#8221; custom_padding=&#8221;0px||0px|||&#8221; global_colors_info=&#8221;{}&#8221;][et_pb_column type=&#8221;1_4&#8243; _builder_version=&#8221;4.16&#8243; _module_preset=&#8221;default&#8221; global_colors_info=&#8221;{}&#8221;][et_pb_text content_tablet=&#8221;&#8221; content_phone=&#8221;<\/p>\n<h1>Who<\/h1>\n<h1>we are<\/h1>\n<p><img class=%22wp-image-27 alignnone size-full%22 src=%22https:\/\/rutzu.com\/wp-content\/uploads\/2021\/03\/ROND-POINT.png%22 alt=%22%22 width=%2226%22 height=%2226%22 \/><\/p>\n<p>&#8221; content_last_edited=&#8221;on|phone&#8221; _builder_version=&#8221;4.27.4&#8243; _module_preset=&#8221;default&#8221; header_font=&#8221;|300||on|||||&#8221; header_font_size=&#8221;2.6vw&#8221; text_orientation=&#8221;center&#8221; width=&#8221;%2216%22&#8243; height=&#8221;%2226%22&#8243; custom_margin=&#8221;7vw||7vw||true|false&#8221; header_font_size_tablet=&#8221;4vw&#8221; header_font_size_phone=&#8221;5vw&#8221; header_font_size_last_edited=&#8221;on|tablet&#8221; global_colors_info=&#8221;{}&#8221;]<\/p>\n<h1>Who<\/h1>\n<h1>we are<\/h1>\n<p><img loading=\"lazy\" decoding=\"async\" class=\"wp-image-27 alignnone size-full\" src=\"https:\/\/rutzu.com\/wp-content\/uploads\/2021\/03\/ROND-POINT.png\" alt=\"\" width=\"26\" height=\"26\" \/><\/p>\n<p>[\/et_pb_text][\/et_pb_column][et_pb_column type=&#8221;3_4&#8243; _builder_version=&#8221;4.16&#8243; _module_preset=&#8221;default&#8221; background_image=&#8221;https:\/\/rutzu.com\/wp-content\/uploads\/2021\/04\/Front-page-1-Bis-scaled.jpeg&#8221; background_position=&#8221;top_center&#8221; global_colors_info=&#8221;{}&#8221;][et_pb_divider show_divider=&#8221;off&#8221; _builder_version=&#8221;4.16&#8243; _module_preset=&#8221;default&#8221; height_tablet=&#8221;60vw&#8221; height_phone=&#8221;82vw&#8221; height_last_edited=&#8221;on|phone&#8221; global_colors_info=&#8221;{}&#8221;][\/et_pb_divider][\/et_pb_column][\/et_pb_row][et_pb_row column_structure=&#8221;1_4,1_4,1_4,1_4&#8243; use_custom_gutter=&#8221;on&#8221; gutter_width=&#8221;1&#8243; disabled_on=&#8221;on|on|off&#8221; _builder_version=&#8221;4.16&#8243; _module_preset=&#8221;default&#8221; width=&#8221;90%&#8221; max_width=&#8221;100%&#8221; custom_padding=&#8221;0px||0px|||&#8221; global_colors_info=&#8221;{}&#8221;][et_pb_column type=&#8221;1_4&#8243; _builder_version=&#8221;4.16&#8243; _module_preset=&#8221;default&#8221; background_enable_image=&#8221;off&#8221; background_position=&#8221;top_center&#8221; global_colors_info=&#8221;{}&#8221;][et_pb_image src=&#8221;https:\/\/rutzu.com\/wp-content\/uploads\/2024\/04\/3e068002-a418-475f-9239-4d88345ab09b.jpg&#8221; title_text=&#8221;IMG_6016&#8243; show_bottom_space=&#8221;off&#8221; _builder_version=&#8221;4.27.4&#8243; _module_preset=&#8221;default&#8221; global_colors_info=&#8221;{}&#8221;][\/et_pb_image][\/et_pb_column][et_pb_column type=&#8221;1_4&#8243; _builder_version=&#8221;4.16&#8243; _module_preset=&#8221;default&#8221; global_colors_info=&#8221;{}&#8221;][et_pb_text _builder_version=&#8221;4.27.4&#8243; _module_preset=&#8221;default&#8221; text_font_size=&#8221;0.9vw&#8221; text_line_height=&#8221;1.5em&#8221; header_2_font=&#8221;|300|||||||&#8221; header_2_font_size=&#8221;3vw&#8221; header_3_font=&#8221;|300|||||||&#8221; header_3_font_size=&#8221;1.6vw&#8221; header_3_line_height=&#8221;1.2em&#8221; header_4_font=&#8221;|700|||||||&#8221; header_4_font_size=&#8221;1.3vw&#8221; header_4_line_height=&#8221;1.2em&#8221; custom_margin=&#8221;7vw|2vw|2vw|2vw|false|true&#8221; header_4_font_size_tablet=&#8221;3vw&#8221; header_4_font_size_phone=&#8221;4vw&#8221; header_4_font_size_last_edited=&#8221;on|tablet&#8221; global_colors_info=&#8221;{}&#8221;]<\/p>\n<h4>Time to be yourself<br \/>Time to be amazed<br \/>Time to slow down<br \/>Time to dream<\/h4>\n<p>[\/et_pb_text][et_pb_image src=&#8221;https:\/\/rutzu.com\/wp-content\/uploads\/2021\/04\/Qui-sommmes-3-scaled.jpg&#8221; title_text=&#8221;Qui sommmes 3&#8243; show_bottom_space=&#8221;off&#8221; _builder_version=&#8221;4.17.3&#8243; _module_preset=&#8221;default&#8221; custom_margin=&#8221;7vw|7vw||-22.5vw|false|false&#8221; custom_margin_tablet=&#8221;0vw|0vw||0vw|false|false&#8221; custom_margin_phone=&#8221;&#8221; custom_margin_last_edited=&#8221;on|tablet&#8221; global_colors_info=&#8221;{}&#8221;][\/et_pb_image][\/et_pb_column][et_pb_column type=&#8221;1_4&#8243; _builder_version=&#8221;4.16&#8243; _module_preset=&#8221;default&#8221; global_colors_info=&#8221;{}&#8221;][et_pb_text _builder_version=&#8221;4.27.4&#8243; _module_preset=&#8221;default&#8221; text_font_size=&#8221;0.9vw&#8221; text_line_height=&#8221;1.5em&#8221; header_2_font=&#8221;|300|||||||&#8221; header_2_font_size=&#8221;3vw&#8221; text_orientation=&#8221;justified&#8221; custom_margin=&#8221;4vw|3vw|2vw|0vw|false|false&#8221; global_colors_info=&#8221;{}&#8221;]<\/p>\n<p class=\"p1\"><span class=\"s1\">R\u00fctzu was born from our desire to share the love we have for this island, as well as from a deep need to return to what truly matters: taking time for yourself.<\/span><\/p>\n<p class=\"p1\"><span class=\"s1\">Here or elsewhere, we invite you to experience those precious moments when you reconnect with yourself, with others, and with what really counts. Moments where happiness lies in simplicity, where the essentials reclaim their rightful place, and where the strength of nature reminds us of our own inner energy.<\/span><\/p>\n<p class=\"p1\"><span class=\"s1\">With R\u00fctzu, we wanted to give you the opportunity to take the time to do things well, to slow down, and to rediscover your own rhythm.<\/span><\/p>\n<p>[\/et_pb_text][\/et_pb_column][et_pb_column type=&#8221;1_4&#8243; _builder_version=&#8221;4.16&#8243; _module_preset=&#8221;default&#8221; custom_padding=&#8221;0px||||false|false&#8221; global_colors_info=&#8221;{}&#8221;][et_pb_cta button_url=&#8221;https:\/\/rutzu.com\/en\/retreats\/&#8221; button_text=&#8221;All our retreats&#8221; _builder_version=&#8221;4.20.0&#8243; _module_preset=&#8221;default&#8221; body_font=&#8221;|||on|||||&#8221; body_font_size=&#8221;1.2vw&#8221; body_line_height=&#8221;1.5em&#8221; background_color=&#8221;#a29a7d&#8221; custom_button=&#8221;on&#8221; button_text_size=&#8221;1vw&#8221; button_bg_color=&#8221;#763717&#8243; button_border_width=&#8221;0px&#8221; button_border_radius=&#8221;0px&#8221; button_font=&#8221;|||on|||||&#8221; custom_margin=&#8221;0vw||||false|false&#8221; custom_padding=&#8221;3vw||3vw||true|false&#8221; global_colors_info=&#8221;{}&#8221;]<\/p>\n<p>Discover<\/p>\n<p>[\/et_pb_cta][et_pb_text _builder_version=&#8221;4.27.4&#8243; _module_preset=&#8221;default&#8221; text_font_size=&#8221;0.9vw&#8221; text_line_height=&#8221;1.5em&#8221; header_2_font=&#8221;|300|||||||&#8221; header_2_font_size=&#8221;3vw&#8221; header_3_font=&#8221;|300|||||||&#8221; header_3_font_size=&#8221;1.6vw&#8221; header_3_line_height=&#8221;1.2em&#8221; header_4_font=&#8221;|700|||||||&#8221; header_4_font_size=&#8221;1.3vw&#8221; header_4_line_height=&#8221;1.2em&#8221; custom_margin=&#8221;2vw|2vw|2vw|2vw|false|true&#8221; global_colors_info=&#8221;{}&#8221;]<\/p>\n<h4><span>Empowering personal growth through the essence of nature and beauty<\/span><\/h4>\n<p>[\/et_pb_text][et_pb_image src=&#8221;https:\/\/rutzu.com\/wp-content\/uploads\/2021\/04\/GettyImages-1132498435.jpg&#8221; title_text=&#8221;Low Section Of Man Meditating At Beach&#8221; disabled_on=&#8221;off|off|off&#8221; _builder_version=&#8221;4.16&#8243; _module_preset=&#8221;default&#8221; min_height=&#8221;234.8px&#8221; global_colors_info=&#8221;{}&#8221;][\/et_pb_image][\/et_pb_column][\/et_pb_row][et_pb_row column_structure=&#8221;1_4,1_4,1_4,1_4&#8243; use_custom_gutter=&#8221;on&#8221; gutter_width=&#8221;1&#8243; disabled_on=&#8221;off|off|on&#8221; _builder_version=&#8221;4.16&#8243; _module_preset=&#8221;default&#8221; width=&#8221;90%&#8221; max_width=&#8221;100%&#8221; custom_padding=&#8221;0px||0px|||&#8221; global_colors_info=&#8221;{}&#8221;][et_pb_column type=&#8221;1_4&#8243; _builder_version=&#8221;4.16&#8243; _module_preset=&#8221;default&#8221; background_enable_image=&#8221;off&#8221; background_position=&#8221;top_center&#8221; global_colors_info=&#8221;{}&#8221;][et_pb_image src=&#8221;https:\/\/rutzu.com\/wp-content\/uploads\/2024\/04\/3e068002-a418-475f-9239-4d88345ab09b.jpg&#8221; title_text=&#8221;Val\u00e9rie Lardinois&#8221; show_bottom_space=&#8221;off&#8221; _builder_version=&#8221;4.27.4&#8243; _module_preset=&#8221;default&#8221; custom_margin=&#8221;4vw||||false|false&#8221; global_colors_info=&#8221;{}&#8221;][\/et_pb_image][et_pb_text _builder_version=&#8221;4.27.4&#8243; _module_preset=&#8221;default&#8221; text_font_size=&#8221;0.9vw&#8221; text_line_height=&#8221;1.5em&#8221; header_2_font=&#8221;|300|||||||&#8221; header_2_font_size=&#8221;3vw&#8221; header_3_font=&#8221;|300|||||||&#8221; header_3_font_size=&#8221;1.6vw&#8221; header_3_line_height=&#8221;1.2em&#8221; header_4_font=&#8221;|700|||||||&#8221; header_4_font_size=&#8221;1.3vw&#8221; header_4_line_height=&#8221;1.2em&#8221; custom_margin=&#8221;7vw|2vw|2vw|2vw|false|true&#8221; custom_margin_tablet=&#8221;2vw|0vw||0vw|false|true&#8221; custom_margin_phone=&#8221;5vw||||false|true&#8221; custom_margin_last_edited=&#8221;on|tablet&#8221; header_4_font_size_tablet=&#8221;3vw&#8221; header_4_font_size_phone=&#8221;4vw&#8221; header_4_font_size_last_edited=&#8221;on|tablet&#8221; global_colors_info=&#8221;{}&#8221;]<\/p>\n<h4>Time to be yourself<br \/>Time to be amazed<br \/>Time to slow down<br \/>Time to dream<\/h4>\n<p>[\/et_pb_text][et_pb_text _builder_version=&#8221;4.27.4&#8243; _module_preset=&#8221;default&#8221; text_font_size=&#8221;0.9vw&#8221; text_line_height=&#8221;1.5em&#8221; header_2_font=&#8221;|300|||||||&#8221; header_2_font_size=&#8221;3vw&#8221; text_orientation=&#8221;justified&#8221; custom_margin=&#8221;4vw|3vw|2vw|0vw|false|false&#8221; custom_margin_tablet=&#8221;2vw|3vw|2vw|0vw|false|false&#8221; custom_margin_phone=&#8221;&#8221; custom_margin_last_edited=&#8221;on|tablet&#8221; text_font_size_tablet=&#8221;2vw&#8221; text_font_size_phone=&#8221;3vw&#8221; text_font_size_last_edited=&#8221;on|phone&#8221; global_colors_info=&#8221;{}&#8221;]<\/p>\n<p class=\"p1\"><span class=\"s1\">R\u00fctzu was born from our desire to share the love we have for this island, as well as from a deep need to return to what truly matters: taking time for yourself.<\/span><\/p>\n<p class=\"p1\"><span class=\"s1\">Here or elsewhere, we invite you to experience those precious moments when you reconnect with yourself, with others, and with what really counts. Moments where happiness lies in simplicity, where the essentials reclaim their rightful place, and where the strength of nature reminds us of our own inner energy.<\/span><\/p>\n<p class=\"p1\"><span class=\"s1\">With R\u00fctzu, we wanted to give you the opportunity to take the time to do things well, to slow down, and to rediscover your own rhythm.<\/span><\/p>\n<p>[\/et_pb_text][et_pb_text _builder_version=&#8221;4.27.4&#8243; _module_preset=&#8221;default&#8221; text_font_size=&#8221;0.9vw&#8221; text_line_height=&#8221;1.5em&#8221; header_2_font=&#8221;|300|||||||&#8221; header_2_font_size=&#8221;3vw&#8221; header_3_font=&#8221;|300|||||||&#8221; header_3_font_size=&#8221;1.6vw&#8221; header_3_line_height=&#8221;1.2em&#8221; header_4_font=&#8221;|700|||||||&#8221; header_4_font_size=&#8221;1.3vw&#8221; header_4_line_height=&#8221;1.2em&#8221; custom_margin=&#8221;2vw|2vw|2vw|2vw|false|true&#8221; custom_margin_tablet=&#8221;0vw|0vw|0vw|0vw|false|true&#8221; custom_margin_phone=&#8221;||4vw||false|true&#8221; custom_margin_last_edited=&#8221;on|tablet&#8221; header_4_font_size_tablet=&#8221;2vw&#8221; header_4_font_size_phone=&#8221;3vw&#8221; header_4_font_size_last_edited=&#8221;on|phone&#8221; global_colors_info=&#8221;{}&#8221;]<\/p>\n<h4><span>Empowering personal growth through the essence of nature and beauty<\/span><\/h4>\n<p>[\/et_pb_text][\/et_pb_column][et_pb_column type=&#8221;1_4&#8243; _builder_version=&#8221;4.16&#8243; _module_preset=&#8221;default&#8221; global_colors_info=&#8221;{}&#8221;][et_pb_image src=&#8221;https:\/\/rutzu.com\/wp-content\/uploads\/2021\/04\/Qui-sommmes-3-scaled.jpg&#8221; _builder_version=&#8221;4.17.3&#8243; _module_preset=&#8221;default&#8221; custom_margin=&#8221;0vw||0vw||true|false&#8221; global_colors_info=&#8221;{}&#8221;][\/et_pb_image][et_pb_cta button_url=&#8221;https:\/\/rutzu.com\/en\/retreats\/&#8221; button_text=&#8221;All our retreats&#8221; _builder_version=&#8221;4.20.0&#8243; _module_preset=&#8221;default&#8221; body_font=&#8221;|||on|||||&#8221; body_font_size=&#8221;1.2vw&#8221; body_line_height=&#8221;1.5em&#8221; background_color=&#8221;#a29a7d&#8221; custom_button=&#8221;on&#8221; button_text_size=&#8221;1vw&#8221; button_bg_color=&#8221;#763717&#8243; button_border_width=&#8221;0px&#8221; button_border_radius=&#8221;0px&#8221; button_font=&#8221;|||on|||||&#8221; custom_margin=&#8221;0vw||||false|false&#8221; custom_padding=&#8221;3vw||3vw||true|false&#8221; custom_padding_tablet=&#8221;4vw||4vw||true|false&#8221; custom_padding_phone=&#8221;7vw||7vw||true|false&#8221; custom_padding_last_edited=&#8221;on|tablet&#8221; link_option_url=&#8221;https:\/\/rutzu.com\/en\/retreats\/&#8221; body_font_size_tablet=&#8221;2vw&#8221; body_font_size_phone=&#8221;3vw&#8221; body_font_size_last_edited=&#8221;on|phone&#8221; button_text_size_tablet=&#8221;2vw&#8221; button_text_size_phone=&#8221;3vw&#8221; button_text_size_last_edited=&#8221;on|tablet&#8221; global_colors_info=&#8221;{}&#8221;]<\/p>\n<p>Discover<\/p>\n<p>[\/et_pb_cta][\/et_pb_column][et_pb_column type=&#8221;1_4&#8243; _builder_version=&#8221;4.16&#8243; _module_preset=&#8221;default&#8221; global_colors_info=&#8221;{}&#8221;][\/et_pb_column][et_pb_column type=&#8221;1_4&#8243; _builder_version=&#8221;4.16&#8243; _module_preset=&#8221;default&#8221; global_colors_info=&#8221;{}&#8221;][\/et_pb_column][\/et_pb_row][\/et_pb_section][et_pb_section fb_built=&#8221;1&#8243; admin_label=&#8221;Section&#8221; _builder_version=&#8221;4.21.0&#8243; _module_preset=&#8221;default&#8221; custom_padding=&#8221;0px||0px|||&#8221; global_colors_info=&#8221;{}&#8221;][et_pb_row use_custom_gutter=&#8221;on&#8221; gutter_width=&#8221;1&#8243; make_equal=&#8221;on&#8221; _builder_version=&#8221;4.17.3&#8243; _module_preset=&#8221;default&#8221; width=&#8221;90%&#8221; max_width=&#8221;100%&#8221; custom_padding=&#8221;0px||0px|||&#8221; global_colors_info=&#8221;{}&#8221;][et_pb_column type=&#8221;4_4&#8243; _builder_version=&#8221;4.16&#8243; _module_preset=&#8221;default&#8221; global_colors_info=&#8221;{}&#8221;][et_pb_text content_tablet=&#8221;&#8221; content_phone=&#8221;<\/p>\n<h2>Our teachers<\/h2>\n<p><img class=%22wp-image-27 alignnone size-full%22 src=%22https:\/\/rutzu.com\/wp-content\/uploads\/2021\/03\/ROND-POINT.png%22 alt=%22%22 width=%2226%22 height=%2226%22 \/><\/p>\n<p>&#8221; content_last_edited=&#8221;on|phone&#8221; _builder_version=&#8221;4.27.4&#8243; _module_preset=&#8221;default&#8221; header_font=&#8221;|300||on|||||&#8221; header_font_size=&#8221;2.6vw&#8221; header_2_font=&#8221;|300||on|||||&#8221; header_2_font_size=&#8221;2.6vw&#8221; header_2_line_height=&#8221;1.2em&#8221; text_orientation=&#8221;center&#8221; width=&#8221;%2216%22&#8243; height=&#8221;%2226%22&#8243; custom_margin=&#8221;7vw||7vw||true|false&#8221; header_2_font_size_tablet=&#8221;4vw&#8221; header_2_font_size_phone=&#8221;5vw&#8221; header_2_font_size_last_edited=&#8221;on|phone&#8221; global_colors_info=&#8221;{}&#8221;]<\/p>\n<h2>Our teachers<\/h2>\n<p><img loading=\"lazy\" decoding=\"async\" class=\"wp-image-27 alignnone size-full\" src=\"https:\/\/rutzu.com\/wp-content\/uploads\/2021\/03\/ROND-POINT.png\" alt=\"\" width=\"26\" height=\"26\" \/><\/p>\n<p>[\/et_pb_text][\/et_pb_column][\/et_pb_row][\/et_pb_section][et_pb_section fb_built=&#8221;1&#8243; admin_label=&#8221;Section&#8221; module_class=&#8221;alternate&#8221; _builder_version=&#8221;4.21.0&#8243; _module_preset=&#8221;default&#8221; custom_padding=&#8221;0px||0vw||false|false&#8221; global_colors_info=&#8221;{}&#8221;][et_pb_row column_structure=&#8221;1_2,1_2&#8243; use_custom_gutter=&#8221;on&#8221; gutter_width=&#8221;1&#8243; make_equal=&#8221;on&#8221; admin_label=&#8221;Emmanuel&#8221; module_id=&#8221;Emmanuel&#8221; _builder_version=&#8221;4.21.0&#8243; _module_preset=&#8221;default&#8221; width=&#8221;90%&#8221; max_width=&#8221;100%&#8221; custom_padding=&#8221;0px||0px|||&#8221; global_colors_info=&#8221;{}&#8221;][et_pb_column type=&#8221;1_2&#8243; _builder_version=&#8221;4.17.3&#8243; _module_preset=&#8221;default&#8221; background_enable_image=&#8221;off&#8221; background_position=&#8221;top_center&#8221; global_colors_info=&#8221;{}&#8221;][et_pb_image src=&#8221;https:\/\/rutzu.com\/wp-content\/uploads\/2021\/04\/Emmanuel-TOURPE-1024&#215;1024.jpg&#8221; alt=&#8221;Emmanuel Tourpe&#8221; title_text=&#8221;Emmanuel TOURPE&#8221; force_fullwidth=&#8221;on&#8221; _builder_version=&#8221;4.21.0&#8243; _module_preset=&#8221;default&#8221; global_colors_info=&#8221;{}&#8221;][\/et_pb_image][\/et_pb_column][et_pb_column type=&#8221;1_2&#8243; _builder_version=&#8221;4.21.0&#8243; _module_preset=&#8221;default&#8221; background_enable_image=&#8221;off&#8221; custom_css_main_element=&#8221;margin:auto;&#8221; global_colors_info=&#8221;{}&#8221;][et_pb_text _builder_version=&#8221;4.19.5&#8243; _module_preset=&#8221;default&#8221; text_font_size=&#8221;0.9vw&#8221; text_line_height=&#8221;1.5em&#8221; header_font=&#8221;|300||on|||||&#8221; header_font_size=&#8221;2.6vw&#8221; header_2_font=&#8221;|300|||||||&#8221; header_2_text_align=&#8221;center&#8221; header_2_font_size=&#8221;2.6vw&#8221; header_2_line_height=&#8221;1.2em&#8221; text_orientation=&#8221;justified&#8221; custom_margin=&#8221;0vw|8vw|0vw|8vw|true|true&#8221; text_font_size_tablet=&#8221;2vw&#8221; text_font_size_phone=&#8221;3vw&#8221; text_font_size_last_edited=&#8221;on|tablet&#8221; header_2_font_size_tablet=&#8221;4vw&#8221; header_2_font_size_phone=&#8221;5vw&#8221; header_2_font_size_last_edited=&#8221;on|phone&#8221; global_colors_info=&#8221;{}&#8221;]<\/p>\n<h2>Emmanuel Tourpe<\/h2>\n<p>&nbsp;<\/p>\n<p><strong>Emmanuel Tourpe is a father of 4 children. He has a doctorate in philosophy (Louvain, Belgium).<\/strong><\/p>\n<p>He is the author of numerous scientific articles and books on philosophy.<\/p>\n<p>In 2020, he published: &#8220;Donation et r\u00e9ciprocit\u00e9&#8221; (Hermann, Paris) and &#8220;Un temps pour penser &amp; un temps pour parler&#8221; (Racines, Brussels). An international lecturer, he has taught in several universities and lectures in Strasbourg.<\/p>\n<p>Formerly Director of Programming for the Belgian public channel RTBF, he is now Director of Programming for the European cultural channel Arte.<\/p>\n<p>[\/et_pb_text][\/et_pb_column][\/et_pb_row][et_pb_row column_structure=&#8221;1_2,1_2&#8243; use_custom_gutter=&#8221;on&#8221; gutter_width=&#8221;1&#8243; make_equal=&#8221;on&#8221; admin_label=&#8221;Pascal&#8221; module_id=&#8221;Pascal&#8221; _builder_version=&#8221;4.21.0&#8243; _module_preset=&#8221;default&#8221; width=&#8221;90%&#8221; max_width=&#8221;100%&#8221; custom_padding=&#8221;0px||0px|||&#8221; global_colors_info=&#8221;{}&#8221;][et_pb_column type=&#8221;1_2&#8243; disabled_on=&#8221;off|off|off&#8221; _builder_version=&#8221;4.21.0&#8243; _module_preset=&#8221;default&#8221; background_enable_image=&#8221;off&#8221; background_position=&#8221;top_center&#8221; global_colors_info=&#8221;{}&#8221;][et_pb_image src=&#8221;https:\/\/rutzu.com\/wp-content\/uploads\/2021\/04\/Pascal-SEYS-1024&#215;1024.jpg&#8221; alt=&#8221;Pascal Seys&#8221; title_text=&#8221;Pascal SEYS&#8221; force_fullwidth=&#8221;on&#8221; disabled_on=&#8221;off|off|off&#8221; _builder_version=&#8221;4.21.0&#8243; _module_preset=&#8221;default&#8221; global_colors_info=&#8221;{}&#8221;][\/et_pb_image][\/et_pb_column][et_pb_column type=&#8221;1_2&#8243; module_id=&#8221;Pascale&#8221; _builder_version=&#8221;4.21.0&#8243; _module_preset=&#8221;default&#8221; background_enable_image=&#8221;off&#8221; custom_css_main_element=&#8221;margin:auto;&#8221; global_colors_info=&#8221;{}&#8221;][et_pb_text _builder_version=&#8221;4.19.5&#8243; _module_preset=&#8221;default&#8221; text_font_size=&#8221;0.9vw&#8221; text_line_height=&#8221;1.5em&#8221; header_font=&#8221;|300||on|||||&#8221; header_font_size=&#8221;2.6vw&#8221; header_2_font=&#8221;|300|||||||&#8221; header_2_text_align=&#8221;center&#8221; header_2_font_size=&#8221;2.6vw&#8221; header_2_line_height=&#8221;1.2em&#8221; text_orientation=&#8221;justified&#8221; custom_margin=&#8221;0vw|8vw|0vw|8vw|true|true&#8221; text_font_size_tablet=&#8221;2vw&#8221; text_font_size_phone=&#8221;3vw&#8221; text_font_size_last_edited=&#8221;on|tablet&#8221; header_2_font_size_tablet=&#8221;4vw&#8221; header_2_font_size_phone=&#8221;5vw&#8221; header_2_font_size_last_edited=&#8221;on|phone&#8221; global_colors_info=&#8221;{}&#8221;]<\/p>\n<h2>Pascale Seys<\/h2>\n<p>&nbsp;<\/p>\n<p><strong>Pascale Seys has a doctorate in philosophy and teaches at UCLouvain and the Ecole Sup\u00e9rieure des Arts in Brussels.<\/strong><\/p>\n<p>Involved in cultural life, journalist and columnist, she produces major interviews devoted to the arts and the life of ideas on RTBF-radio (Belgian public radio RTBF) in La couleur des id\u00e9es on Musiq3.<\/p>\n<p>She is the author of an essay on Hippolyte Taine (L&#8217;Harmattan, 1999) and on poetry (Midis de la Po\u00e9sie, 2019).<\/p>\n<p>Convinced of an intrinsic link between the association of ideas and the rhythm of walking, she has published three collections of wandering philosophy published by Editions Racine &#8221; Et vous, qu&#8217;en pensez-vous? &#8221; (2018), &#8221; Si tu vois tout en gris, d\u00e9place l&#8217;\u00e9l\u00e9phant \u00ab (2019), &#8221; Le panache de l&#8217;escargot &#8221; (2020) as well as a radio short story Le phosphore blanc (2020).<\/p>\n<p>There is no shortage of superlatives to describe Pascale Seys&#8217; personality: &#8220;transporting, inspiring, breathtaking&#8221;, &#8220;an extraordinary philosopher&#8221;, the 3&#8242; philosophical capsules she offers each week on Musiq3, Les Tics de l&#8217;actu and Un p&#8217;tit Shoot de philo, have been a great success and are shared throughout the world.<\/p>\n<p>[\/et_pb_text][\/et_pb_column][\/et_pb_row][et_pb_row column_structure=&#8221;1_2,1_2&#8243; use_custom_gutter=&#8221;on&#8221; gutter_width=&#8221;1&#8243; make_equal=&#8221;on&#8221; admin_label=&#8221;Florence&#8221; module_id=&#8221;Florence&#8221; _builder_version=&#8221;4.21.0&#8243; _module_preset=&#8221;default&#8221; width=&#8221;90%&#8221; max_width=&#8221;100%&#8221; custom_padding=&#8221;0px||0px|||&#8221; background_last_edited=&#8221;on|desktop&#8221; global_colors_info=&#8221;{}&#8221;][et_pb_column type=&#8221;1_2&#8243; _builder_version=&#8221;4.17.3&#8243; _module_preset=&#8221;default&#8221; background_enable_image=&#8221;off&#8221; background_position=&#8221;top_center&#8221; global_colors_info=&#8221;{}&#8221;][et_pb_image src=&#8221;https:\/\/rutzu.com\/wp-content\/uploads\/2022\/04\/florence-jaupain-1024&#215;1024.jpg&#8221; title_text=&#8221;Florence Jaupain&#8221; force_fullwidth=&#8221;on&#8221; _builder_version=&#8221;4.21.0&#8243; _module_preset=&#8221;default&#8221; global_colors_info=&#8221;{}&#8221;][\/et_pb_image][\/et_pb_column][et_pb_column type=&#8221;1_2&#8243; _builder_version=&#8221;4.21.0&#8243; _module_preset=&#8221;default&#8221; background_enable_image=&#8221;off&#8221; custom_css_main_element=&#8221;margin:auto;&#8221; global_colors_info=&#8221;{}&#8221;][et_pb_text _builder_version=&#8221;4.19.5&#8243; _module_preset=&#8221;default&#8221; text_font_size=&#8221;0.9vw&#8221; text_line_height=&#8221;1.5em&#8221; header_font=&#8221;|300||on|||||&#8221; header_font_size=&#8221;2.6vw&#8221; header_2_font=&#8221;|300|||||||&#8221; header_2_text_align=&#8221;center&#8221; header_2_font_size=&#8221;2.6vw&#8221; header_2_line_height=&#8221;1.2em&#8221; text_orientation=&#8221;justified&#8221; custom_margin=&#8221;0vw|8vw|0vw|8vw|true|true&#8221; text_font_size_tablet=&#8221;2vw&#8221; text_font_size_phone=&#8221;3vw&#8221; text_font_size_last_edited=&#8221;on|tablet&#8221; header_2_font_size_tablet=&#8221;4vw&#8221; header_2_font_size_phone=&#8221;5vw&#8221; header_2_font_size_last_edited=&#8221;on|phone&#8221; global_colors_info=&#8221;{}&#8221;]<\/p>\n<h2>Florence Jaupain<\/h2>\n<p>&nbsp;<\/p>\n<p><strong>Physiotherapist, graduated from the HELB Ilya Prigogine in 2009, Pilates instructor trained by Leaderfit in 2010 and co-manager of the<\/strong> <strong><a href=\"https:\/\/globalwellness.be\" target=\"_blank\" rel=\"noopener\">Global Wellness<\/a>.<\/strong><\/p>\n<p>Florence has been practicing with passion for over 12 years. As a Pilates instructor, she passes on her knowledge and experience every week through the many classes she offers.<\/p>\n<p>Because her approach is global, Florence never stops training.<\/p>\n<p>In addition to her perfect knowledge of the body, Florence has the hands of a fairy! Her massages will transport you!<\/p>\n<p>[\/et_pb_text][\/et_pb_column][\/et_pb_row][et_pb_row column_structure=&#8221;1_2,1_2&#8243; use_custom_gutter=&#8221;on&#8221; gutter_width=&#8221;1&#8243; make_equal=&#8221;on&#8221; admin_label=&#8221;Sandra&#8221; module_id=&#8221;Sandra&#8221; _builder_version=&#8221;4.21.0&#8243; _module_preset=&#8221;default&#8221; width=&#8221;90%&#8221; max_width=&#8221;100%&#8221; custom_padding=&#8221;0px||0px|||&#8221; global_colors_info=&#8221;{}&#8221;][et_pb_column type=&#8221;1_2&#8243; disabled_on=&#8221;off|off|off&#8221; _builder_version=&#8221;4.21.0&#8243; _module_preset=&#8221;default&#8221; background_enable_image=&#8221;off&#8221; background_position=&#8221;top_center&#8221; global_colors_info=&#8221;{}&#8221;][et_pb_image src=&#8221;https:\/\/rutzu.com\/wp-content\/uploads\/2021\/04\/Sandra-Fersztman.jpg&#8221; alt=&#8221;Sandra Fersztman&#8221; title_text=&#8221;Sandra Fersztman&#8221; show_bottom_space=&#8221;off&#8221; force_fullwidth=&#8221;on&#8221; disabled_on=&#8221;off|off|off&#8221; _builder_version=&#8221;4.21.0&#8243; _module_preset=&#8221;default&#8221; global_colors_info=&#8221;{}&#8221;][\/et_pb_image][\/et_pb_column][et_pb_column type=&#8221;1_2&#8243; module_id=&#8221;Pascale&#8221; _builder_version=&#8221;4.21.0&#8243; _module_preset=&#8221;default&#8221; background_enable_image=&#8221;off&#8221; custom_css_main_element=&#8221;margin:auto;&#8221; global_colors_info=&#8221;{}&#8221;][et_pb_text _builder_version=&#8221;4.19.5&#8243; _module_preset=&#8221;default&#8221; text_font_size=&#8221;0.9vw&#8221; text_line_height=&#8221;1.5em&#8221; header_font=&#8221;|300||on|||||&#8221; header_font_size=&#8221;2.6vw&#8221; header_2_font=&#8221;|300|||||||&#8221; header_2_text_align=&#8221;center&#8221; header_2_font_size=&#8221;2.6vw&#8221; header_2_line_height=&#8221;1.2em&#8221; text_orientation=&#8221;justified&#8221; custom_margin=&#8221;0vw|8vw|0vw|8vw|true|true&#8221; text_font_size_tablet=&#8221;2vw&#8221; text_font_size_phone=&#8221;3vw&#8221; text_font_size_last_edited=&#8221;on|tablet&#8221; header_2_font_size_tablet=&#8221;4vw&#8221; header_2_font_size_phone=&#8221;5vw&#8221; header_2_font_size_last_edited=&#8221;on|phone&#8221; global_colors_info=&#8221;{}&#8221;]<\/p>\n<h2>Sandra Fersztman<\/h2>\n<p>&nbsp;<\/p>\n<p>&#8220;I am convinced that it is our difference that makes our beauty. I look for it in the shadows to give it all its power in the light. Because it is in the light that we can accomplish the most beautiful things. Sandra Fersztman<\/p>\n<p>An eclectic career at the heart of stories in Events and Film, Consulting and Female Entrepreneurship.<\/p>\n<p>In 2017, Sandra created <a href=\"https:\/\/www.lafabriquedesid.fr\" target=\"_blank\" rel=\"noopener\"><strong>La fabrique des id<\/strong><\/a>, to support entrepreneurs and people in professional transition in the development of their new identity.<br \/>Consultant, mentor, trainer, Sandra intervenes on Storytelling, digital communication and personal branding, in companies, incubators and Business schools.<\/p>\n<p>In 2020, Sandra designed the Take the Power workshop to discover your talents, and the My(s)You! coaching program to help you take hold of your uniqueness and make your voice heard.<\/p>\n<p>[\/et_pb_text][\/et_pb_column][\/et_pb_row][et_pb_row column_structure=&#8221;1_2,1_2&#8243; use_custom_gutter=&#8221;on&#8221; gutter_width=&#8221;1&#8243; make_equal=&#8221;on&#8221; admin_label=&#8221;St\u00e9phanie&#8221; module_id=&#8221;Stephanie&#8221; _builder_version=&#8221;4.21.0&#8243; _module_preset=&#8221;default&#8221; width=&#8221;90%&#8221; max_width=&#8221;100%&#8221; custom_padding=&#8221;0px||0px|||&#8221; global_colors_info=&#8221;{}&#8221;][et_pb_column type=&#8221;1_2&#8243; _builder_version=&#8221;4.17.3&#8243; _module_preset=&#8221;default&#8221; background_enable_image=&#8221;off&#8221; background_position=&#8221;top_center&#8221; global_colors_info=&#8221;{}&#8221;][et_pb_image src=&#8221;https:\/\/rutzu.com\/wp-content\/uploads\/2021\/04\/Stephanie-Mensah.jpg&#8221; alt=&#8221;St\u00e9phanie Mensah&#8221; title_text=&#8221;Stephanie Mensah&#8221; show_bottom_space=&#8221;off&#8221; align=&#8221;center&#8221; force_fullwidth=&#8221;on&#8221; _builder_version=&#8221;4.21.0&#8243; _module_preset=&#8221;default&#8221; global_colors_info=&#8221;{}&#8221;][\/et_pb_image][\/et_pb_column][et_pb_column type=&#8221;1_2&#8243; _builder_version=&#8221;4.21.0&#8243; _module_preset=&#8221;default&#8221; background_enable_image=&#8221;off&#8221; custom_css_main_element=&#8221;margin:auto;&#8221; global_colors_info=&#8221;{}&#8221;][et_pb_text _builder_version=&#8221;4.19.5&#8243; _module_preset=&#8221;default&#8221; text_font_size=&#8221;0.9vw&#8221; text_line_height=&#8221;1.5em&#8221; header_font=&#8221;|300||on|||||&#8221; header_font_size=&#8221;2.6vw&#8221; header_2_font=&#8221;|300|||||||&#8221; header_2_text_align=&#8221;center&#8221; header_2_font_size=&#8221;2.6vw&#8221; header_2_line_height=&#8221;1.2em&#8221; text_orientation=&#8221;justified&#8221; custom_margin=&#8221;0vw|8vw|0vw|8vw|true|true&#8221; text_font_size_tablet=&#8221;2vw&#8221; text_font_size_phone=&#8221;3vw&#8221; text_font_size_last_edited=&#8221;on|tablet&#8221; header_2_font_size_tablet=&#8221;4vw&#8221; header_2_font_size_phone=&#8221;5vw&#8221; header_2_font_size_last_edited=&#8221;on|phone&#8221; global_colors_info=&#8221;{}&#8221;]<\/p>\n<h2>St\u00e9phanie Mensah<\/h2>\n<p>&nbsp;<\/p>\n<p>Since her childhood, St\u00e9phanie has been immersed in the world of antique dealers and the beautiful colors of Provence which have nourished her creative soul. She confides that she has always had an incessant need to create and experiment. It was her Italian grandmother, with whom she spent hours in the sewing room, who passed on to her her love for textiles, natural fibers and old linen so full of history.<br \/>Her studies at the Ecole des Beaux-Arts gave her the opportunity to learn artistic techniques by studying the essential bases of art.<\/p>\n<p>It is from all these passions that <a href=\"https:\/\/www.instagram.com\/stephie.m_design\/\" target=\"_blank\" rel=\"noopener\"><strong>STEPHIE.M<\/strong><\/a> was born, a brand of natural textile creations for the home.<\/p>\n<p>In 2015, she moved with her family to the Balearic Islands, whose landscape was a revelation and constant source of inspiration. The island of Majorca, its colors, its gentle way of life have a special place in her collections.<\/p>\n<p>Since 2019 St\u00e9phanie offers creative workshops in order to transmit her artistic knowledge around textiles and much more&#8230; &#8221; It is also a way for me to bring well-being, to share. To create, to let your inspiration work, to be in contact with others, to enrich each other &#8221; St\u00e9phanie Mensah<\/p>\n<p>[\/et_pb_text][\/et_pb_column][\/et_pb_row][et_pb_row column_structure=&#8221;1_2,1_2&#8243; use_custom_gutter=&#8221;on&#8221; gutter_width=&#8221;1&#8243; make_equal=&#8221;on&#8221; admin_label=&#8221;FlorenceP&#8221; module_id=&#8221;SophieS&#8221; _builder_version=&#8221;4.21.0&#8243; _module_preset=&#8221;default&#8221; width=&#8221;90%&#8221; max_width=&#8221;100%&#8221; custom_padding=&#8221;0px||0px|||&#8221; global_colors_info=&#8221;{}&#8221;][et_pb_column type=&#8221;1_2&#8243; disabled_on=&#8221;off|off|off&#8221; _builder_version=&#8221;4.21.0&#8243; _module_preset=&#8221;default&#8221; background_enable_image=&#8221;off&#8221; background_position=&#8221;top_center&#8221; global_colors_info=&#8221;{}&#8221;][et_pb_image src=&#8221;https:\/\/rutzu.com\/wp-content\/uploads\/2021\/07\/Sophie-Sztabholz.jpg&#8221; title_text=&#8221;Sophie Sztabholz&#8221; force_fullwidth=&#8221;on&#8221; disabled_on=&#8221;off|off|off&#8221; _builder_version=&#8221;4.21.0&#8243; _module_preset=&#8221;default&#8221; global_colors_info=&#8221;{}&#8221;][\/et_pb_image][\/et_pb_column][et_pb_column type=&#8221;1_2&#8243; module_id=&#8221;Pascale&#8221; _builder_version=&#8221;4.21.0&#8243; _module_preset=&#8221;default&#8221; background_enable_image=&#8221;off&#8221; custom_css_main_element=&#8221;margin:auto;&#8221; global_colors_info=&#8221;{}&#8221;][et_pb_text _builder_version=&#8221;4.19.5&#8243; _module_preset=&#8221;default&#8221; text_font_size=&#8221;0.9vw&#8221; text_line_height=&#8221;1.5em&#8221; header_font=&#8221;|300||on|||||&#8221; header_font_size=&#8221;2.6vw&#8221; header_2_font=&#8221;|300|||||||&#8221; header_2_text_align=&#8221;center&#8221; header_2_font_size=&#8221;2.6vw&#8221; header_2_line_height=&#8221;1.2em&#8221; text_orientation=&#8221;justified&#8221; custom_margin=&#8221;0vw|8vw|0vw|8vw|true|true&#8221; text_font_size_tablet=&#8221;2vw&#8221; text_font_size_phone=&#8221;3vw&#8221; text_font_size_last_edited=&#8221;on|tablet&#8221; header_2_font_size_tablet=&#8221;4vw&#8221; header_2_font_size_phone=&#8221;5vw&#8221; header_2_font_size_last_edited=&#8221;on|phone&#8221; global_colors_info=&#8221;{}&#8221;]<\/p>\n<h2>Sophie Sztabholz<\/h2>\n<p>&nbsp;<\/p>\n<p>Formerly a classical dancer and Russian folk dancer, Sophie has a passion for the human body and movement.<\/p>\n<p>With an insatiable thirst for learning, she has been refining her knowledge of anatomy, biomechanics and physiology for more than 25 years through multiple training courses as well as her practice of fitness (F.I.S.A.F, Reebok International, N.A.S.M, Balanced Body, Spinal Training, De Gasquet\u00ae abdominal and back pain&#8230;).<\/p>\n<p>Founder and manager of the <a href=\"https:\/\/www.soqi.be\">SOQI<\/a> fitness &amp; wellness club, Sophie specializes in back pain. She works with several doctors and physiotherapists to help their patients regain mobility, correct posture, deep muscle strengthening and flexibility.<\/p>\n<p>Sophie is a Pilates teacher but also gives courses in interval training, hypopressive abdominals, Swiss ball&#8230;<\/p>\n<p>It is through contact with Paule Salomon that she has developed her skills by following various personal development courses which allow her to approach the body with more awareness and to be attentive to the needs of each individual.<\/p>\n<p>[\/et_pb_text][\/et_pb_column][\/et_pb_row][et_pb_row column_structure=&#8221;1_2,1_2&#8243; use_custom_gutter=&#8221;on&#8221; gutter_width=&#8221;1&#8243; make_equal=&#8221;on&#8221; admin_label=&#8221;St\u00e9phanie&#8221; module_id=&#8221;Fiona&#8221; _builder_version=&#8221;4.21.0&#8243; _module_preset=&#8221;default&#8221; width=&#8221;90%&#8221; max_width=&#8221;100%&#8221; custom_padding=&#8221;0px||0px|||&#8221; global_colors_info=&#8221;{}&#8221;][et_pb_column type=&#8221;1_2&#8243; _builder_version=&#8221;4.17.3&#8243; _module_preset=&#8221;default&#8221; background_enable_image=&#8221;off&#8221; global_colors_info=&#8221;{}&#8221;][et_pb_image src=&#8221;https:\/\/rutzu.com\/wp-content\/uploads\/2025\/06\/Fiona-Cappuyns.jpg&#8221; title_text=&#8221;Fiona Cappuyns&#8221; show_bottom_space=&#8221;off&#8221; align=&#8221;center&#8221; force_fullwidth=&#8221;on&#8221; _builder_version=&#8221;4.27.4&#8243; _module_preset=&#8221;default&#8221; hover_enabled=&#8221;0&#8243; global_colors_info=&#8221;{}&#8221; sticky_enabled=&#8221;0&#8243;][\/et_pb_image][\/et_pb_column][et_pb_column type=&#8221;1_2&#8243; _builder_version=&#8221;4.21.0&#8243; _module_preset=&#8221;default&#8221; background_enable_image=&#8221;off&#8221; custom_css_main_element=&#8221;margin:auto;&#8221; global_colors_info=&#8221;{}&#8221;][et_pb_text _builder_version=&#8221;4.27.4&#8243; _module_preset=&#8221;default&#8221; text_font_size=&#8221;0.9vw&#8221; text_line_height=&#8221;1.5em&#8221; header_font=&#8221;|300||on|||||&#8221; header_font_size=&#8221;2.6vw&#8221; header_2_font=&#8221;|300|||||||&#8221; header_2_text_align=&#8221;center&#8221; header_2_font_size=&#8221;2.6vw&#8221; header_2_line_height=&#8221;1.2em&#8221; text_orientation=&#8221;justified&#8221; custom_margin=&#8221;0vw|8vw|0vw|8vw|true|true&#8221; hover_enabled=&#8221;0&#8243; text_font_size_tablet=&#8221;2vw&#8221; text_font_size_phone=&#8221;3vw&#8221; text_font_size_last_edited=&#8221;on|tablet&#8221; header_2_font_size_tablet=&#8221;4vw&#8221; header_2_font_size_phone=&#8221;5vw&#8221; header_2_font_size_last_edited=&#8221;on|phone&#8221; global_colors_info=&#8221;{}&#8221; sticky_enabled=&#8221;0&#8243;]<\/p>\n<h2>Fiona Cappuyns<\/h2>\n<div>\n<p>Passionate about wellness, nutrition and personal development, Fiona has been teaching yoga since 2017 and continues to train in the field of holistic health.<\/p>\n<p>During the yoga retreat, she will gently and intensely guide you in your practice and help you reconnect to your body and sensations through her classes and self-exploration workshops.\u00a0<\/p>\n<p>Fiona speaks French &amp; English.<\/p>\n<p>Learn more about her on her page <a href=\"https:\/\/www.instagram.com\/fionacapp\/\">Instagram<\/a><\/p>\n<\/div>\n<p>[\/et_pb_text][\/et_pb_column][\/et_pb_row][et_pb_row column_structure=&#8221;1_2,1_2&#8243; use_custom_gutter=&#8221;on&#8221; gutter_width=&#8221;1&#8243; make_equal=&#8221;on&#8221; admin_label=&#8221;FlorenceP&#8221; module_id=&#8221;Joanna&#8221; _builder_version=&#8221;4.21.0&#8243; _module_preset=&#8221;default&#8221; width=&#8221;90%&#8221; max_width=&#8221;100%&#8221; custom_padding=&#8221;0px||0px|||&#8221; global_colors_info=&#8221;{}&#8221;][et_pb_column type=&#8221;1_2&#8243; disabled_on=&#8221;off|off|off&#8221; _builder_version=&#8221;4.21.0&#8243; _module_preset=&#8221;default&#8221; background_enable_image=&#8221;off&#8221; global_colors_info=&#8221;{}&#8221;][et_pb_image src=&#8221;https:\/\/rutzu.com\/wp-content\/uploads\/2022\/04\/im5.jpg&#8221; title_text=&#8221;Joanna Haouzi&#8221; show_bottom_space=&#8221;off&#8221; align=&#8221;center&#8221; force_fullwidth=&#8221;on&#8221; disabled_on=&#8221;off|off|off&#8221; _builder_version=&#8221;4.21.0&#8243; _module_preset=&#8221;default&#8221; global_colors_info=&#8221;{}&#8221;][\/et_pb_image][\/et_pb_column][et_pb_column type=&#8221;1_2&#8243; module_id=&#8221;Pascale&#8221; _builder_version=&#8221;4.21.0&#8243; _module_preset=&#8221;default&#8221; background_enable_image=&#8221;off&#8221; custom_css_main_element=&#8221;margin:auto;&#8221; global_colors_info=&#8221;{}&#8221;][et_pb_text _builder_version=&#8221;4.19.5&#8243; _module_preset=&#8221;default&#8221; text_font_size=&#8221;0.9vw&#8221; text_line_height=&#8221;1.5em&#8221; header_font=&#8221;|300||on|||||&#8221; header_font_size=&#8221;2.6vw&#8221; header_2_font=&#8221;|300|||||||&#8221; header_2_text_align=&#8221;center&#8221; header_2_font_size=&#8221;2.6vw&#8221; header_2_line_height=&#8221;1.2em&#8221; text_orientation=&#8221;justified&#8221; custom_margin=&#8221;0vw|8vw|0vw|8vw|true|true&#8221; text_font_size_tablet=&#8221;2vw&#8221; text_font_size_phone=&#8221;3vw&#8221; text_font_size_last_edited=&#8221;on|tablet&#8221; header_2_font_size_tablet=&#8221;4vw&#8221; header_2_font_size_phone=&#8221;5vw&#8221; header_2_font_size_last_edited=&#8221;on|phone&#8221; global_colors_info=&#8221;{}&#8221;]<\/p>\n<h2>Joanna Haouzi<\/h2>\n<p>Joanna started her professional life as a business lawyer. After a few years of practice, she realized that she could no longer find meaning in the service she provided.<\/p>\n<p>She then travelled to Indonesia and trained as a yoga teacher. Overwhelmed by the physical and mental effects of the practice, she decided to continue her learning through a therapeutic yoga training.<\/p>\n<p>As yoga practice requires a personal history, she has been involved in cognitive and behavioral therapy and psychology in order to gather the stories of each person who comes to her.<\/p>\n<p>Joanna is now a yoga teacher (she teaches in different studios in Paris and Brussels), coach and therapist in cognitive and behavioral therapy.<\/p>\n<p>[\/et_pb_text][\/et_pb_column][\/et_pb_row][et_pb_row column_structure=&#8221;1_2,1_2&#8243; use_custom_gutter=&#8221;on&#8221; gutter_width=&#8221;1&#8243; make_equal=&#8221;on&#8221; admin_label=&#8221;St\u00e9phanie&#8221; module_id=&#8221;Tom&#8221; _builder_version=&#8221;4.21.0&#8243; _module_preset=&#8221;default&#8221; width=&#8221;90%&#8221; max_width=&#8221;100%&#8221; custom_padding=&#8221;0px||0px|||&#8221; global_colors_info=&#8221;{}&#8221;][et_pb_column type=&#8221;1_2&#8243; _builder_version=&#8221;4.17.3&#8243; _module_preset=&#8221;default&#8221; background_enable_image=&#8221;off&#8221; global_colors_info=&#8221;{}&#8221;][et_pb_image src=&#8221;https:\/\/rutzu.com\/wp-content\/uploads\/2022\/04\/TomPhilippe-1024&#215;1024.jpg&#8221; title_text=&#8221;Tom Philippe&#8221; force_fullwidth=&#8221;on&#8221; _builder_version=&#8221;4.21.0&#8243; _module_preset=&#8221;default&#8221; global_colors_info=&#8221;{}&#8221;][\/et_pb_image][\/et_pb_column][et_pb_column type=&#8221;1_2&#8243; _builder_version=&#8221;4.21.0&#8243; _module_preset=&#8221;default&#8221; background_enable_image=&#8221;off&#8221; custom_css_main_element=&#8221;margin:auto;&#8221; global_colors_info=&#8221;{}&#8221;][et_pb_text _builder_version=&#8221;4.20.2&#8243; _module_preset=&#8221;default&#8221; text_font_size=&#8221;0.9vw&#8221; text_line_height=&#8221;1.5em&#8221; header_font=&#8221;|300||on|||||&#8221; header_font_size=&#8221;2.6vw&#8221; header_2_font=&#8221;|300|||||||&#8221; header_2_text_align=&#8221;center&#8221; header_2_font_size=&#8221;2.6vw&#8221; header_2_line_height=&#8221;1.2em&#8221; text_orientation=&#8221;justified&#8221; custom_margin=&#8221;0vw|8vw|6vw|8vw|false|true&#8221; text_font_size_tablet=&#8221;2vw&#8221; text_font_size_phone=&#8221;3vw&#8221; text_font_size_last_edited=&#8221;on|tablet&#8221; header_2_font_size_tablet=&#8221;4vw&#8221; header_2_font_size_phone=&#8221;5vw&#8221; header_2_font_size_last_edited=&#8221;on|phone&#8221; global_colors_info=&#8221;{}&#8221;]<\/p>\n<h2>Tom Philippe<\/h2>\n<p>&nbsp;<\/p>\n<div><\/div>\n<div>\n<div dir=\"auto\">\n<p>Coming from a family where spirituality and personal development were omnipresent. Philippe developed a particular interest and sensitivity for everything related to well-being at a very early age.<\/p>\n<p>In 2009, at the age of 18, he began his journey with 3 years of training at the Barbara Brennan School of Healing, holistic and energy therapy, supervised by Thierry Janssen.<\/p>\n<p>He then spent the next three years training intensively in martial arts in China. He describes this experience as extraordinary.<\/p>\n<p>Yoga did not arrive until 2015&#8230; A practice that he perfected during a 9-month immersive journey in India.<\/p>\n<p>Today he devotes most of his time to sharing yoga, in studios, workshops and retreats.<br \/>While continuing to train and enrich himself with new experiences.<\/p>\n<\/div>\n<\/div>\n<p>[\/et_pb_text][\/et_pb_column][\/et_pb_row][et_pb_row column_structure=&#8221;1_2,1_2&#8243; use_custom_gutter=&#8221;on&#8221; gutter_width=&#8221;1&#8243; make_equal=&#8221;on&#8221; admin_label=&#8221;Sandra&#8221; module_id=&#8221;Marine&#8221; _builder_version=&#8221;4.21.0&#8243; _module_preset=&#8221;default&#8221; width=&#8221;90%&#8221; max_width=&#8221;100%&#8221; custom_margin=&#8221;|auto|-2px|auto||&#8221; custom_padding=&#8221;0px||0px|||&#8221; global_colors_info=&#8221;{}&#8221;][et_pb_column type=&#8221;1_2&#8243; disabled_on=&#8221;off|off|off&#8221; _builder_version=&#8221;4.21.0&#8243; _module_preset=&#8221;default&#8221; background_enable_image=&#8221;off&#8221; background_position=&#8221;top_center&#8221; global_colors_info=&#8221;{}&#8221;][et_pb_image src=&#8221;https:\/\/rutzu.com\/wp-content\/uploads\/2022\/04\/im4-1024&#215;1024.jpg&#8221; title_text=&#8221;Marine Liensehoof&#8221; force_fullwidth=&#8221;on&#8221; disabled_on=&#8221;off|off|off&#8221; _builder_version=&#8221;4.21.0&#8243; _module_preset=&#8221;default&#8221; global_colors_info=&#8221;{}&#8221;][\/et_pb_image][\/et_pb_column][et_pb_column type=&#8221;1_2&#8243; module_id=&#8221;Pascale&#8221; _builder_version=&#8221;4.21.0&#8243; _module_preset=&#8221;default&#8221; background_enable_image=&#8221;off&#8221; custom_css_main_element=&#8221;margin:auto;&#8221; global_colors_info=&#8221;{}&#8221;][et_pb_text _builder_version=&#8221;4.21.2&#8243; _module_preset=&#8221;default&#8221; text_font_size=&#8221;0.9vw&#8221; text_line_height=&#8221;1.5em&#8221; header_font=&#8221;|300||on|||||&#8221; header_font_size=&#8221;2.6vw&#8221; header_2_font=&#8221;|300|||||||&#8221; header_2_text_align=&#8221;center&#8221; header_2_font_size=&#8221;2.6vw&#8221; header_2_line_height=&#8221;1.2em&#8221; text_orientation=&#8221;justified&#8221; custom_margin=&#8221;0vw|8vw|0vw|8vw|true|true&#8221; text_font_size_tablet=&#8221;2vw&#8221; text_font_size_phone=&#8221;3vw&#8221; text_font_size_last_edited=&#8221;on|tablet&#8221; header_2_font_size_tablet=&#8221;4vw&#8221; header_2_font_size_phone=&#8221;5vw&#8221; header_2_font_size_last_edited=&#8221;on|phone&#8221; global_colors_info=&#8221;{}&#8221;]<\/p>\n<h2>Marine Liensehoof<\/h2>\n<p>Founder of <a href=\"https:\/\/www.impactful-growth.com\" target=\"_blank\" rel=\"noopener\">impactful-growth.com<\/a>, Marine is a certified life coach. She supports individuals as well as startups and organizations, such as Luminus and ING, in their internal innovation process.<\/p>\n<p>For more than six years, Marine has had a clear objective: &#8220;to enable individuals and teams to develop new skills and tools so that they can build the future they want for themselves, both personally and professionally.<\/p>\n<p>To achieve this, it advocates an entrepreneurial mindset where each individual is responsible for leading the life he or she wants. And she kindly accompanies each person through their journey of rediscovering their full potential.<\/p>\n<p>[\/et_pb_text][\/et_pb_column][\/et_pb_row][et_pb_row column_structure=&#8221;1_2,1_2&#8243; use_custom_gutter=&#8221;on&#8221; gutter_width=&#8221;1&#8243; make_equal=&#8221;on&#8221; admin_label=&#8221;St\u00e9phanie&#8221; module_id=&#8221;AF_Meulemans&#8221; _builder_version=&#8221;4.21.0&#8243; _module_preset=&#8221;default&#8221; width=&#8221;90%&#8221; max_width=&#8221;100%&#8221; custom_padding=&#8221;0px||0px|||&#8221; global_colors_info=&#8221;{}&#8221;][et_pb_column type=&#8221;1_2&#8243; _builder_version=&#8221;4.17.3&#8243; _module_preset=&#8221;default&#8221; background_enable_image=&#8221;off&#8221; global_colors_info=&#8221;{}&#8221;][et_pb_image src=&#8221;https:\/\/rutzu.com\/wp-content\/uploads\/2021\/09\/Photo-Anne-Francoise-1024&#215;1024.jpg&#8221; title_text=&#8221;Anne-Fran\u00e7oise Meulemans&#8221; show_bottom_space=&#8221;off&#8221; align=&#8221;center&#8221; force_fullwidth=&#8221;on&#8221; _builder_version=&#8221;4.21.0&#8243; _module_preset=&#8221;default&#8221; global_colors_info=&#8221;{}&#8221;][\/et_pb_image][\/et_pb_column][et_pb_column type=&#8221;1_2&#8243; _builder_version=&#8221;4.21.0&#8243; _module_preset=&#8221;default&#8221; background_enable_image=&#8221;off&#8221; custom_css_main_element=&#8221;margin:auto;&#8221; global_colors_info=&#8221;{}&#8221;][et_pb_text _builder_version=&#8221;4.21.0&#8243; _module_preset=&#8221;default&#8221; text_font_size=&#8221;0.9vw&#8221; text_line_height=&#8221;1.5em&#8221; header_font=&#8221;|300||on|||||&#8221; header_font_size=&#8221;2.6vw&#8221; header_2_font=&#8221;|300|||||||&#8221; header_2_text_align=&#8221;center&#8221; header_2_font_size=&#8221;2.6vw&#8221; header_2_line_height=&#8221;1.2em&#8221; text_orientation=&#8221;justified&#8221; custom_margin=&#8221;0vw|8vw|0vw|8vw|true|true&#8221; text_font_size_tablet=&#8221;2vw&#8221; text_font_size_phone=&#8221;3vw&#8221; text_font_size_last_edited=&#8221;on|tablet&#8221; header_2_font_size_tablet=&#8221;4vw&#8221; header_2_font_size_phone=&#8221;5vw&#8221; header_2_font_size_last_edited=&#8221;on|phone&#8221; global_colors_info=&#8221;{}&#8221;]<\/p>\n<h2>Anne Fran\u00e7oise Meulemans<\/h2>\n<p>&nbsp;<\/p>\n<div><\/div>\n<div>\n<p>A touch of humor, a zest of rigor and a cloud of benevolence. These are three of the many qualities of this psychotherapist.<\/p>\n<p>As a result of her dual practice as a doctor and therapist, Anne-Fran\u00e7oise has been made aware of various issues, including those relating to education, HP, atypical personalities and the suffering at work of careers and teachers. It is this dual background that has led her to offer conferences and workshops on well-being.<\/p>\n<p>A trainer in continuing education for general practitioners, she also founded CentrEmergences in 2010 (nine centers specializing in therapeutic care spread across Wallonia and Brussels and bringing together around a hundred therapists), as well as E-mergence in 2020, an online therapeutic consultation platform<\/p>\n<p><a href=\"https:\/\/www.centremergences.be\">https:\/\/www.centremergences.be<\/a><\/p>\n<\/div>\n<p>[\/et_pb_text][\/et_pb_column][\/et_pb_row][et_pb_row column_structure=&#8221;1_2,1_2&#8243; use_custom_gutter=&#8221;on&#8221; gutter_width=&#8221;1&#8243; make_equal=&#8221;on&#8221; admin_label=&#8221;Pascal&#8221; module_id=&#8221;Kalyan&#8221; _builder_version=&#8221;4.21.0&#8243; _module_preset=&#8221;default&#8221; width=&#8221;90%&#8221; max_width=&#8221;100%&#8221; custom_padding=&#8221;0px||0px|||&#8221; global_colors_info=&#8221;{}&#8221;][et_pb_column type=&#8221;1_2&#8243; disabled_on=&#8221;off|off|off&#8221; _builder_version=&#8221;4.21.0&#8243; _module_preset=&#8221;default&#8221; background_enable_image=&#8221;off&#8221; background_position=&#8221;top_center&#8221; global_colors_info=&#8221;{}&#8221;][et_pb_image src=&#8221;https:\/\/rutzu.com\/wp-content\/uploads\/2022\/09\/Kalyan-Jot-Girls-do-Yoga-jpg.jpg&#8221; title_text=&#8221;Kalyan Jot &#8211; Girls do Yoga jpg&#8221; show_bottom_space=&#8221;off&#8221; align=&#8221;center&#8221; force_fullwidth=&#8221;on&#8221; disabled_on=&#8221;off|off|off&#8221; _builder_version=&#8221;4.21.0&#8243; _module_preset=&#8221;default&#8221; global_colors_info=&#8221;{}&#8221;][\/et_pb_image][\/et_pb_column][et_pb_column type=&#8221;1_2&#8243; module_id=&#8221;Pascale&#8221; _builder_version=&#8221;4.21.0&#8243; _module_preset=&#8221;default&#8221; background_enable_image=&#8221;off&#8221; custom_css_main_element=&#8221;margin:auto;&#8221; global_colors_info=&#8221;{}&#8221;][et_pb_text _builder_version=&#8221;4.21.2&#8243; _module_preset=&#8221;default&#8221; text_font_size=&#8221;0.9vw&#8221; text_line_height=&#8221;1.5em&#8221; header_font=&#8221;|300||on|||||&#8221; header_font_size=&#8221;2.6vw&#8221; header_2_font=&#8221;|300|||||||&#8221; header_2_text_align=&#8221;center&#8221; header_2_font_size=&#8221;2.6vw&#8221; header_2_line_height=&#8221;1.2em&#8221; text_orientation=&#8221;justified&#8221; custom_margin=&#8221;0vw|8vw|0vw|8vw|true|true&#8221; text_font_size_tablet=&#8221;2vw&#8221; text_font_size_phone=&#8221;3vw&#8221; text_font_size_last_edited=&#8221;on|tablet&#8221; header_2_font_size_tablet=&#8221;4vw&#8221; header_2_font_size_phone=&#8221;5vw&#8221; header_2_font_size_last_edited=&#8221;on|phone&#8221; global_colors_info=&#8221;{}&#8221;]<\/p>\n<h2>Kalyan Jot<\/h2>\n<p>&nbsp;<\/p>\n<div>\n<p>Kalyan is a Yoga teacher, Yogic Therapist and founder of <a href=\"https:\/\/jottijot.com\" target=\"_blank\" rel=\"noopener\">Jottijot<\/a>. Her greatest wish is that yoga can accompany you on your life path and help you feel happy in your daily life. She considers yoga as a fantastic tool to move your body, your energies and your emotions, a tool that allows you to feel good with yourself, and then to feel good with the World.<\/p>\n<p>&nbsp;<\/p>\n<p>Her approach: to release blockages, whether physical, energetic or emotional, while respecting the physiology of your body. Her objective: to make you radiate with love and kindness thanks to meditation and Kundalini Yoga, all with simplicity, because according to her, you don&#8217;t need to do much to feel good.<\/p>\n<\/div>\n<p>[\/et_pb_text][\/et_pb_column][\/et_pb_row][et_pb_row column_structure=&#8221;1_2,1_2&#8243; use_custom_gutter=&#8221;on&#8221; gutter_width=&#8221;1&#8243; make_equal=&#8221;on&#8221; admin_label=&#8221;St\u00e9phanie&#8221; module_id=&#8221;Florence_Piers&#8221; _builder_version=&#8221;4.21.0&#8243; _module_preset=&#8221;default&#8221; width=&#8221;90%&#8221; max_width=&#8221;100%&#8221; min_height=&#8221;496.9px&#8221; custom_padding=&#8221;0px||0px|||&#8221; global_colors_info=&#8221;{}&#8221;][et_pb_column type=&#8221;1_2&#8243; _builder_version=&#8221;4.17.3&#8243; _module_preset=&#8221;default&#8221; background_enable_image=&#8221;off&#8221; background_position=&#8221;top_center&#8221; global_colors_info=&#8221;{}&#8221;][et_pb_image src=&#8221;https:\/\/rutzu.com\/wp-content\/uploads\/2022\/04\/Florence-Piers-1-scaled-1.jpeg&#8221; title_text=&#8221;Florence Piers&#8221; show_bottom_space=&#8221;off&#8221; align=&#8221;center&#8221; force_fullwidth=&#8221;on&#8221; _builder_version=&#8221;4.21.0&#8243; _module_preset=&#8221;default&#8221; global_colors_info=&#8221;{}&#8221;][\/et_pb_image][\/et_pb_column][et_pb_column type=&#8221;1_2&#8243; _builder_version=&#8221;4.21.0&#8243; _module_preset=&#8221;default&#8221; background_enable_image=&#8221;off&#8221; custom_css_main_element=&#8221;margin:auto;&#8221; global_colors_info=&#8221;{}&#8221;][et_pb_text _builder_version=&#8221;4.21.2&#8243; _module_preset=&#8221;default&#8221; text_font_size=&#8221;0.9vw&#8221; text_line_height=&#8221;1.5em&#8221; header_font=&#8221;|300||on|||||&#8221; header_font_size=&#8221;2.6vw&#8221; header_2_font=&#8221;|300|||||||&#8221; header_2_text_align=&#8221;center&#8221; header_2_font_size=&#8221;2.6vw&#8221; header_2_line_height=&#8221;1.2em&#8221; text_orientation=&#8221;justified&#8221; custom_margin=&#8221;0vw|8vw|0vw|8vw|false|true&#8221; text_font_size_tablet=&#8221;2vw&#8221; text_font_size_phone=&#8221;3vw&#8221; text_font_size_last_edited=&#8221;on|tablet&#8221; header_2_font_size_tablet=&#8221;4vw&#8221; header_2_font_size_phone=&#8221;5vw&#8221; header_2_font_size_last_edited=&#8221;on|phone&#8221; global_colors_info=&#8221;{}&#8221;]<\/p>\n<h2>Florence Piers<\/h2>\n<p>&nbsp;<\/p>\n<p>Kinesiologist and certified yoga teacher, Florence was introduced to the practice and philosophy of yoga at the age of 16 before training in India, in Rishikesh.<\/p>\n<p>It is the different energetic approaches of yoga and kinesiology that she integrates into her sessions. Fascinated by the healing power of yoga, she likes to pass on her knowledge, to push people beyond their usual limits, to discover that they are much more than what they think they are. It is not about doing beautiful postures but about living the sacred in each posture.<\/p>\n<p>Through her gentleness, Florence takes you to discover the power of the present moment. Discover patience and acceptance of what happens. We can change the way we see things and Florence will guide you through yoga to the awareness of your infinite capacities.<\/p>\n<p><a href=\"https:\/\/www.florencepiers.com\/\" target=\"_blank\" rel=\"noopener\">www.florencepiers.com<\/a><\/p>\n<p>[\/et_pb_text][\/et_pb_column][\/et_pb_row][et_pb_row column_structure=&#8221;1_2,1_2&#8243; use_custom_gutter=&#8221;on&#8221; gutter_width=&#8221;1&#8243; make_equal=&#8221;on&#8221; admin_label=&#8221;Pascal&#8221; module_id=&#8221;Clarisse&#8221; _builder_version=&#8221;4.21.0&#8243; _module_preset=&#8221;default&#8221; width=&#8221;90%&#8221; max_width=&#8221;100%&#8221; custom_padding=&#8221;0px||0px|||&#8221; global_colors_info=&#8221;{}&#8221;][et_pb_column type=&#8221;1_2&#8243; disabled_on=&#8221;off|off|off&#8221; _builder_version=&#8221;4.21.0&#8243; _module_preset=&#8221;default&#8221; background_enable_image=&#8221;off&#8221; background_position=&#8221;top_center&#8221; global_colors_info=&#8221;{}&#8221;][et_pb_image src=&#8221;https:\/\/rutzu.com\/wp-content\/uploads\/2022\/07\/Clarisse-Ernoux-01-scaled.jpg&#8221; title_text=&#8221;Kalyan Jot &#8211; Girls do Yoga jpg&#8221; show_bottom_space=&#8221;off&#8221; align=&#8221;center&#8221; force_fullwidth=&#8221;on&#8221; disabled_on=&#8221;off|off|off&#8221; _builder_version=&#8221;4.21.0&#8243; _module_preset=&#8221;default&#8221; global_colors_info=&#8221;{}&#8221;][\/et_pb_image][\/et_pb_column][et_pb_column type=&#8221;1_2&#8243; module_id=&#8221;Pascale&#8221; _builder_version=&#8221;4.21.0&#8243; _module_preset=&#8221;default&#8221; background_enable_image=&#8221;off&#8221; custom_css_main_element=&#8221;margin:auto;&#8221; global_colors_info=&#8221;{}&#8221;][et_pb_text _builder_version=&#8221;4.19.5&#8243; _module_preset=&#8221;default&#8221; text_font_size=&#8221;0.9vw&#8221; text_line_height=&#8221;1.5em&#8221; header_font=&#8221;|300||on|||||&#8221; header_font_size=&#8221;2.6vw&#8221; header_2_font=&#8221;|300|||||||&#8221; header_2_text_align=&#8221;center&#8221; header_2_font_size=&#8221;2.6vw&#8221; header_2_line_height=&#8221;1.2em&#8221; text_orientation=&#8221;justified&#8221; custom_margin=&#8221;0vw|8vw|0vw|8vw|true|true&#8221; text_font_size_tablet=&#8221;2vw&#8221; text_font_size_phone=&#8221;3vw&#8221; text_font_size_last_edited=&#8221;on|tablet&#8221; header_2_font_size_tablet=&#8221;4vw&#8221; header_2_font_size_phone=&#8221;5vw&#8221; header_2_font_size_last_edited=&#8221;on|phone&#8221; global_colors_info=&#8221;{}&#8221;]<\/p>\n<h2>Clarisse Ernoux<\/h2>\n<p>&nbsp;<\/p>\n<div>\n<p>Clarisse is a Yoga Alliance certified hatha and vinyasa yoga teacher and has been practicing this discipline since the age of 17. Passionate and an eternal student, she trains all over the world in order to offer you the best and most varied yoga classes. She combines flexibility, stretching and muscular strengthening by combining Yoga and Pilates exercises; to help you release and relieve tension through movement, breathing and sound.<\/p>\n<p>More than a physical practice, yoga is a philosophy, a spiritual science and a lifestyle. It is a complete discipline that includes all areas of life. What is she looking for? To give you the keys to understand the principles of this physical and spiritual practice in order to integrate them into your daily life.<\/p>\n<\/div>\n<p>[\/et_pb_text][\/et_pb_column][\/et_pb_row][et_pb_row column_structure=&#8221;1_2,1_2&#8243; use_custom_gutter=&#8221;on&#8221; gutter_width=&#8221;1&#8243; make_equal=&#8221;on&#8221; admin_label=&#8221;St\u00e9phanie&#8221; module_id=&#8221;Floriane&#8221; _builder_version=&#8221;4.21.0&#8243; _module_preset=&#8221;default&#8221; width=&#8221;90%&#8221; max_width=&#8221;100%&#8221; min_height=&#8221;496.9px&#8221; custom_padding=&#8221;0px||0px|||&#8221; global_colors_info=&#8221;{}&#8221;][et_pb_column type=&#8221;1_2&#8243; _builder_version=&#8221;4.17.3&#8243; _module_preset=&#8221;default&#8221; background_enable_image=&#8221;off&#8221; background_position=&#8221;top_center&#8221; global_colors_info=&#8221;{}&#8221;][et_pb_image src=&#8221;https:\/\/rutzu.com\/wp-content\/uploads\/2022\/07\/Floriane-DESPIS.jpg&#8221; title_text=&#8221;Florence Piers&#8221; show_bottom_space=&#8221;off&#8221; align=&#8221;center&#8221; force_fullwidth=&#8221;on&#8221; _builder_version=&#8221;4.21.0&#8243; _module_preset=&#8221;default&#8221; global_colors_info=&#8221;{}&#8221;][\/et_pb_image][\/et_pb_column][et_pb_column type=&#8221;1_2&#8243; _builder_version=&#8221;4.21.0&#8243; _module_preset=&#8221;default&#8221; background_enable_image=&#8221;off&#8221; custom_css_main_element=&#8221;margin:auto;&#8221; global_colors_info=&#8221;{}&#8221;][et_pb_text _builder_version=&#8221;4.19.5&#8243; _module_preset=&#8221;default&#8221; text_font_size=&#8221;0.9vw&#8221; text_line_height=&#8221;1.5em&#8221; header_font=&#8221;|300||on|||||&#8221; header_font_size=&#8221;2.6vw&#8221; header_2_font=&#8221;|300|||||||&#8221; header_2_text_align=&#8221;center&#8221; header_2_font_size=&#8221;2.6vw&#8221; header_2_line_height=&#8221;1.2em&#8221; text_orientation=&#8221;justified&#8221; custom_margin=&#8221;0vw|8vw|0vw|8vw|true|true&#8221; text_font_size_tablet=&#8221;2vw&#8221; text_font_size_phone=&#8221;3vw&#8221; text_font_size_last_edited=&#8221;on|tablet&#8221; header_2_font_size_tablet=&#8221;4vw&#8221; header_2_font_size_phone=&#8221;5vw&#8221; header_2_font_size_last_edited=&#8221;on|phone&#8221; global_colors_info=&#8221;{}&#8221;]<\/p>\n<h2>Floriane Despis<\/h2>\n<p>&nbsp;<\/p>\n<p>Numerologist and Holistic therapist, Floriane helps people to know themselves better thanks to different tools, including Numerology. Numerology is a science of numbers based on calculations made from the date of birth, the first names and the family name. We can perceive it as a compass that reinforces our direction. Its holistic approach considers all the dimensions of the being (physical, mental, emotional and spiritual) to enter the dimension of the soul. To be in touch with oneself to better understand our reactions, our emotions, our conscious or unconscious behaviors while being in listening, respecting, trusting and loving oneself thanks to Numerology which allows us to discover our full potential of accomplishment.<\/p>\n<p>Our soul has come for a precise reason and will do everything to achieve it. We have always embodied our life mission without really being aware of it. Floriane at the flower of the soul, at the flower of the souls she meets&#8230;<\/p>\n<p>[\/et_pb_text][\/et_pb_column][\/et_pb_row][et_pb_row column_structure=&#8221;1_2,1_2&#8243; use_custom_gutter=&#8221;on&#8221; gutter_width=&#8221;1&#8243; make_equal=&#8221;on&#8221; disabled_on=&#8221;on|on|on&#8221; admin_label=&#8221;Pascal&#8221; module_id=&#8221;Alice&#8221; _builder_version=&#8221;4.21.0&#8243; _module_preset=&#8221;default&#8221; width=&#8221;90%&#8221; max_width=&#8221;100%&#8221; custom_padding=&#8221;0px||0px|||&#8221; disabled=&#8221;on&#8221; global_colors_info=&#8221;{}&#8221;][et_pb_column type=&#8221;1_2&#8243; disabled_on=&#8221;off|off|off&#8221; _builder_version=&#8221;4.21.0&#8243; _module_preset=&#8221;default&#8221; background_enable_image=&#8221;off&#8221; background_position=&#8221;top_center&#8221; global_colors_info=&#8221;{}&#8221;][et_pb_image src=&#8221;https:\/\/rutzu.com\/wp-content\/uploads\/2022\/07\/Alice-1-carre\u0301.jpeg&#8221; title_text=&#8221;Kalyan Jot &#8211; Girls do Yoga jpg&#8221; show_bottom_space=&#8221;off&#8221; align=&#8221;center&#8221; force_fullwidth=&#8221;on&#8221; disabled_on=&#8221;off|off|off&#8221; _builder_version=&#8221;4.21.0&#8243; _module_preset=&#8221;default&#8221; global_colors_info=&#8221;{}&#8221;][\/et_pb_image][\/et_pb_column][et_pb_column type=&#8221;1_2&#8243; module_id=&#8221;Pascale&#8221; _builder_version=&#8221;4.21.0&#8243; _module_preset=&#8221;default&#8221; background_enable_image=&#8221;off&#8221; custom_css_main_element=&#8221;margin:auto;&#8221; global_colors_info=&#8221;{}&#8221;][et_pb_text _builder_version=&#8221;4.19.5&#8243; _module_preset=&#8221;default&#8221; text_font_size=&#8221;0.9vw&#8221; text_line_height=&#8221;1.5em&#8221; header_font=&#8221;|300||on|||||&#8221; header_font_size=&#8221;2.6vw&#8221; header_2_font=&#8221;|300|||||||&#8221; header_2_text_align=&#8221;center&#8221; header_2_font_size=&#8221;2.6vw&#8221; header_2_line_height=&#8221;1.2em&#8221; text_orientation=&#8221;justified&#8221; custom_margin=&#8221;0vw|8vw|0vw|8vw|true|true&#8221; text_font_size_tablet=&#8221;2vw&#8221; text_font_size_phone=&#8221;3vw&#8221; text_font_size_last_edited=&#8221;on|tablet&#8221; header_2_font_size_tablet=&#8221;4vw&#8221; header_2_font_size_phone=&#8221;5vw&#8221; header_2_font_size_last_edited=&#8221;on|phone&#8221; global_colors_info=&#8221;{}&#8221;]<\/p>\n<h2>Alice Pilate<\/h2>\n<p>&nbsp;<\/p>\n<div>\n<p>Alice was born in Paris and grew up in the north of France. At the age of twenty, she moved to the other side of the world, to Australia, and settled in Sydney for over 3 years. It was there that she first explored the practice of Pilates at a deeper level. Immersed in the rich Pilates culture, she has devoted herself to it body and soul.<\/p>\n<p>In January 2020, she continued her training by enrolling in the Pilates reformer teacher training course at the Body Mind Life studio. It is surrounded by experienced teachers that she acquires a deep understanding of the human body and its movements. where experienced teachers shared their knowledge to teach Pilates reformer, with a deep understanding of human movement and Pilates reformer techniques.<\/p>\n<\/div>\n<p>[\/et_pb_text][\/et_pb_column][\/et_pb_row][et_pb_row column_structure=&#8221;1_2,1_2&#8243; use_custom_gutter=&#8221;on&#8221; gutter_width=&#8221;1&#8243; make_equal=&#8221;on&#8221; admin_label=&#8221;St\u00e9phanie&#8221; module_id=&#8221;Victoria&#8221; _builder_version=&#8221;4.21.0&#8243; _module_preset=&#8221;default&#8221; width=&#8221;90%&#8221; max_width=&#8221;100%&#8221; min_height=&#8221;496.9px&#8221; custom_padding=&#8221;0px||0px|||&#8221; global_colors_info=&#8221;{}&#8221;][et_pb_column type=&#8221;1_2&#8243; _builder_version=&#8221;4.17.3&#8243; _module_preset=&#8221;default&#8221; background_enable_image=&#8221;off&#8221; background_position=&#8221;top_center&#8221; global_colors_info=&#8221;{}&#8221;][et_pb_image src=&#8221;https:\/\/rutzu.com\/wp-content\/uploads\/2022\/08\/Victoria-Bardiau-copie-scaled.jpeg&#8221; title_text=&#8221;Florence Piers&#8221; show_bottom_space=&#8221;off&#8221; align=&#8221;center&#8221; force_fullwidth=&#8221;on&#8221; _builder_version=&#8221;4.21.0&#8243; _module_preset=&#8221;default&#8221; global_colors_info=&#8221;{}&#8221;][\/et_pb_image][\/et_pb_column][et_pb_column type=&#8221;1_2&#8243; _builder_version=&#8221;4.21.0&#8243; _module_preset=&#8221;default&#8221; background_enable_image=&#8221;off&#8221; custom_css_main_element=&#8221;margin:auto;&#8221; global_colors_info=&#8221;{}&#8221;][et_pb_text _builder_version=&#8221;4.21.0&#8243; _module_preset=&#8221;default&#8221; text_font_size=&#8221;0.9vw&#8221; text_line_height=&#8221;1.5em&#8221; header_font=&#8221;|300||on|||||&#8221; header_font_size=&#8221;2.6vw&#8221; header_2_font=&#8221;|300|||||||&#8221; header_2_text_align=&#8221;center&#8221; header_2_font_size=&#8221;2.6vw&#8221; header_2_line_height=&#8221;1.2em&#8221; text_orientation=&#8221;justified&#8221; custom_margin=&#8221;0vw|8vw|0vw|8vw|true|true&#8221; text_font_size_tablet=&#8221;2vw&#8221; text_font_size_phone=&#8221;3vw&#8221; text_font_size_last_edited=&#8221;on|tablet&#8221; header_2_font_size_tablet=&#8221;4vw&#8221; header_2_font_size_phone=&#8221;5vw&#8221; header_2_font_size_last_edited=&#8221;on|phone&#8221; global_colors_info=&#8221;{}&#8221;]<\/p>\n<h2>Victoria Bardiau<\/h2>\n<p>&nbsp;<\/p>\n<p>Victoria, 32 years old, is a yoga teacher and entrepreneur. She discovered yoga in 2015 and has been teaching it since 2017, after a first yoga teacher training of Ashtanga Vinyasa Yoga, among others at Yoga Room and Animo in Brussels. She specializes in vinyasa and hot yoga. In 2020 she will launch her own brand of planet friendly yoga accessories and in 2021 her online yoga studio.<\/p>\n<p>[\/et_pb_text][\/et_pb_column][\/et_pb_row][et_pb_row column_structure=&#8221;1_2,1_2&#8243; use_custom_gutter=&#8221;on&#8221; gutter_width=&#8221;1&#8243; make_equal=&#8221;on&#8221; disabled_on=&#8221;on|on|on&#8221; admin_label=&#8221;Pascal&#8221; module_id=&#8221;Lisa&#8221; _builder_version=&#8221;4.21.0&#8243; _module_preset=&#8221;default&#8221; width=&#8221;90%&#8221; max_width=&#8221;100%&#8221; custom_padding=&#8221;0px||0px|||&#8221; disabled=&#8221;on&#8221; global_colors_info=&#8221;{}&#8221;][et_pb_column type=&#8221;1_2&#8243; disabled_on=&#8221;off|off|off&#8221; _builder_version=&#8221;4.21.0&#8243; _module_preset=&#8221;default&#8221; background_enable_image=&#8221;off&#8221; background_position=&#8221;top_center&#8221; global_colors_info=&#8221;{}&#8221;][et_pb_image src=&#8221;https:\/\/rutzu.com\/wp-content\/uploads\/2022\/11\/B81B6EC5-AA54-4BA8-A575-BFC6C1B260FC_1_105_c.jpeg&#8221; alt=&#8221;YLA&#8221; title_text=&#8221;Lisa Donnadieu&#8221; show_bottom_space=&#8221;off&#8221; align=&#8221;center&#8221; force_fullwidth=&#8221;on&#8221; disabled_on=&#8221;off|off|off&#8221; _builder_version=&#8221;4.21.0&#8243; _module_preset=&#8221;default&#8221; global_colors_info=&#8221;{}&#8221;][\/et_pb_image][\/et_pb_column][et_pb_column type=&#8221;1_2&#8243; module_id=&#8221;Pascale&#8221; _builder_version=&#8221;4.21.0&#8243; _module_preset=&#8221;default&#8221; background_enable_image=&#8221;off&#8221; custom_css_main_element=&#8221;margin:auto;&#8221; global_colors_info=&#8221;{}&#8221;][et_pb_text _builder_version=&#8221;4.19.5&#8243; _module_preset=&#8221;default&#8221; text_font_size=&#8221;0.9vw&#8221; text_line_height=&#8221;1.5em&#8221; header_font=&#8221;|300||on|||||&#8221; header_font_size=&#8221;2.6vw&#8221; header_2_font=&#8221;|300|||||||&#8221; header_2_text_align=&#8221;center&#8221; header_2_font_size=&#8221;2.6vw&#8221; header_2_line_height=&#8221;1.2em&#8221; text_orientation=&#8221;justified&#8221; custom_margin=&#8221;0vw|8vw|0vw|8vw|true|true&#8221; text_font_size_tablet=&#8221;2vw&#8221; text_font_size_phone=&#8221;3vw&#8221; text_font_size_last_edited=&#8221;on|tablet&#8221; header_2_font_size_tablet=&#8221;4vw&#8221; header_2_font_size_phone=&#8221;5vw&#8221; header_2_font_size_last_edited=&#8221;on|phone&#8221; global_colors_info=&#8221;{}&#8221;]<\/p>\n<h2>Lisa Donnadieu<\/h2>\n<p>&nbsp;<\/p>\n<div>\n<p>In 2012, after ten years of classical dance, Lisa started yoga in New York. She discovered for the first time a dynamic practice where she pushed herself with kindness.<\/p>\n<p>For four years, she lived and practiced in New York, Portland and Melbourne, exploring the multiple facets of yoga and building her own method.<\/p>\n<p>Convinced of the benefits of the practice on the subtle and energetic body, she trained in Vinyasa in 2016 in New York and then in Ashtanga Yoga in Mysore. An eternal student, she continues to train every year in India, the cradle of yoga.<\/p>\n<p>Lisa is a certified E-RYT 500 Yoga Alliance teacher. 200h Vinyasa Yoga in New-York, 300h Ashtanga Vinyasa in Mysore (India), more than 2000h of teaching for 6 years.<\/p>\n<\/div>\n<p>[\/et_pb_text][\/et_pb_column][\/et_pb_row][et_pb_row column_structure=&#8221;1_2,1_2&#8243; use_custom_gutter=&#8221;on&#8221; gutter_width=&#8221;1&#8243; make_equal=&#8221;on&#8221; admin_label=&#8221;aur\u00e9lie&#8221; module_id=&#8221;Aurelie&#8221; _builder_version=&#8221;4.21.0&#8243; _module_preset=&#8221;default&#8221; width=&#8221;90%&#8221; max_width=&#8221;100%&#8221; min_height=&#8221;496.9px&#8221; custom_padding=&#8221;0px||0px|||&#8221; global_colors_info=&#8221;{}&#8221;][et_pb_column type=&#8221;1_2&#8243; _builder_version=&#8221;4.17.3&#8243; _module_preset=&#8221;default&#8221; background_enable_image=&#8221;off&#8221; background_position=&#8221;top_center&#8221; global_colors_info=&#8221;{}&#8221;][et_pb_image src=&#8221;https:\/\/rutzu.com\/wp-content\/uploads\/2022\/12\/C32727DC-FCCF-4D42-A0A0-B4DEA111A13C_1_201_a.jpeg&#8221; title_text=&#8221;Aur\u00e9lie Glorieux&#8221; show_bottom_space=&#8221;off&#8221; align=&#8221;center&#8221; force_fullwidth=&#8221;on&#8221; _builder_version=&#8221;4.21.0&#8243; _module_preset=&#8221;default&#8221; global_colors_info=&#8221;{}&#8221;][\/et_pb_image][\/et_pb_column][et_pb_column type=&#8221;1_2&#8243; _builder_version=&#8221;4.21.0&#8243; _module_preset=&#8221;default&#8221; background_enable_image=&#8221;off&#8221; custom_css_main_element=&#8221;margin:auto;&#8221; global_colors_info=&#8221;{}&#8221;][et_pb_text module_id=&#8221;Aurelie&#8221; _builder_version=&#8221;4.21.2&#8243; _module_preset=&#8221;default&#8221; text_font_size=&#8221;0.9vw&#8221; text_line_height=&#8221;1.5em&#8221; header_font=&#8221;|300||on|||||&#8221; header_font_size=&#8221;2.6vw&#8221; header_2_font=&#8221;|300|||||||&#8221; header_2_text_align=&#8221;center&#8221; header_2_font_size=&#8221;2.6vw&#8221; header_2_line_height=&#8221;1.2em&#8221; text_orientation=&#8221;justified&#8221; custom_margin=&#8221;0vw|8vw|0vw|8vw|true|true&#8221; text_font_size_tablet=&#8221;2vw&#8221; text_font_size_phone=&#8221;3vw&#8221; text_font_size_last_edited=&#8221;on|tablet&#8221; header_2_font_size_tablet=&#8221;4vw&#8221; header_2_font_size_phone=&#8221;5vw&#8221; header_2_font_size_last_edited=&#8221;on|phone&#8221; global_colors_info=&#8221;{}&#8221;]<\/p>\n<h2>Aur\u00e9lie Glorieux<\/h2>\n<p>&nbsp;<\/p>\n<p>Aur\u00e9lie Glorieux is a trained kinesiologist and founder of <a href=\"https:\/\/greatfulkitchen.com\/\" target=\"_blank\" rel=\"noopener\">Greatful Kitchen<\/a>. She is passionate about energy, yoga and nutrition. Specializing in Vibrant Food and Detox, she approaches wellness in a holistic way. For her, it is important to treat the physical, mental, emotional and energetic body while maximizing the pleasures.<\/p>\n<p>Aur\u00e9lie shares her philosophy of life and her passion for rejuvenating recipes in cooking classes, online coaching and yoga retreats that she organizes around the world.<\/p>\n<p>[\/et_pb_text][\/et_pb_column][\/et_pb_row][et_pb_row column_structure=&#8221;1_2,1_2&#8243; use_custom_gutter=&#8221;on&#8221; gutter_width=&#8221;1&#8243; make_equal=&#8221;on&#8221; admin_label=&#8221;bruno&#8221; module_id=&#8221;Bruno&#8221; _builder_version=&#8221;4.21.0&#8243; _module_preset=&#8221;default&#8221; width=&#8221;90%&#8221; max_width=&#8221;100%&#8221; custom_padding=&#8221;0px||0px|||&#8221; global_colors_info=&#8221;{}&#8221;][et_pb_column type=&#8221;1_2&#8243; disabled_on=&#8221;off|off|off&#8221; _builder_version=&#8221;4.21.0&#8243; _module_preset=&#8221;default&#8221; background_enable_image=&#8221;off&#8221; background_position=&#8221;top_center&#8221; global_colors_info=&#8221;{}&#8221;][et_pb_image src=&#8221;https:\/\/rutzu.com\/wp-content\/uploads\/2023\/01\/Bruno-Wattenbergh.jpeg&#8221; title_text=&#8221;Bruno Wattenbergh&#8221; show_bottom_space=&#8221;off&#8221; align=&#8221;center&#8221; force_fullwidth=&#8221;on&#8221; disabled_on=&#8221;off|off|off&#8221; _builder_version=&#8221;4.21.0&#8243; _module_preset=&#8221;default&#8221; global_colors_info=&#8221;{}&#8221;][\/et_pb_image][\/et_pb_column][et_pb_column type=&#8221;1_2&#8243; module_id=&#8221;Pascale&#8221; _builder_version=&#8221;4.21.0&#8243; _module_preset=&#8221;default&#8221; background_enable_image=&#8221;off&#8221; custom_css_main_element=&#8221;margin:auto;&#8221; global_colors_info=&#8221;{}&#8221;][et_pb_text _builder_version=&#8221;4.21.0&#8243; _module_preset=&#8221;default&#8221; text_font_size=&#8221;0.9vw&#8221; text_line_height=&#8221;1.5em&#8221; header_font=&#8221;|300||on|||||&#8221; header_font_size=&#8221;2.6vw&#8221; header_2_font=&#8221;|300|||||||&#8221; header_2_text_align=&#8221;center&#8221; header_2_font_size=&#8221;2.6vw&#8221; header_2_line_height=&#8221;1.2em&#8221; text_orientation=&#8221;justified&#8221; custom_margin=&#8221;0vw|8vw|0vw|8vw|false|true&#8221; text_font_size_tablet=&#8221;2vw&#8221; text_font_size_phone=&#8221;3vw&#8221; text_font_size_last_edited=&#8221;on|tablet&#8221; header_2_font_size_tablet=&#8221;4vw&#8221; header_2_font_size_phone=&#8221;5vw&#8221; header_2_font_size_last_edited=&#8221;on|phone&#8221; global_colors_info=&#8221;{}&#8221;]<\/p>\n<h2>Bruno Wattenbergh<\/h2>\n<p>&nbsp;<\/p>\n<div>\n<p>Bruno Wattenbergh combines the functions of an expert in strategy, innovation and entrepreneurship with those of a professor and economic columnist. With 25 years of experience working with startups, large companies and public institutions, he is currently Senior Advisor and Innovation Ambassador at EY, Professor at the Solvay Brussels School of Economics &amp; Management and economic expert on the 24-hour news channel LN24, where he hosts the weekly program &#8220;Les Acteurs de l&#8217;Eco&#8221;.<\/p>\n<p>Many Belgian startups have benefited from Bruno Wattenbergh&#8217;s assistance, coaching or business model and pitch courses, such as Real Impact Analysis, Title Films, Domobyos, Matin Blanc, CV Trust, Deauty, Simone a soif, Tale Me, etc.)<\/p>\n<p>Bruno Wattenbergh studied in Belgium (EU, ULB &amp; ICHEC), in the Netherlands (MBA in innovation and entrepreneurship at TiasNimbas, a partnership between Tilburg University and Tu Eindhoven) as well as in the United States at MIT Sloan (Entrepreneurship, Innovation, Strategy and Globalization) and at Harvard Business School (Advanced Management Program) where he received the HBS Rectors&#8217; Scholarship.<\/p>\n<\/div>\n<p>[\/et_pb_text][\/et_pb_column][\/et_pb_row][et_pb_row column_structure=&#8221;1_2,1_2&#8243; use_custom_gutter=&#8221;on&#8221; gutter_width=&#8221;1&#8243; make_equal=&#8221;on&#8221; admin_label=&#8221;hege&#8221; module_id=&#8221;Hege&#8221; _builder_version=&#8221;4.21.0&#8243; _module_preset=&#8221;default&#8221; width=&#8221;90%&#8221; max_width=&#8221;100%&#8221; min_height=&#8221;496.9px&#8221; custom_padding=&#8221;0px||0px|||&#8221; global_colors_info=&#8221;{}&#8221;][et_pb_column type=&#8221;1_2&#8243; _builder_version=&#8221;4.17.3&#8243; _module_preset=&#8221;default&#8221; background_enable_image=&#8221;off&#8221; background_position=&#8221;top_center&#8221; global_colors_info=&#8221;{}&#8221;][et_pb_image src=&#8221;https:\/\/rutzu.com\/wp-content\/uploads\/2023\/01\/BE34DCD7-D3CB-47B4-A7DE-858EC9903C61_1_201_a-scaled.jpeg&#8221; title_text=&#8221;Aur\u00e9lie Glorieux&#8221; show_bottom_space=&#8221;off&#8221; align=&#8221;center&#8221; force_fullwidth=&#8221;on&#8221; _builder_version=&#8221;4.21.0&#8243; _module_preset=&#8221;default&#8221; global_colors_info=&#8221;{}&#8221;][\/et_pb_image][\/et_pb_column][et_pb_column type=&#8221;1_2&#8243; _builder_version=&#8221;4.21.0&#8243; _module_preset=&#8221;default&#8221; background_enable_image=&#8221;off&#8221; custom_css_main_element=&#8221;margin:auto;&#8221; global_colors_info=&#8221;{}&#8221;][et_pb_text _builder_version=&#8221;4.20.1&#8243; _module_preset=&#8221;default&#8221; text_font_size=&#8221;0.9vw&#8221; text_line_height=&#8221;1.5em&#8221; header_font=&#8221;|300||on|||||&#8221; header_font_size=&#8221;2.6vw&#8221; header_2_font=&#8221;|300|||||||&#8221; header_2_text_align=&#8221;center&#8221; header_2_font_size=&#8221;2.6vw&#8221; header_2_line_height=&#8221;1.2em&#8221; text_orientation=&#8221;justified&#8221; custom_margin=&#8221;0vw|8vw|0vw|8vw|false|true&#8221; text_font_size_tablet=&#8221;2vw&#8221; text_font_size_phone=&#8221;3vw&#8221; text_font_size_last_edited=&#8221;on|tablet&#8221; header_2_font_size_tablet=&#8221;4vw&#8221; header_2_font_size_phone=&#8221;5vw&#8221; header_2_font_size_last_edited=&#8221;on|phone&#8221; global_colors_info=&#8221;{}&#8221;]<\/p>\n<h2>\u200bHEGE HORNVEDT<\/h2>\n<p>&nbsp;<\/p>\n<p>Hege has been practicing yoga since 2008 and has been teaching more than 3000 hours over the last 7 years.<\/p>\n<p>She did her yoga certification and teacher training in south of India.<\/p>\n<p>Since her certification, she has participated in many different courses and retreats in Norway and abroad.<\/p>\n<p>Teaching is a passion. That\u2019s the reason why she has studied different yoga styles and always adapt her practice to where she\u2019s physically and emotionally in life.<\/p>\n<p>For her, yoga is all about learning to listen to our body and feel everything from the inside. It permits a deeper understanding of who we are and how our body reflects it.<\/p>\n<p>[\/et_pb_text][\/et_pb_column][\/et_pb_row][et_pb_row column_structure=&#8221;1_2,1_2&#8243; use_custom_gutter=&#8221;on&#8221; gutter_width=&#8221;1&#8243; make_equal=&#8221;on&#8221; admin_label=&#8221;lauren&#8221; module_id=&#8221;Lauren&#8221; _builder_version=&#8221;4.21.0&#8243; _module_preset=&#8221;default&#8221; width=&#8221;90%&#8221; max_width=&#8221;100%&#8221; custom_padding=&#8221;0px||0px|||&#8221; global_colors_info=&#8221;{}&#8221;][et_pb_column type=&#8221;1_2&#8243; disabled_on=&#8221;off|off|off&#8221; _builder_version=&#8221;4.21.0&#8243; _module_preset=&#8221;default&#8221; background_enable_image=&#8221;off&#8221; background_position=&#8221;top_center&#8221; global_colors_info=&#8221;{}&#8221;][et_pb_image src=&#8221;https:\/\/rutzu.com\/wp-content\/uploads\/2023\/02\/C0B54F2A-BBD3-4279-9772-A1FB8B7336EF_1_201_a.jpeg&#8221; title_text=&#8221;Bruno Wattenbergh&#8221; show_bottom_space=&#8221;off&#8221; align=&#8221;center&#8221; force_fullwidth=&#8221;on&#8221; disabled_on=&#8221;off|off|off&#8221; _builder_version=&#8221;4.21.0&#8243; _module_preset=&#8221;default&#8221; global_colors_info=&#8221;{}&#8221;][\/et_pb_image][\/et_pb_column][et_pb_column type=&#8221;1_2&#8243; module_id=&#8221;Pascale&#8221; _builder_version=&#8221;4.21.0&#8243; _module_preset=&#8221;default&#8221; background_enable_image=&#8221;off&#8221; custom_css_main_element=&#8221;margin:auto;&#8221; global_colors_info=&#8221;{}&#8221;][et_pb_text _builder_version=&#8221;4.21.2&#8243; _module_preset=&#8221;default&#8221; text_font_size=&#8221;0.9vw&#8221; text_line_height=&#8221;1.5em&#8221; header_font=&#8221;|300||on|||||&#8221; header_font_size=&#8221;2.6vw&#8221; header_2_font=&#8221;|300|||||||&#8221; header_2_text_align=&#8221;center&#8221; header_2_font_size=&#8221;2.6vw&#8221; header_2_line_height=&#8221;1.2em&#8221; text_orientation=&#8221;justified&#8221; custom_margin=&#8221;0vw|8vw|0vw|8vw|true|true&#8221; text_font_size_tablet=&#8221;2vw&#8221; text_font_size_phone=&#8221;3vw&#8221; text_font_size_last_edited=&#8221;on|tablet&#8221; header_2_font_size_tablet=&#8221;4vw&#8221; header_2_font_size_phone=&#8221;5vw&#8221; header_2_font_size_last_edited=&#8221;on|phone&#8221; global_colors_info=&#8221;{}&#8221;]<\/p>\n<h2>LAUREN LOVATT<\/h2>\n<p>&nbsp;<\/p>\n<div>\n<p>Lauren Lovatt is a plant-based chef and entrepreneur. She is the founder of the <strong>Plant Academy<\/strong> in London and the woman behind <strong>MIND FOOD<\/strong>, a project dedicated to delicious food specifically designed to feed your mind.<\/p>\n<p>Early on in her career, Lauren was invited to join the team as Chef Creative for the aspirational vegan restaurant, <strong>Asparagasm<\/strong>, which led her to host her own plant-based pop-up nights for some years; from these experiences, she has a wealth of experience developing recipes, writing menus and creating events.<\/p>\n<p>Now teaching worldwide from Bali to Barcelona, her passion lies in sharing and inspiring knowledge for plant-based food.<\/p>\n<\/div>\n<p>[\/et_pb_text][\/et_pb_column][\/et_pb_row][et_pb_row column_structure=&#8221;1_2,1_2&#8243; use_custom_gutter=&#8221;on&#8221; gutter_width=&#8221;1&#8243; make_equal=&#8221;on&#8221; admin_label=&#8221;lauren&#8221; module_id=&#8221;Amy&#8221; _builder_version=&#8221;4.21.0&#8243; _module_preset=&#8221;default&#8221; width=&#8221;90%&#8221; max_width=&#8221;100%&#8221; custom_padding=&#8221;0px||0px|||&#8221; global_colors_info=&#8221;{}&#8221;][et_pb_column type=&#8221;1_2&#8243; disabled_on=&#8221;off|off|off&#8221; _builder_version=&#8221;4.21.0&#8243; _module_preset=&#8221;default&#8221; background_enable_image=&#8221;off&#8221; background_position=&#8221;top_center&#8221; global_colors_info=&#8221;{}&#8221;][et_pb_image src=&#8221;https:\/\/rutzu.com\/wp-content\/uploads\/2024\/01\/Pauline-Laumond-Tiny-scaled.jpeg&#8221; title_text=&#8221;Pauline Laumond&#8221; show_bottom_space=&#8221;off&#8221; align=&#8221;center&#8221; force_fullwidth=&#8221;on&#8221; disabled_on=&#8221;off|off|off&#8221; _builder_version=&#8221;4.24.2&#8243; _module_preset=&#8221;default&#8221; global_colors_info=&#8221;{}&#8221;][\/et_pb_image][\/et_pb_column][et_pb_column type=&#8221;1_2&#8243; module_id=&#8221;Pascale&#8221; _builder_version=&#8221;4.21.0&#8243; _module_preset=&#8221;default&#8221; background_enable_image=&#8221;off&#8221; custom_css_main_element=&#8221;margin:auto;&#8221; global_colors_info=&#8221;{}&#8221;][et_pb_text _builder_version=&#8221;4.24.2&#8243; _module_preset=&#8221;default&#8221; text_font_size=&#8221;0.9vw&#8221; text_line_height=&#8221;1.5em&#8221; header_font=&#8221;|300||on|||||&#8221; header_font_size=&#8221;2.6vw&#8221; header_2_font=&#8221;|300|||||||&#8221; header_2_text_align=&#8221;center&#8221; header_2_font_size=&#8221;2.6vw&#8221; header_2_line_height=&#8221;1.2em&#8221; text_orientation=&#8221;justified&#8221; custom_margin=&#8221;0vw|8vw|0vw|8vw|true|true&#8221; text_font_size_tablet=&#8221;2vw&#8221; text_font_size_phone=&#8221;3vw&#8221; text_font_size_last_edited=&#8221;on|tablet&#8221; header_2_font_size_tablet=&#8221;4vw&#8221; header_2_font_size_phone=&#8221;5vw&#8221; header_2_font_size_last_edited=&#8221;on|phone&#8221; global_colors_info=&#8221;{}&#8221;]<\/p>\n<h2>PAULINE LAUMOND<\/h2>\n<p class=\"p1\">Pauline is an Ashtanga and Vinyasa teacher in Paris. She is certified Level 2 by the Sharath Yoga Center of Mysore (SYC) (South India, Karnataka).<\/p>\n<p class=\"p1\">Fascinated by the discipline and language of bodies in movement, Pauline discovered yoga in 2010, and Ashtanga quickly became her daily practice.<\/p>\n<p class=\"p1\">In December 2022, Pauline received permission from Sharath Jois to teach Ashtanga Yoga in the traditional way as taught at the Mysore SYC. In September 2023, she opened her own Mysore program in Paris, at Yoga village Batignolles in the 17th arrondissement.<\/p>\n<p class=\"p1\">Since then, Pauline has continued to immerse herself with her Indian master, perfecting her teaching and practice.<\/p>\n<p>[\/et_pb_text][\/et_pb_column][\/et_pb_row][et_pb_row column_structure=&#8221;1_2,1_2&#8243; use_custom_gutter=&#8221;on&#8221; gutter_width=&#8221;1&#8243; make_equal=&#8221;on&#8221; admin_label=&#8221;lauren&#8221; module_id=&#8221;Saara&#8221; _builder_version=&#8221;4.26.0&#8243; _module_preset=&#8221;default&#8221; width=&#8221;90%&#8221; max_width=&#8221;100%&#8221; custom_padding=&#8221;0px||0px|||&#8221; global_colors_info=&#8221;{}&#8221;][et_pb_column type=&#8221;1_2&#8243; disabled_on=&#8221;off|off|off&#8221; _builder_version=&#8221;4.21.0&#8243; _module_preset=&#8221;default&#8221; background_enable_image=&#8221;off&#8221; background_position=&#8221;top_center&#8221; global_colors_info=&#8221;{}&#8221;][et_pb_image src=&#8221;https:\/\/rutzu.com\/wp-content\/uploads\/2024\/07\/6BDC5929-D147-4961-820B-220216AE9827_1_201_a.jpeg&#8221; title_text=&#8221;Saara Lindbohm&#8221; show_bottom_space=&#8221;off&#8221; align=&#8221;center&#8221; force_fullwidth=&#8221;on&#8221; disabled_on=&#8221;off|off|off&#8221; _builder_version=&#8221;4.26.0&#8243; _module_preset=&#8221;default&#8221; global_colors_info=&#8221;{}&#8221;][\/et_pb_image][\/et_pb_column][et_pb_column type=&#8221;1_2&#8243; module_id=&#8221;Pascale&#8221; _builder_version=&#8221;4.21.0&#8243; _module_preset=&#8221;default&#8221; background_enable_image=&#8221;off&#8221; custom_css_main_element=&#8221;margin:auto;&#8221; global_colors_info=&#8221;{}&#8221;][et_pb_text _builder_version=&#8221;4.26.0&#8243; _module_preset=&#8221;default&#8221; text_font_size=&#8221;0.9vw&#8221; text_line_height=&#8221;1.5em&#8221; header_font=&#8221;|300||on|||||&#8221; header_font_size=&#8221;2.6vw&#8221; header_2_font=&#8221;|300|||||||&#8221; header_2_text_align=&#8221;center&#8221; header_2_font_size=&#8221;2.6vw&#8221; header_2_line_height=&#8221;1.2em&#8221; text_orientation=&#8221;justified&#8221; custom_margin=&#8221;0vw|8vw|0vw|8vw|true|true&#8221; text_font_size_tablet=&#8221;2vw&#8221; text_font_size_phone=&#8221;3vw&#8221; text_font_size_last_edited=&#8221;on|tablet&#8221; header_2_font_size_tablet=&#8221;4vw&#8221; header_2_font_size_phone=&#8221;5vw&#8221; header_2_font_size_last_edited=&#8221;on|phone&#8221; global_colors_info=&#8221;{}&#8221;]<\/p>\n<h2>Saara Lindbohm<\/h2>\n<p class=\"p1\">Saara&#8217;s journey is marked by her extensive training and expertise. As a trained yoga, pilates, garuda, and barre instructor, she seamlessly weaves together various movement practices to create a comprehensive approach to wellness. Her skills extend beyond the physical realm\u2014Saara is also a reiki and sound healing practitioner.<\/p>\n<p class=\"p1\">Saara&#8217;s passion lies in discovering innovative ways to promote overall wellbeing. Through pilates, movement, coaching, and other wellness practices, Saara seeks to empower individuals to embark on their own journeys of self-discovery and transformation.<\/p>\n<p class=\"p1\">Her dedication to wellbeing is underscored by her academic accomplishments.<span class=\"Apple-converted-space\"> <\/span>Armed with a postgraduate degree in Health Sciences,<span class=\"Apple-converted-space\">\u00a0 <\/span>this academic foundation adds depth and rigor to her holistic approach.<\/p>\n<p>[\/et_pb_text][\/et_pb_column][\/et_pb_row][et_pb_row column_structure=&#8221;1_2,1_2&#8243; use_custom_gutter=&#8221;on&#8221; gutter_width=&#8221;1&#8243; make_equal=&#8221;on&#8221; admin_label=&#8221;lauren&#8221; module_id=&#8221;Lama&#8221; _builder_version=&#8221;4.27.0&#8243; _module_preset=&#8221;default&#8221; width=&#8221;90%&#8221; max_width=&#8221;100%&#8221; custom_padding=&#8221;0px||0px|||&#8221; global_colors_info=&#8221;{}&#8221;][et_pb_column type=&#8221;1_2&#8243; disabled_on=&#8221;off|off|off&#8221; _builder_version=&#8221;4.21.0&#8243; _module_preset=&#8221;default&#8221; background_enable_image=&#8221;off&#8221; background_position=&#8221;top_center&#8221; global_colors_info=&#8221;{}&#8221;][et_pb_image src=&#8221;https:\/\/rutzu.com\/wp-content\/uploads\/2024\/05\/DEF97C64-B6F8-4D8E-AB0A-245AFEDCDD64_1_201_a.jpeg&#8221; title_text=&#8221;DEF97C64-B6F8-4D8E-AB0A-245AFEDCDD64_1_201_a&#8221; show_bottom_space=&#8221;off&#8221; align=&#8221;center&#8221; force_fullwidth=&#8221;on&#8221; disabled_on=&#8221;off|off|off&#8221; _builder_version=&#8221;4.27.0&#8243; _module_preset=&#8221;default&#8221; global_colors_info=&#8221;{}&#8221;][\/et_pb_image][\/et_pb_column][et_pb_column type=&#8221;1_2&#8243; module_id=&#8221;Pascale&#8221; _builder_version=&#8221;4.21.0&#8243; _module_preset=&#8221;default&#8221; background_enable_image=&#8221;off&#8221; custom_css_main_element=&#8221;margin:auto;&#8221; global_colors_info=&#8221;{}&#8221;][et_pb_text _builder_version=&#8221;4.27.0&#8243; _module_preset=&#8221;default&#8221; text_font_size=&#8221;0.9vw&#8221; text_line_height=&#8221;1.5em&#8221; header_font=&#8221;|300||on|||||&#8221; header_font_size=&#8221;2.6vw&#8221; header_2_font=&#8221;|300|||||||&#8221; header_2_text_align=&#8221;center&#8221; header_2_font_size=&#8221;2.6vw&#8221; header_2_line_height=&#8221;1.2em&#8221; text_orientation=&#8221;justified&#8221; custom_margin=&#8221;0vw|8vw|0vw|8vw|true|true&#8221; text_font_size_tablet=&#8221;2vw&#8221; text_font_size_phone=&#8221;3vw&#8221; text_font_size_last_edited=&#8221;on|tablet&#8221; header_2_font_size_tablet=&#8221;4vw&#8221; header_2_font_size_phone=&#8221;5vw&#8221; header_2_font_size_last_edited=&#8221;on|phone&#8221; global_colors_info=&#8221;{}&#8221;]<\/p>\n<h2>Lama Zeupa<\/h2>\n<p class=\"p1\">Lama Zeupa is a Buddhist monk and teacher originally from Sikkim, India, in the Himalayas. After completing his three-year retreat to become a Lama (teacher), he travels to various Buddhist centers around the world before settling in Belgium at the Yeunten Ling Tibetan Institute in Huy, where he has been teaching for over 30 years.<\/p>\n<p class=\"p1\">Passionate about philosophy and psychology, he takes his students through engaging reflective exercises through his teachings, which emphasize practical approaches.<\/p>\n<p class=\"p1\">Described as a true &#8220;athlete of the brain&#8221; by the renowned neurologist, Professor Steven Laureys, who has studied the effects of meditation on his brain, he places great importance on the relationship between body, heart, and mind. This leads him to practice and teach yoga, breathwork, and Qi Gong as complementary disciplines to meditation.<\/p>\n<p>[\/et_pb_text][\/et_pb_column][\/et_pb_row][et_pb_row column_structure=&#8221;1_2,1_2&#8243; use_custom_gutter=&#8221;on&#8221; gutter_width=&#8221;1&#8243; make_equal=&#8221;on&#8221; admin_label=&#8221;lauren&#8221; module_id=&#8221;Maxime&#8221; _builder_version=&#8221;4.27.0&#8243; _module_preset=&#8221;default&#8221; width=&#8221;90%&#8221; max_width=&#8221;100%&#8221; custom_padding=&#8221;0px||0px|||&#8221; global_colors_info=&#8221;{}&#8221;][et_pb_column type=&#8221;1_2&#8243; disabled_on=&#8221;off|off|off&#8221; _builder_version=&#8221;4.21.0&#8243; _module_preset=&#8221;default&#8221; background_enable_image=&#8221;off&#8221; background_position=&#8221;top_center&#8221; global_colors_info=&#8221;{}&#8221;][et_pb_image src=&#8221;https:\/\/rutzu.com\/wp-content\/uploads\/2024\/06\/Maxime-Gianni.jpeg&#8221; title_text=&#8221;Maxime Gianni&#8221; show_bottom_space=&#8221;off&#8221; align=&#8221;center&#8221; force_fullwidth=&#8221;on&#8221; disabled_on=&#8221;off|off|off&#8221; _builder_version=&#8221;4.27.0&#8243; _module_preset=&#8221;default&#8221; global_colors_info=&#8221;{}&#8221;][\/et_pb_image][\/et_pb_column][et_pb_column type=&#8221;1_2&#8243; module_id=&#8221;Pascale&#8221; _builder_version=&#8221;4.21.0&#8243; _module_preset=&#8221;default&#8221; background_enable_image=&#8221;off&#8221; custom_css_main_element=&#8221;margin:auto;&#8221; global_colors_info=&#8221;{}&#8221;][et_pb_text _builder_version=&#8221;4.27.0&#8243; _module_preset=&#8221;default&#8221; text_font_size=&#8221;0.9vw&#8221; text_line_height=&#8221;1.5em&#8221; header_font=&#8221;|300||on|||||&#8221; header_font_size=&#8221;2.6vw&#8221; header_2_font=&#8221;|300|||||||&#8221; header_2_text_align=&#8221;center&#8221; header_2_font_size=&#8221;2.6vw&#8221; header_2_line_height=&#8221;1.2em&#8221; text_orientation=&#8221;justified&#8221; custom_margin=&#8221;0vw|8vw|0vw|8vw|true|true&#8221; text_font_size_tablet=&#8221;2vw&#8221; text_font_size_phone=&#8221;3vw&#8221; text_font_size_last_edited=&#8221;on|tablet&#8221; header_2_font_size_tablet=&#8221;4vw&#8221; header_2_font_size_phone=&#8221;5vw&#8221; header_2_font_size_last_edited=&#8221;on|phone&#8221; global_colors_info=&#8221;{}&#8221;]<\/p>\n<h2>Maxime Gianni<\/h2>\n<p class=\"p1\">Maxime Gianni is the co-founder of Karma Yoga and Choda House in India. After several years managing a medical house and convinced of the benefits of yoga for everyday balance, he decided to dedicate himself to practicing this discipline and developing a large-scale yoga project. Having graduated in Ashtanga Vinyasa in India, he teaches Vinyasa classes at the Paramita Studio in Huy. In love with Sikkim, where he enjoys recharging, Maxime organizes retreats there every year. He is known for his sense of humor and his positivity in all circumstances.<\/p>\n<p>[\/et_pb_text][\/et_pb_column][\/et_pb_row][et_pb_row column_structure=&#8221;1_2,1_2&#8243; use_custom_gutter=&#8221;on&#8221; gutter_width=&#8221;1&#8243; make_equal=&#8221;on&#8221; admin_label=&#8221;lauren&#8221; module_id=&#8221;Susanna&#8221; _builder_version=&#8221;4.27.4&#8243; _module_preset=&#8221;default&#8221; width=&#8221;90%&#8221; max_width=&#8221;100%&#8221; custom_padding=&#8221;0px||0px|||&#8221; global_colors_info=&#8221;{}&#8221;][et_pb_column type=&#8221;1_2&#8243; disabled_on=&#8221;off|off|off&#8221; _builder_version=&#8221;4.21.0&#8243; _module_preset=&#8221;default&#8221; background_enable_image=&#8221;off&#8221; background_position=&#8221;top_center&#8221; global_colors_info=&#8221;{}&#8221;][et_pb_image src=&#8221;https:\/\/rutzu.com\/wp-content\/uploads\/2025\/02\/A6ED3305-7B5D-478F-98AE-7266E59278F6_1_201_a-scaled.jpeg&#8221; title_text=&#8221;Susanna Soma Cover&#8221; show_bottom_space=&#8221;off&#8221; align=&#8221;center&#8221; force_fullwidth=&#8221;on&#8221; disabled_on=&#8221;off|off|off&#8221; _builder_version=&#8221;4.27.4&#8243; _module_preset=&#8221;default&#8221; global_colors_info=&#8221;{}&#8221;][\/et_pb_image][\/et_pb_column][et_pb_column type=&#8221;1_2&#8243; module_id=&#8221;Pascale&#8221; _builder_version=&#8221;4.21.0&#8243; _module_preset=&#8221;default&#8221; background_enable_image=&#8221;off&#8221; custom_css_main_element=&#8221;margin:auto;&#8221; global_colors_info=&#8221;{}&#8221;][et_pb_text _builder_version=&#8221;4.27.4&#8243; _module_preset=&#8221;default&#8221; text_font_size=&#8221;0.9vw&#8221; text_line_height=&#8221;1.5em&#8221; header_font=&#8221;|300||on|||||&#8221; header_font_size=&#8221;2.6vw&#8221; header_2_font=&#8221;|300|||||||&#8221; header_2_text_align=&#8221;center&#8221; header_2_font_size=&#8221;2.6vw&#8221; header_2_line_height=&#8221;1.2em&#8221; text_orientation=&#8221;justified&#8221; custom_margin=&#8221;0vw|8vw|0vw|8vw|true|true&#8221; text_font_size_tablet=&#8221;2vw&#8221; text_font_size_phone=&#8221;3vw&#8221; text_font_size_last_edited=&#8221;on|tablet&#8221; header_2_font_size_tablet=&#8221;4vw&#8221; header_2_font_size_phone=&#8221;5vw&#8221; header_2_font_size_last_edited=&#8221;on|phone&#8221; global_colors_info=&#8221;{}&#8221;]<\/p>\n<h2>Susanna Soma<\/h2>\n<p><span>Susanna is a somatic coach and embodied yoga teacher with experience in trauma informed somatic practices for +9 years.\u00a0<\/span><\/p>\n<p><span>Working from an experienced trauma Informed background, using somatic knowledge to support you on your journey. She creates spaces where everything is welcomed, no judgment, expectations or pedastooling, creating a space where whatever is there, can be safely explored.<\/span><\/p>\n<p><span>\u201cTrauma and our experiences and stored and held within the body, the body keeps the score. Sometimes we can feel we have done everything logically to heal and move forward in our lives, yet the body is living in the past.<\/span><\/p>\n<p><span>What if you could be fully supported with truly transformative, and tangible practices to work through trauma, stagnant experiences &amp; emotions that are stored in your body. To learn what it actually means to regulate the nervous system, build more capacity to experience your life with unshakable presence.\u00a0<\/span><\/p>\n<p><span>To be held in ALL that you are, and all that you are experiencing. It doesn\u2019t have to be hard, scary or complicated &#8211; instead, it can be freeing and liberating\u201d<\/span><\/p>\n<p>[\/et_pb_text][\/et_pb_column][\/et_pb_row][\/et_pb_section]<\/p>\n","protected":false},"excerpt":{"rendered":"<p>R\u00fctzu est n\u00e9e de l\u2019id\u00e9e de partager avec d\u2019autres mon amour de l\u2019\u00eele mais aussi du d\u00e9sir d\u2019un retour \u00e0 l\u2019essentiel : prendre du temps pour soi.<\/p>\n","protected":false},"author":1,"featured_media":719,"parent":0,"menu_order":0,"comment_status":"closed","ping_status":"closed","template":"","meta":{"_acf_changed":false,"_et_pb_use_builder":"on","_et_pb_old_content":"<p>[et_pb_section fb_built=\"1\" _builder_version=\"4.17.3\" _module_preset=\"default\" custom_margin=\"||||false|false\" custom_padding=\"0px||0vw||false|false\" da_disable_devices=\"off|off|off\" global_colors_info=\"{}\" da_is_popup=\"off\" da_exit_intent=\"off\" da_has_close=\"on\" da_alt_close=\"off\" da_dark_close=\"off\" da_not_modal=\"on\" da_is_singular=\"off\" da_with_loader=\"off\" da_has_shadow=\"on\"][et_pb_row column_structure=\"1_4,3_4\" use_custom_gutter=\"on\" gutter_width=\"1\" make_equal=\"on\" _builder_version=\"4.16\" _module_preset=\"default\" width=\"90%\" max_width=\"100%\" custom_margin=\"0px||||false|false\" custom_padding=\"0px||0px|||\" global_colors_info=\"{}\"][et_pb_column type=\"1_4\" _builder_version=\"4.16\" _module_preset=\"default\" global_colors_info=\"{}\"][et_pb_text content_tablet=\"<\/p><h1>Qui<br \/>sommes<br \/>nous<\/h1><p><img class=\"%22wp-image-27\" src=\"%22https:\/\/rutzu.com\/wp-content\/uploads\/2021\/03\/ROND-POINT.png%22\" alt=\"%22%22\" width=\"%2216%22\" height=\"%2226%22\" \/><\/p><p>\" content_phone=\"<\/p><h1>Qui<br \/>sommes<br \/>nous<\/h1><p><img class=\"%22wp-image-27\" src=\"%22https:\/\/rutzu.com\/wp-content\/uploads\/2021\/03\/ROND-POINT.png%22\" alt=\"%22%22\" width=\"%2216%22\" height=\"%2226%22\" \/><\/p><p>\" content_last_edited=\"on|phone\" _builder_version=\"4.16\" _module_preset=\"default\" header_font=\"|300||on|||||\" header_font_size=\"2.6vw\" text_orientation=\"center\" custom_margin=\"7vw||7vw||true|false\" header_font_size_tablet=\"4vw\" header_font_size_phone=\"5vw\" header_font_size_last_edited=\"on|tablet\" global_colors_info=\"{}\"]<\/p><h1>Qui<br \/>sommes<br \/>nous<\/h1><p><img class=\"wp-image-27 alignnone size-full\" src=\"https:\/\/rutzu.com\/wp-content\/uploads\/2021\/03\/ROND-POINT.png\" alt=\"\" width=\"26\" height=\"26\" \/><\/p><p>[\/et_pb_text][\/et_pb_column][et_pb_column type=\"3_4\" _builder_version=\"4.16\" _module_preset=\"default\" background_image=\"https:\/\/rutzu.com\/wp-content\/uploads\/2021\/04\/Front-page-1-Bis-scaled.jpeg\" background_position=\"top_center\" global_colors_info=\"{}\"][et_pb_divider show_divider=\"off\" _builder_version=\"4.16\" _module_preset=\"default\" height_tablet=\"60vw\" height_phone=\"82vw\" height_last_edited=\"on|phone\" global_colors_info=\"{}\"][\/et_pb_divider][\/et_pb_column][\/et_pb_row][et_pb_row column_structure=\"1_4,1_4,1_4,1_4\" use_custom_gutter=\"on\" gutter_width=\"1\" disabled_on=\"on|on|off\" _builder_version=\"4.16\" _module_preset=\"default\" width=\"90%\" max_width=\"100%\" custom_padding=\"0px||0px|||\" global_colors_info=\"{}\"][et_pb_column type=\"1_4\" _builder_version=\"4.16\" _module_preset=\"default\" background_enable_image=\"off\" background_position=\"top_center\" global_colors_info=\"{}\"][et_pb_image src=\"https:\/\/rutzu.com\/wp-content\/uploads\/2022\/04\/im2-1024x1024.jpg\" title_text=\"Val\u00e9rie Lardinois\" show_bottom_space=\"off\" _builder_version=\"4.17.3\" _module_preset=\"default\" global_colors_info=\"{}\"][\/et_pb_image][\/et_pb_column][et_pb_column type=\"1_4\" _builder_version=\"4.16\" _module_preset=\"default\" global_colors_info=\"{}\"][et_pb_text _builder_version=\"4.16\" _module_preset=\"default\" text_font_size=\"0.9vw\" text_line_height=\"1.5em\" header_2_font=\"|300|||||||\" header_2_font_size=\"3vw\" header_3_font=\"|300|||||||\" header_3_font_size=\"1.6vw\" header_3_line_height=\"1.2em\" header_4_font=\"|700|||||||\" header_4_font_size=\"1.3vw\" header_4_line_height=\"1.2em\" custom_margin=\"7vw|2vw|2vw|2vw|false|true\" header_4_font_size_tablet=\"3vw\" header_4_font_size_phone=\"4vw\" header_4_font_size_last_edited=\"on|tablet\" global_colors_info=\"{}\"]<\/p><h4>Le temps de<br \/>se faire du bien.<br \/>Le temps de s\u2019\u00e9merveiller.<br \/>Le temps\u00a0 d\u2019apprendre.<br \/>Le temps de se d\u00e9passer.<\/h4><p>[\/et_pb_text][et_pb_image src=\"https:\/\/rutzu.com\/wp-content\/uploads\/2021\/04\/Qui-sommmes-3-scaled.jpg\" title_text=\"Qui sommmes 3\" show_bottom_space=\"off\" _builder_version=\"4.17.3\" _module_preset=\"default\" custom_margin=\"7vw|7vw||-22.5vw|false|false\" custom_margin_tablet=\"0vw|0vw||0vw|false|false\" custom_margin_phone=\"\" custom_margin_last_edited=\"on|tablet\" global_colors_info=\"{}\"][\/et_pb_image][\/et_pb_column][et_pb_column type=\"1_4\" _builder_version=\"4.16\" _module_preset=\"default\" global_colors_info=\"{}\"][et_pb_text _builder_version=\"4.16\" _module_preset=\"default\" text_font_size=\"0.9vw\" text_line_height=\"1.5em\" header_2_font=\"|300|||||||\" header_2_font_size=\"3vw\" text_orientation=\"justified\" custom_margin=\"4vw|3vw|2vw|0vw|false|false\" global_colors_info=\"{}\"]<\/p><p><em>\u00ab R\u00fctzu est n\u00e9e de l\u2019id\u00e9e de partager avec d\u2019autres mon amour de l\u2019\u00eele mais aussi du d\u00e9sir d\u2019un retour \u00e0 l\u2019essentiel : prendre du temps pour soi.<\/em><\/p><p><em>Apr\u00e8s avoir tr\u00e8s longtemps travaill\u00e9 dans le monde des m\u00e9dias et de la t\u00e9l\u00e9vision, fascin\u00e9e par les voyages, le sport, les d\u00e9couvertes et les rencontres ; je suis tomb\u00e9e sous le charme de Majorque et y ai aujourd\u2019hui \u00e9lu domicile !<\/em><\/p><p><em>Belge de naissance, majorquine d\u2019adoption\u00a0; je partage mon temps entre cette \u00eele qui chaque jour m\u2019\u00e9merveille, Bruxelles et la Californie o\u00f9 r\u00e9sident mes enfants.<\/em><\/p><p><em>Je souhaite partager avec vous ces moments o\u00f9 notre champs de vision s\u2019\u00e9largit de quelques degr\u00e9s et o\u00f9 notre c\u0153ur s\u2019enivre de joie et de bonheur, vous permettre de prendre votre vie et votre bonheur en main ou juste de faire quelque chose qui vous anime.<\/em><\/p><p><em>J\u2019ai cr\u00e9\u00e9 R\u00fctzu avec l\u2019intention de vous amener \u00e0 prendre le temps de bien faire les choses, le temps de se recaler sur un autre rythme, le v\u00f4tre.<\/em> \u00bb<\/p><p>Val\u00e9rie Neira-Lardinois<\/p><p>[\/et_pb_text][\/et_pb_column][et_pb_column type=\"1_4\" _builder_version=\"4.16\" _module_preset=\"default\" custom_padding=\"0px||||false|false\" global_colors_info=\"{}\"][et_pb_cta button_url=\"@ET-DC@eyJkeW5hbWljIjp0cnVlLCJjb250ZW50IjoicG9zdF9saW5rX3VybF9wYWdlIiwic2V0dGluZ3MiOnsicG9zdF9pZCI6Ijk2In19@\" button_text=\"Tous nos s\u00e9jours\" _builder_version=\"4.16\" _dynamic_attributes=\"button_url\" _module_preset=\"default\" body_font=\"|||on|||||\" body_font_size=\"1.2vw\" body_line_height=\"1.5em\" background_color=\"#a29a7d\" custom_button=\"on\" button_text_size=\"1vw\" button_bg_color=\"#763717\" button_border_width=\"0px\" button_border_radius=\"0px\" button_font=\"|||on|||||\" custom_margin=\"0vw||||false|false\" custom_padding=\"3vw||3vw||true|false\" global_colors_info=\"{}\"]<\/p><p>D\u00e9couvrez<\/p><p>[\/et_pb_cta][et_pb_text _builder_version=\"4.16\" _module_preset=\"default\" text_font_size=\"0.9vw\" text_line_height=\"1.5em\" header_2_font=\"|300|||||||\" header_2_font_size=\"3vw\" header_3_font=\"|300|||||||\" header_3_font_size=\"1.6vw\" header_3_line_height=\"1.2em\" header_4_font=\"|700|||||||\" header_4_font_size=\"1.3vw\" header_4_line_height=\"1.2em\" custom_margin=\"2vw|2vw|2vw|2vw|false|true\" global_colors_info=\"{}\"]<\/p><h4><strong>Je crois au pouvoir de la nature et de la beaut\u00e9 sur le d\u00e9veloppement personnel.<\/strong><\/h4><p>[\/et_pb_text][et_pb_image src=\"https:\/\/rutzu.com\/wp-content\/uploads\/2021\/04\/GettyImages-1132498435.jpg\" title_text=\"Low Section Of Man Meditating At Beach\" disabled_on=\"off|off|off\" _builder_version=\"4.16\" _module_preset=\"default\" min_height=\"234.8px\" global_colors_info=\"{}\"][\/et_pb_image][\/et_pb_column][\/et_pb_row][et_pb_row column_structure=\"1_4,1_4,1_4,1_4\" use_custom_gutter=\"on\" gutter_width=\"1\" disabled_on=\"off|off|on\" _builder_version=\"4.16\" _module_preset=\"default\" width=\"90%\" max_width=\"100%\" custom_padding=\"0px||0px|||\" global_colors_info=\"{}\"][et_pb_column type=\"1_4\" _builder_version=\"4.16\" _module_preset=\"default\" background_enable_image=\"off\" background_position=\"top_center\" global_colors_info=\"{}\"][et_pb_image src=\"https:\/\/rutzu.com\/wp-content\/uploads\/2022\/04\/im2-1024x1024.jpg\" title_text=\"Val\u00e9rie Lardinois\" show_bottom_space=\"off\" _builder_version=\"4.17.3\" _module_preset=\"default\" custom_margin=\"4vw||||false|false\" global_colors_info=\"{}\"][\/et_pb_image][et_pb_text _builder_version=\"4.16\" _module_preset=\"default\" text_font_size=\"0.9vw\" text_line_height=\"1.5em\" header_2_font=\"|300|||||||\" header_2_font_size=\"3vw\" header_3_font=\"|300|||||||\" header_3_font_size=\"1.6vw\" header_3_line_height=\"1.2em\" header_4_font=\"|700|||||||\" header_4_font_size=\"1.3vw\" header_4_line_height=\"1.2em\" custom_margin=\"7vw|2vw|2vw|2vw|false|true\" custom_margin_tablet=\"2vw|0vw||0vw|false|true\" custom_margin_phone=\"5vw||||false|true\" custom_margin_last_edited=\"on|tablet\" header_4_font_size_tablet=\"3vw\" header_4_font_size_phone=\"4vw\" header_4_font_size_last_edited=\"on|tablet\" global_colors_info=\"{}\"]<\/p><h4>Le temps de<br \/>se faire du bien.<br \/>Le temps de s\u2019\u00e9merveiller.<br \/>Le temps\u00a0 d\u2019apprendre.<br \/>Le temps de se d\u00e9passer.<\/h4><p>[\/et_pb_text][et_pb_text _builder_version=\"4.16\" _module_preset=\"default\" text_font_size=\"0.9vw\" text_line_height=\"1.5em\" header_2_font=\"|300|||||||\" header_2_font_size=\"3vw\" text_orientation=\"justified\" custom_margin=\"4vw|3vw|2vw|0vw|false|false\" custom_margin_tablet=\"2vw|3vw|2vw|0vw|false|false\" custom_margin_phone=\"\" custom_margin_last_edited=\"on|tablet\" text_font_size_tablet=\"2vw\" text_font_size_phone=\"3vw\" text_font_size_last_edited=\"on|phone\" global_colors_info=\"{}\"]<\/p><p><em>\u00ab R\u00fctzu est n\u00e9e de l\u2019id\u00e9e de partager avec d\u2019autres mon amour de l\u2019\u00eele mais aussi du d\u00e9sir d\u2019un retour \u00e0 l\u2019essentiel : prendre du temps pour soi.<\/em><\/p><p><em>Apr\u00e8s avoir tr\u00e8s longtemps travaill\u00e9 dans le monde des m\u00e9dias et de la t\u00e9l\u00e9vision, fascin\u00e9e par les voyages, le sport, les d\u00e9couvertes et les rencontres ; je suis tomb\u00e9e sous le charme de Majorque et y ai aujourd\u2019hui \u00e9lu domicile !<\/em><\/p><p><em>Belge de naissance, majorquine d\u2019adoption\u00a0; je partage mon temps entre cette \u00eele qui chaque jour m\u2019\u00e9merveille, Bruxelles et la Californie o\u00f9 r\u00e9sident mes enfants.<\/em><\/p><p><em>Je souhaite partager avec vous ces moments o\u00f9 notre champs de vision s\u2019\u00e9largit de quelques degr\u00e9s et o\u00f9 notre c\u0153ur s\u2019enivre de joie et de bonheur, vous permettre de prendre votre vie et votre bonheur en main ou juste de faire quelque chose qui vous anime.<\/em><\/p><p>\u00a0<\/p><p><em>J\u2019ai cr\u00e9\u00e9 R\u00fctzu avec l\u2019intention de vous amener \u00e0 prendre le temps de bien faire les choses, le temps de se recaler sur un autre rythme, le v\u00f4tre.<\/em> \u00bb<\/p><p>Val\u00e9rie Neira-Lardinois<\/p><p>[\/et_pb_text][et_pb_text _builder_version=\"4.16\" _module_preset=\"default\" text_font_size=\"0.9vw\" text_line_height=\"1.5em\" header_2_font=\"|300|||||||\" header_2_font_size=\"3vw\" header_3_font=\"|300|||||||\" header_3_font_size=\"1.6vw\" header_3_line_height=\"1.2em\" header_4_font=\"|700|||||||\" header_4_font_size=\"1.3vw\" header_4_line_height=\"1.2em\" custom_margin=\"2vw|2vw|2vw|2vw|false|true\" custom_margin_tablet=\"0vw|0vw|0vw|0vw|false|true\" custom_margin_phone=\"||4vw||false|true\" custom_margin_last_edited=\"on|tablet\" header_4_font_size_tablet=\"2vw\" header_4_font_size_phone=\"3vw\" header_4_font_size_last_edited=\"on|phone\" global_colors_info=\"{}\"]<\/p><h4><strong>Je crois au pouvoir de la nature et de la beaut\u00e9 sur le d\u00e9veloppement personnel.<\/strong><\/h4><p>[\/et_pb_text][\/et_pb_column][et_pb_column type=\"1_4\" _builder_version=\"4.16\" _module_preset=\"default\" global_colors_info=\"{}\"][et_pb_image src=\"https:\/\/rutzu.com\/wp-content\/uploads\/2021\/04\/Qui-sommmes-3-scaled.jpg\" _builder_version=\"4.17.3\" _module_preset=\"default\" custom_margin=\"0vw||0vw||true|false\" global_colors_info=\"{}\"][\/et_pb_image][et_pb_cta button_url=\"@ET-DC@eyJkeW5hbWljIjp0cnVlLCJjb250ZW50IjoicG9zdF9saW5rX3VybF9wYWdlIiwic2V0dGluZ3MiOnsicG9zdF9pZCI6Ijk2In19@\" button_text=\"Tous nos s\u00e9jours\" _builder_version=\"4.16\" _dynamic_attributes=\"button_url,link_option_url\" _module_preset=\"default\" body_font=\"|||on|||||\" body_font_size=\"1.2vw\" body_line_height=\"1.5em\" background_color=\"#a29a7d\" custom_button=\"on\" button_text_size=\"1vw\" button_bg_color=\"#763717\" button_border_width=\"0px\" button_border_radius=\"0px\" button_font=\"|||on|||||\" custom_margin=\"0vw||||false|false\" custom_padding=\"3vw||3vw||true|false\" custom_padding_tablet=\"4vw||4vw||true|false\" custom_padding_phone=\"7vw||7vw||true|false\" custom_padding_last_edited=\"on|tablet\" link_option_url=\"@ET-DC@eyJkeW5hbWljIjp0cnVlLCJjb250ZW50IjoicG9zdF9saW5rX3VybF9wYWdlIiwic2V0dGluZ3MiOnsicG9zdF9pZCI6Ijk2In19@\" body_font_size_tablet=\"2vw\" body_font_size_phone=\"3vw\" body_font_size_last_edited=\"on|phone\" button_text_size_tablet=\"2vw\" button_text_size_phone=\"3vw\" button_text_size_last_edited=\"on|tablet\" global_colors_info=\"{}\"]<\/p><p>D\u00e9couvrez<\/p><p>[\/et_pb_cta][\/et_pb_column][et_pb_column type=\"1_4\" _builder_version=\"4.16\" _module_preset=\"default\" global_colors_info=\"{}\"][\/et_pb_column][et_pb_column type=\"1_4\" _builder_version=\"4.16\" _module_preset=\"default\" global_colors_info=\"{}\"][\/et_pb_column][\/et_pb_row][\/et_pb_section][et_pb_section fb_built=\"1\" _builder_version=\"4.16\" _module_preset=\"default\" custom_padding=\"0px||0vw||false|false\" da_disable_devices=\"off|off|off\" global_colors_info=\"{}\" da_is_popup=\"off\" da_exit_intent=\"off\" da_has_close=\"on\" da_alt_close=\"off\" da_dark_close=\"off\" da_not_modal=\"on\" da_is_singular=\"off\" da_with_loader=\"off\" da_has_shadow=\"on\"][et_pb_row column_structure=\"1_2,1_2\" use_custom_gutter=\"on\" gutter_width=\"1\" make_equal=\"on\" _builder_version=\"4.17.3\" _module_preset=\"default\" width=\"90%\" max_width=\"100%\" custom_padding=\"0px||0px|||\" global_colors_info=\"{}\"][et_pb_column type=\"1_2\" _builder_version=\"4.16\" _module_preset=\"default\" global_colors_info=\"{}\"][et_pb_text content_tablet=\"<\/p><h2>Nos intervenants<\/h2><p><img class=\"%22wp-image-27\" src=\"%22https:\/\/rutzu.com\/wp-content\/uploads\/2021\/03\/ROND-POINT.png%22\" alt=\"%22%22\" width=\"%2216%22\" height=\"%2226%22\" \/><\/p><p>\" content_phone=\"<\/p><h2>Nos intervenants<\/h2><p><img class=\"%22wp-image-27\" src=\"%22https:\/\/rutzu.com\/wp-content\/uploads\/2021\/03\/ROND-POINT.png%22\" alt=\"%22%22\" width=\"%2216%22\" height=\"%2226%22\" \/><\/p><p>\" content_last_edited=\"on|phone\" _builder_version=\"4.16\" _module_preset=\"default\" header_font=\"|300||on|||||\" header_font_size=\"2.6vw\" header_2_font=\"|300||on|||||\" header_2_font_size=\"2.6vw\" header_2_line_height=\"1.2em\" text_orientation=\"center\" custom_margin=\"7vw||7vw||true|false\" header_2_font_size_tablet=\"4vw\" header_2_font_size_phone=\"5vw\" header_2_font_size_last_edited=\"on|phone\" global_colors_info=\"{}\"]<\/p><h2>Nos intervenants<\/h2><p><img class=\"wp-image-27 alignnone size-full\" src=\"https:\/\/rutzu.com\/wp-content\/uploads\/2021\/03\/ROND-POINT.png\" alt=\"\" width=\"26\" height=\"26\" \/><\/p><p>[\/et_pb_text][\/et_pb_column][et_pb_column type=\"1_2\" disabled_on=\"on|on|off\" _builder_version=\"4.17.3\" _module_preset=\"default\" background_enable_image=\"off\" global_colors_info=\"{}\"][\/et_pb_column][\/et_pb_row][et_pb_row column_structure=\"1_2,1_2\" use_custom_gutter=\"on\" gutter_width=\"1\" make_equal=\"on\" admin_label=\"Emmanuel\" module_id=\"Emmanuel\" _builder_version=\"4.17.3\" _module_preset=\"default\" width=\"90%\" max_width=\"100%\" custom_padding=\"0px||0px|||\" global_colors_info=\"{}\"][et_pb_column type=\"1_2\" _builder_version=\"4.17.3\" _module_preset=\"default\" background_enable_image=\"off\" background_position=\"top_center\" global_colors_info=\"{}\"][et_pb_image src=\"https:\/\/rutzu.com\/wp-content\/uploads\/2021\/04\/Emmanuel-TOURPE-1024x1024.jpg\" alt=\"Emmanuel Tourpe\" title_text=\"Emmanuel TOURPE\" _builder_version=\"4.17.3\" _module_preset=\"default\" global_colors_info=\"{}\"][\/et_pb_image][\/et_pb_column][et_pb_column type=\"1_2\" _builder_version=\"4.16\" _module_preset=\"default\" background_enable_image=\"off\" global_colors_info=\"{}\"][et_pb_text _builder_version=\"4.17.3\" _module_preset=\"default\" text_font_size=\"0.9vw\" text_line_height=\"1.5em\" header_font=\"|300||on|||||\" header_font_size=\"2.6vw\" header_2_font=\"|300|||||||\" header_2_text_align=\"center\" header_2_font_size=\"2.6vw\" header_2_line_height=\"1.2em\" text_orientation=\"justified\" custom_margin=\"7vw|8vw|7vw|8vw|true|true\" text_font_size_tablet=\"2vw\" text_font_size_phone=\"3vw\" text_font_size_last_edited=\"on|tablet\" header_2_font_size_tablet=\"4vw\" header_2_font_size_phone=\"5vw\" header_2_font_size_last_edited=\"on|phone\" global_colors_info=\"{}\"]<\/p><h2>Emmanuel Tourpe<\/h2><p>\u00a0<\/p><p><strong>Emmanuel Tourpe est p\u00e8re de 4 enfants. Docteur en philosophie (Louvain- Belgique).<\/strong><\/p><p>Il est habilit\u00e9 \u00e0 diriger les Recherches (Strasbourg) il est l\u2019auteur de tr\u00e8s nombreux articles scientifiques et ouvrages de philosophie.<\/p><p>En 2020 il a publi\u00e9 : \u00ab Donation et r\u00e9ciprocit\u00e9 \u00bb (Hermann, Paris) et \u00ab Un temps pour penser & un temps pour parler \u00bb (Racines, Bruxelles). Conf\u00e9rencier international il a enseign\u00e9 dans plusieurs universit\u00e9s et donne cours \u00e0 Strasbourg.<\/p><p>Ancien Directeur de la programmation de la cha\u00eene publique belge RTBF, il est aujourd\u2019hui Directeur de la programmation de la chaine culturelle europ\u00e9enne Arte<\/p><p>[\/et_pb_text][\/et_pb_column][\/et_pb_row][et_pb_row column_structure=\"1_2,1_2\" use_custom_gutter=\"on\" gutter_width=\"1\" make_equal=\"on\" admin_label=\"Pascal\" module_id=\"Pascal\" _builder_version=\"4.17.3\" _module_preset=\"default\" width=\"90%\" max_width=\"100%\" custom_padding=\"0px||0px|||\" global_colors_info=\"{}\"][et_pb_column type=\"1_2\" module_id=\"Pascale\" _builder_version=\"4.16\" _module_preset=\"default\" background_enable_image=\"off\" global_colors_info=\"{}\"][et_pb_image src=\"https:\/\/rutzu.com\/wp-content\/uploads\/2021\/04\/Pascal-SEYS-1024x1024.jpg\" alt=\"Pascal Seys\" title_text=\"Pascal SEYS\" disabled_on=\"off|off|on\" _builder_version=\"4.17.3\" _module_preset=\"default\" global_colors_info=\"{}\"][\/et_pb_image][et_pb_text _builder_version=\"4.17.3\" _module_preset=\"default\" text_font_size=\"0.9vw\" text_line_height=\"1.5em\" header_font=\"|300||on|||||\" header_font_size=\"2.6vw\" header_2_font=\"|300|||||||\" header_2_text_align=\"center\" header_2_font_size=\"2.6vw\" header_2_line_height=\"1.2em\" text_orientation=\"justified\" custom_margin=\"4vw|8vw|4vw|8vw|true|true\" text_font_size_tablet=\"2vw\" text_font_size_phone=\"3vw\" text_font_size_last_edited=\"on|tablet\" header_2_font_size_tablet=\"4vw\" header_2_font_size_phone=\"5vw\" header_2_font_size_last_edited=\"on|phone\" global_colors_info=\"{}\"]<\/p><h2>Pascale Seys<\/h2><p>\u00a0<\/p><p><strong>Docteure en philosophie, Pascale Seys enseigne \u00e0 l\u2019UCLouvain et en Ecole sup\u00e9rieurs des Arts \u00e0 Bruxelles.<\/strong><\/p><p>Engag\u00e9e dans la vie culturelle, journaliste et chroniqueuse, elle produit de grands entretiens consacr\u00e9es aux arts et \u00e0 la vie des id\u00e9es \u00e0 la RTBF-radio (radio publique belge RTBF) dans La couleur des id\u00e9es sur Musiq3.<\/p><p>Elle est l\u2019auteur d\u2019un essai sur Hippolyte Taine (L\u2019Harmattan, 1999) et sur la po\u00e9sie (Midis de la Po\u00e9sie, 2019).<\/p><p>Convaincue d\u2019un lien intrins\u00e8que entre l\u2019association des id\u00e9es et le rythme de la marche, elle a publi\u00e9 trois recueils de philosophie vagabonde publi\u00e9s aux Editions Racine \u00ab Et vous, qu\u2019en pensez-vous ? \u00bb (2018), \u00ab Si tu vois tout en gris, d\u00e9place l\u2019\u00e9l\u00e9phant \u00bb(2019) , \u00ab Le panache de l\u2019escargot \u00bb (2020) ainsi qu\u2019une nouvelle radiophonique Le phosphore blanc (2020) .<\/p><p>Les superlatifs ne manquent pas pour d\u00e9crire la personnalit\u00e9 de Pascale Seys : \u00abenivrante , inspirante, \u00e9bouriffante \u00bb, \u00ab philosophe hors-norme \u00bb, les capsules philosophiques de 3\u2019 qu\u2019elle propose chaque semaine sur Musiq3, Les Tics de l\u2019actu et Un p\u2019tit Shoot de philo connaissent un succ\u00e8s d\u2019estime et se partagent dans le monde.<\/p><p>[\/et_pb_text][\/et_pb_column][et_pb_column type=\"1_2\" disabled_on=\"on|on|off\" _builder_version=\"4.17.3\" _module_preset=\"default\" background_enable_image=\"off\" background_position=\"top_center\" global_colors_info=\"{}\"][et_pb_image src=\"https:\/\/rutzu.com\/wp-content\/uploads\/2021\/04\/Pascal-SEYS-1024x1024.jpg\" alt=\"Pascal Seys\" title_text=\"Pascal SEYS\" disabled_on=\"on|on|off\" _builder_version=\"4.17.3\" _module_preset=\"default\" global_colors_info=\"{}\"][\/et_pb_image][\/et_pb_column][\/et_pb_row][et_pb_row column_structure=\"1_2,1_2\" use_custom_gutter=\"on\" gutter_width=\"1\" make_equal=\"on\" admin_label=\"Florence\" module_id=\"Florence\" _builder_version=\"4.17.3\" _module_preset=\"default\" width=\"90%\" max_width=\"100%\" custom_padding=\"0px||0px|||\" background_last_edited=\"on|desktop\" global_colors_info=\"{}\"][et_pb_column type=\"1_2\" _builder_version=\"4.17.3\" _module_preset=\"default\" background_enable_image=\"off\" background_position=\"top_center\" global_colors_info=\"{}\"][et_pb_image src=\"https:\/\/rutzu.com\/wp-content\/uploads\/2022\/04\/florence-jaupain-1024x1024.jpg\" title_text=\"Florence Jaupain\" _builder_version=\"4.17.3\" _module_preset=\"default\" global_colors_info=\"{}\"][\/et_pb_image][\/et_pb_column][et_pb_column type=\"1_2\" _builder_version=\"4.16\" _module_preset=\"default\" background_enable_image=\"off\" global_colors_info=\"{}\"][et_pb_text _builder_version=\"4.17.3\" _module_preset=\"default\" text_font_size=\"0.9vw\" text_line_height=\"1.5em\" header_font=\"|300||on|||||\" header_font_size=\"2.6vw\" header_2_font=\"|300|||||||\" header_2_text_align=\"center\" header_2_font_size=\"2.6vw\" header_2_line_height=\"1.2em\" text_orientation=\"justified\" custom_margin=\"7vw|8vw|7vw|8vw|true|true\" text_font_size_tablet=\"2vw\" text_font_size_phone=\"3vw\" text_font_size_last_edited=\"on|tablet\" header_2_font_size_tablet=\"4vw\" header_2_font_size_phone=\"5vw\" header_2_font_size_last_edited=\"on|phone\" global_colors_info=\"{}\"]<\/p><h2>Florence Jaupain<\/h2><p>\u00a0<\/p><p><strong>Kin\u00e9sith\u00e9rapeute, dipl\u00f4m\u00e9e de la HELB Ilya Prigogine en 2009, Instructrice pilates form\u00e9e par Leaderfit en 2010 et co g\u00e9rante du centre <a href=\"https:\/\/globalwellness.be\" target=\"_blank\" rel=\"noopener\">Global Wellness<\/a>.<\/strong><\/p><p>Florence exerce avec passion depuis plus de 12 ans. Instructrice de la m\u00e9thode Pilates, elle transmet son savoir et son exp\u00e9rience chaque semaine via les nombreux cours qu\u2019elle propose.<\/p><p>Parce que son approche se veut globale, Florence ne cesse de se former.<\/p><p>Outre sa connaissance parfaite du corps, Florence a des mains de f\u00e9e ! Ses massages vous transporteront !<\/p><p>[\/et_pb_text][\/et_pb_column][\/et_pb_row][et_pb_row column_structure=\"1_2,1_2\" use_custom_gutter=\"on\" gutter_width=\"1\" make_equal=\"on\" admin_label=\"Sandra\" module_id=\"Sandra\" _builder_version=\"4.17.3\" _module_preset=\"default\" width=\"90%\" max_width=\"100%\" custom_padding=\"0px||0px|||\" global_colors_info=\"{}\"][et_pb_column type=\"1_2\" module_id=\"Pascale\" _builder_version=\"4.16\" _module_preset=\"default\" background_enable_image=\"off\" global_colors_info=\"{}\"][et_pb_image src=\"https:\/\/rutzu.com\/wp-content\/uploads\/2021\/04\/Sandra-Fersztman.jpg\" alt=\"Sandra Fersztman\" title_text=\"Sandra Fersztman\" show_bottom_space=\"off\" force_fullwidth=\"on\" disabled_on=\"off|off|on\" _builder_version=\"4.17.3\" _module_preset=\"default\" global_colors_info=\"{}\"][\/et_pb_image][et_pb_text _builder_version=\"4.17.3\" _module_preset=\"default\" text_font_size=\"0.9vw\" text_line_height=\"1.5em\" header_font=\"|300||on|||||\" header_font_size=\"2.6vw\" header_2_font=\"|300|||||||\" header_2_text_align=\"center\" header_2_font_size=\"2.6vw\" header_2_line_height=\"1.2em\" text_orientation=\"justified\" custom_margin=\"5vw|8vw|5vw|8vw|true|true\" text_font_size_tablet=\"2vw\" text_font_size_phone=\"3vw\" text_font_size_last_edited=\"on|tablet\" header_2_font_size_tablet=\"4vw\" header_2_font_size_phone=\"5vw\" header_2_font_size_last_edited=\"on|phone\" global_colors_info=\"{}\"]<\/p><h2>Sandra Fersztman<\/h2><p>\u00a0<\/p><p>\u00ab Je suis convaincue que c\u2019est notre diff\u00e9rence qui fait notre beaut\u00e9. C\u2019est elle que je cherche dans l\u2019ombre pour lui donner toute sa puissance dans la lumi\u00e8re. Parce que c\u2019est dans la lumi\u00e8re que nous pouvons accomplir les plus belles choses. \u00bb Sandra Fersztman<\/p><p>Un parcours \u00e9clectique au c\u0153ur des histoires dans l\u2019Ev\u00e9nementiel et le Cin\u00e9ma, le Conseil et l\u2019Entrepreneuriat au f\u00e9minin.<\/p><p>En 2017, Sandra a cr\u00e9\u00e9 <a href=\"https:\/\/www.lafabriquedesid.fr\" target=\"_blank\" rel=\"noopener\"><strong>La fabrique des id<\/strong><\/a>, pour accompagner les entrepreneurs et les personnes en transition professionnelle dans le d\u00e9veloppement de leur nouvelle identit\u00e9.<br \/>Conseil, mentor, formatrice, Sandra intervient sur le Storytelling, la communication digitale et le personal branding, dans les entreprises, les incubateurs et les Business schools.<\/p><p>En 2020, Sandra a con\u00e7u l\u2019atelier Prenez le pouvoir pour aller \u00e0 la d\u00e9couverte de vos talents, et le programme d'accompagnement Mon(s)trez-vous ! pour vous aider \u00e0 vous emparer de votre singularit\u00e9 et \u00e0 faire entendre votre voix.<\/p><p>[\/et_pb_text][\/et_pb_column][et_pb_column type=\"1_2\" disabled_on=\"on|on|off\" _builder_version=\"4.17.3\" _module_preset=\"default\" background_enable_image=\"off\" background_position=\"top_center\" global_colors_info=\"{}\"][et_pb_image src=\"https:\/\/rutzu.com\/wp-content\/uploads\/2021\/04\/Sandra-Fersztman.jpg\" alt=\"Sandra Fersztman\" title_text=\"Sandra Fersztman\" show_bottom_space=\"off\" force_fullwidth=\"on\" disabled_on=\"on|on|off\" _builder_version=\"4.17.3\" _module_preset=\"default\" global_colors_info=\"{}\"][\/et_pb_image][\/et_pb_column][\/et_pb_row][et_pb_row column_structure=\"1_2,1_2\" use_custom_gutter=\"on\" gutter_width=\"1\" make_equal=\"on\" admin_label=\"St\u00e9phanie\" module_id=\"Stephanie\" _builder_version=\"4.17.3\" _module_preset=\"default\" width=\"90%\" max_width=\"100%\" custom_padding=\"0px||0px|||\" global_colors_info=\"{}\"][et_pb_column type=\"1_2\" _builder_version=\"4.17.3\" _module_preset=\"default\" background_enable_image=\"off\" background_position=\"top_center\" global_colors_info=\"{}\"][et_pb_image src=\"https:\/\/rutzu.com\/wp-content\/uploads\/2021\/04\/Stephanie-Mensah.jpg\" alt=\"St\u00e9phanie Mensah\" title_text=\"Stephanie Mensah\" show_bottom_space=\"off\" align=\"center\" force_fullwidth=\"on\" _builder_version=\"4.17.3\" _module_preset=\"default\" global_colors_info=\"{}\"][\/et_pb_image][\/et_pb_column][et_pb_column type=\"1_2\" _builder_version=\"4.16\" _module_preset=\"default\" background_enable_image=\"off\" global_colors_info=\"{}\"][et_pb_text _builder_version=\"4.17.3\" _module_preset=\"default\" text_font_size=\"0.9vw\" text_line_height=\"1.5em\" header_font=\"|300||on|||||\" header_font_size=\"2.6vw\" header_2_font=\"|300|||||||\" header_2_text_align=\"center\" header_2_font_size=\"2.6vw\" header_2_line_height=\"1.2em\" text_orientation=\"justified\" custom_margin=\"3vw|8vw|3vw|8vw|true|true\" text_font_size_tablet=\"2vw\" text_font_size_phone=\"3vw\" text_font_size_last_edited=\"on|tablet\" header_2_font_size_tablet=\"4vw\" header_2_font_size_phone=\"5vw\" header_2_font_size_last_edited=\"on|phone\" global_colors_info=\"{}\"]<\/p><h2>St\u00e9phanie Mensah<\/h2><p>\u00a0<\/p><p>D\u00e8s son enfance, St\u00e9phanie a baign\u00e9 dans le monde des brocanteurs et des belles couleurs de la Provence qui ont nourri son \u00e2me cr\u00e9atrice. Elle confie avoir toujours eu un besoin incessant de cr\u00e9er et d\u2019exp\u00e9rimenter. C\u2019est sa grand-m\u00e8re italienne, avec qui elle passait des heures enti\u00e8res dans l\u2019atelier de couture, qui lui a transmis son amour pour le textile, les fibres naturelles et le linge ancien si empreint d\u2019histoire.<br \/>Des \u00e9tudes \u00e0 l\u2019\u00e9cole des Beaux-Arts lui permettent de s\u2019initier aux techniques artistiques en \u00e9tudiant les bases essentielles de l\u2019art.<\/p><p>C\u2019est de toutes ces passions r\u00e9unies qu\u2019est n\u00e9 <a href=\"https:\/\/www.instagram.com\/stephie.m_design\/\" target=\"_blank\" rel=\"noopener\"><strong>STEPHIE.M<\/strong><\/a>, une marque de cr\u00e9ations textiles naturelles pour la maison.<\/p><p>En 2015, elle s'installe avec sa famille aux Bal\u00e9ares, dont le paysage fut une r\u00e9v\u00e9lation et source constante d\u2019inspiration. L\u2019\u00eele de Majorque, ses couleurs, sa douceur de vivre ont une place privil\u00e9gi\u00e9e dans ses collections.<\/p><p>Depuis 2019 St\u00e9phanie propose des ateliers cr\u00e9atifs afin de transmettre son savoir artistique autour du textile et bien plus encore\u2026 \u00ab C\u2019est aussi une fa\u00e7on pour moi d\u2019apporter du bien-\u00eatre, de partager. Cr\u00e9er, laisser son inspiration \u0153uvrer, \u00eatre en contact avec les autres, s\u2019enrichir mutuellement \u00bb St\u00e9phanie Mensah<\/p><p>[\/et_pb_text][\/et_pb_column][\/et_pb_row][et_pb_row column_structure=\"1_2,1_2\" use_custom_gutter=\"on\" gutter_width=\"1\" make_equal=\"on\" admin_label=\"FlorenceP\" module_id=\"SophieS\" _builder_version=\"4.17.3\" _module_preset=\"default\" width=\"90%\" max_width=\"100%\" custom_padding=\"0px||0px|||\" global_colors_info=\"{}\"][et_pb_column type=\"1_2\" module_id=\"Pascale\" _builder_version=\"4.16\" _module_preset=\"default\" background_enable_image=\"off\" global_colors_info=\"{}\"][et_pb_image src=\"https:\/\/rutzu.com\/wp-content\/uploads\/2021\/07\/Sophie-Sztabholz.jpg\" title_text=\"Sophie Sztabholz\" disabled_on=\"off|off|on\" _builder_version=\"4.17.3\" _module_preset=\"default\" global_colors_info=\"{}\"][\/et_pb_image][et_pb_text _builder_version=\"4.17.3\" _module_preset=\"default\" text_font_size=\"0.9vw\" text_line_height=\"1.5em\" header_font=\"|300||on|||||\" header_font_size=\"2.6vw\" header_2_font=\"|300|||||||\" header_2_text_align=\"center\" header_2_font_size=\"2.6vw\" header_2_line_height=\"1.2em\" text_orientation=\"justified\" custom_margin=\"3vw|8vw|3vw|8vw|true|true\" text_font_size_tablet=\"2vw\" text_font_size_phone=\"3vw\" text_font_size_last_edited=\"on|tablet\" header_2_font_size_tablet=\"4vw\" header_2_font_size_phone=\"5vw\" header_2_font_size_last_edited=\"on|phone\" global_colors_info=\"{}\"]<\/p><h2>Sophie Sztabholz<\/h2><p>\u00a0<\/p><p>Autrefois danseuse classique et de ballets folkloriques russes, Sophie voue une passion au corps humain et au mouvement.<\/p><p>C\u2019est avec une soif d\u2019apprendre insatiable qu\u2019elle a peaufin\u00e9 ses connaissances depuis plus de 25 ans en anatomie, biom\u00e9canique et physiologie via de multiples formations ainsi que sa pratique du fitness (F.I.S.A.F, Reebok International, N.A.S.M, Balanced Body, Entrainement Spinal, De Gasquet\u00ae abdominaux et maux de dos\u2026).<\/p><p>Fondatrice et g\u00e9rante du club de fitness & de bien-\u00eatre <a href=\"https:\/\/www.soqi.be\">SOQI<\/a>, Sophie s\u2019est sp\u00e9cialis\u00e9e dans les maux de dos. Elle collabore avec plusieurs m\u00e9decins et kin\u00e9sith\u00e9rapeutes afin d\u2019aider leurs patients \u00e0 retrouver une mobilit\u00e9, une posture juste, un renforcement des muscles profonds et de la souplesse.<\/p><p>Sophie est professeur de Pilates mais donne \u00e9galement des cours en interval training, en abdominaux hypopressifs, en Swiss ball\u2026<\/p><p>C\u2019est au contact de Paule Salomon qu\u2019elle a \u00e9toff\u00e9 ses comp\u00e9tences en suivant diverses formations de d\u00e9veloppement personnel qui lui permettent\u00a0 d\u2019aborder le corps avec plus de conscience et d\u2019\u00eatre \u00e0 l\u2019\u00e9coute des besoins de chacun.<\/p><p>[\/et_pb_text][\/et_pb_column][et_pb_column type=\"1_2\" disabled_on=\"on|on|off\" _builder_version=\"4.17.3\" _module_preset=\"default\" background_enable_image=\"off\" background_position=\"top_center\" global_colors_info=\"{}\"][et_pb_image src=\"https:\/\/rutzu.com\/wp-content\/uploads\/2021\/07\/Sophie-Sztabholz.jpg\" title_text=\"Sophie Sztabholz\" disabled_on=\"on|on|off\" _builder_version=\"4.17.3\" _module_preset=\"default\" global_colors_info=\"{}\"][\/et_pb_image][\/et_pb_column][\/et_pb_row][et_pb_row column_structure=\"1_2,1_2\" use_custom_gutter=\"on\" gutter_width=\"1\" make_equal=\"on\" admin_label=\"St\u00e9phanie\" module_id=\"Fiona_C\" _builder_version=\"4.17.3\" _module_preset=\"default\" width=\"90%\" max_width=\"100%\" custom_padding=\"0px||0px|||\" global_colors_info=\"{}\"][et_pb_column type=\"1_2\" _builder_version=\"4.17.3\" _module_preset=\"default\" background_enable_image=\"off\" global_colors_info=\"{}\"][et_pb_image src=\"https:\/\/rutzu.com\/wp-content\/uploads\/2022\/04\/FIONACAPP-scaled-1.jpeg\" title_text=\"Fiona Cappuyns\" show_bottom_space=\"off\" align=\"center\" force_fullwidth=\"on\" _builder_version=\"4.17.3\" _module_preset=\"default\" global_colors_info=\"{}\"][\/et_pb_image][\/et_pb_column][et_pb_column type=\"1_2\" _builder_version=\"4.16\" _module_preset=\"default\" background_enable_image=\"off\" global_colors_info=\"{}\"][et_pb_text _builder_version=\"4.17.3\" _module_preset=\"default\" text_font_size=\"0.9vw\" text_line_height=\"1.5em\" header_font=\"|300||on|||||\" header_font_size=\"2.6vw\" header_2_font=\"|300|||||||\" header_2_text_align=\"center\" header_2_font_size=\"2.6vw\" header_2_line_height=\"1.2em\" text_orientation=\"justified\" custom_margin=\"7vw|8vw|7vw|8vw|true|true\" text_font_size_tablet=\"2vw\" text_font_size_phone=\"3vw\" text_font_size_last_edited=\"on|tablet\" header_2_font_size_tablet=\"4vw\" header_2_font_size_phone=\"5vw\" header_2_font_size_last_edited=\"on|phone\" global_colors_info=\"{}\"]<\/p><h2>Fiona Cappuyns<\/h2><div><p class=\"font8\">Passionn\u00e9e par le bien-\u00eatre, la nutrition et le d\u00e9veloppement personnel, Fiona enseigne le yoga depuis plus de 5 ans et ne cesse de se former dans le domaine de la sant\u00e9 holistique.<\/p><\/div><div><p class=\"font8\"><span class=\"wixguard\">\u200b<\/span><\/p><\/div><div><p class=\"font8\">Durant la retraite Yoga, elle vous guidera avec douceur et intensit\u00e9 dans votre pratique et vous aidera \u00e0 vous reconnecter \u00e0 votre corps et \u00e0 vos sensations par le biais de ses cours et de ses workshops d\u2019exploration de soi.<\/p><\/div><p>[\/et_pb_text][\/et_pb_column][\/et_pb_row][et_pb_row column_structure=\"1_2,1_2\" use_custom_gutter=\"on\" gutter_width=\"1\" make_equal=\"on\" admin_label=\"FlorenceP\" module_id=\"Joanna\" _builder_version=\"4.17.3\" _module_preset=\"default\" width=\"90%\" max_width=\"100%\" custom_padding=\"0px||0px|||\" global_colors_info=\"{}\"][et_pb_column type=\"1_2\" module_id=\"Pascale\" _builder_version=\"4.16\" _module_preset=\"default\" background_enable_image=\"off\" global_colors_info=\"{}\"][et_pb_image src=\"https:\/\/rutzu.com\/wp-content\/uploads\/2022\/04\/im5.jpg\" title_text=\"Joanna Haouzi\" show_bottom_space=\"off\" align=\"center\" force_fullwidth=\"on\" disabled_on=\"off|off|on\" _builder_version=\"4.17.3\" _module_preset=\"default\" global_colors_info=\"{}\"][\/et_pb_image][et_pb_text _builder_version=\"4.17.0\" _module_preset=\"default\" text_font_size=\"0.9vw\" text_line_height=\"1.5em\" header_font=\"|300||on|||||\" header_font_size=\"2.6vw\" header_2_font=\"|300|||||||\" header_2_text_align=\"center\" header_2_font_size=\"2.6vw\" header_2_line_height=\"1.2em\" text_orientation=\"justified\" custom_margin=\"7vw|8vw|7vw|8vw|true|true\" text_font_size_tablet=\"2vw\" text_font_size_phone=\"3vw\" text_font_size_last_edited=\"on|tablet\" header_2_font_size_tablet=\"4vw\" header_2_font_size_phone=\"5vw\" header_2_font_size_last_edited=\"on|phone\" global_colors_info=\"{}\"]<\/p><h2>Joanna Haouzi<\/h2><p><br \/>C\u2019est en tant qu\u2019avocat d\u2019affaires que Joanna a d\u00e9but\u00e9 sa vie professionnelle. Apr\u00e8s quelques ann\u00e9es de pratique, elle r\u00e9alise qu\u2019elle ne trouve plus de sens au service qu\u2019elle rend.<\/p><p>Elle entreprend d\u00e8s lors un voyage en Indon\u00e9sie et se forme \u00e0 l\u2019enseignement du yoga. Subjugu\u00e9e par les effets que cette pratique apporte sur un plan physique et mental, elle d\u00e9cide de poursuivre son apprentissage gr\u00e2ce \u00e0 une formation de yoga th\u00e9rapeutique.<span class=\"Apple-converted-space\">\u00a0<\/span><\/p><p>Cette pratique du yoga requ\u00e9rant une anamn\u00e8se de la personne,<span class=\"Apple-converted-space\">\u00a0 <\/span>elle s\u2019engage d\u00e8s lors dans la voie de la th\u00e9rapie cognitive et comportementale, ainsi que de la psychologie et ce, afin de recueillir au mieux les histoires de chaque personne venant en consultation.<\/p><p>Joanna est aujourd\u2019hui professeur de Yoga (elle enseigne dans diff\u00e9rents Studios de Paris et Bruxelles), coach et th\u00e9rapeute en th\u00e9rapie cognitive et comportementale.\u00a0<\/p><p>[\/et_pb_text][\/et_pb_column][et_pb_column type=\"1_2\" disabled_on=\"on|on|off\" _builder_version=\"4.17.3\" _module_preset=\"default\" background_enable_image=\"off\" global_colors_info=\"{}\"][et_pb_image src=\"https:\/\/rutzu.com\/wp-content\/uploads\/2022\/04\/im5.jpg\" title_text=\"Joanna Haouzi\" show_bottom_space=\"off\" align=\"center\" force_fullwidth=\"on\" disabled_on=\"on|on|off\" _builder_version=\"4.17.3\" _module_preset=\"default\" global_colors_info=\"{}\"][\/et_pb_image][\/et_pb_column][\/et_pb_row][et_pb_row column_structure=\"1_2,1_2\" use_custom_gutter=\"on\" gutter_width=\"1\" make_equal=\"on\" admin_label=\"St\u00e9phanie\" module_id=\"Tom Philippe\" _builder_version=\"4.17.3\" _module_preset=\"default\" width=\"90%\" max_width=\"100%\" custom_padding=\"0px||0px|||\" global_colors_info=\"{}\"][et_pb_column type=\"1_2\" _builder_version=\"4.17.3\" _module_preset=\"default\" background_enable_image=\"off\" global_colors_info=\"{}\"][et_pb_image src=\"https:\/\/rutzu.com\/wp-content\/uploads\/2022\/04\/TomPhilippe-1024x1024.jpg\" title_text=\"Tom Philippe\" _builder_version=\"4.17.3\" _module_preset=\"default\" global_colors_info=\"{}\"][\/et_pb_image][\/et_pb_column][et_pb_column type=\"1_2\" _builder_version=\"4.16\" _module_preset=\"default\" background_enable_image=\"off\" global_colors_info=\"{}\"][et_pb_text _builder_version=\"4.17.3\" _module_preset=\"default\" text_font_size=\"0.9vw\" text_line_height=\"1.5em\" header_font=\"|300||on|||||\" header_font_size=\"2.6vw\" header_2_font=\"|300|||||||\" header_2_text_align=\"center\" header_2_font_size=\"2.6vw\" header_2_line_height=\"1.2em\" text_orientation=\"justified\" custom_margin=\"7vw|8vw|7vw|8vw|true|true\" text_font_size_tablet=\"2vw\" text_font_size_phone=\"3vw\" text_font_size_last_edited=\"on|tablet\" header_2_font_size_tablet=\"4vw\" header_2_font_size_phone=\"5vw\" header_2_font_size_last_edited=\"on|phone\" global_colors_info=\"{}\"]<\/p><h2>Tom Philippe<\/h2><p>\u00a0<\/p><div>\u00a0<\/div><div><div dir=\"auto\">Issu d'une famille o\u00f9 la spiritualit\u00e9 et le d\u00e9veloppement personnel \u00e9taient omnipr\u00e9sents. Philippe \u00e0 d\u00e9velopp\u00e9 tr\u00e8s t\u00f4t un int\u00e9r\u00eat et une sensibilit\u00e9 particuli\u00e8re pour tout ce qui a trait au bien-\u00eatre.<\/div><div dir=\"auto\">\u00a0<\/div><div dir=\"auto\">C'est en 2009 et \u00e0 peine \u00e2g\u00e9 de 18 ans qu'il d\u00e9bute son parcours par 3 ann\u00e9es de formation chez Barbara Brennan School of Healing, th\u00e9rapie holistique et \u00e9nerg\u00e9tique, supervis\u00e9es par Thierry Janssen.<\/div><div dir=\"auto\">Il part ensuite les 3 ann\u00e9es suivantes se former intensivement aux arts martiaux en Chine. Il qualifie cette exp\u00e9rience de hors du commun.<\/div><div dir=\"auto\">Le Yoga n'arrivera qu'en 2015... Pratique qu'il perfectionnera en faisant un voyage immersif de 9 mois, en Inde.<\/div><div dir=\"auto\">Aujourd'hui il consacre la majorit\u00e9 de son temps \u00e0 partager le Yoga, en studio, en workshop et en retraite.<\/div><div dir=\"auto\">Tout en continuant de se former et de s'enrichir de nouvelles exp\u00e9riences.<\/div><p class=\"font8\">\u00a0<\/p><\/div><p>[\/et_pb_text][\/et_pb_column][\/et_pb_row][et_pb_row column_structure=\"1_2,1_2\" use_custom_gutter=\"on\" gutter_width=\"1\" make_equal=\"on\" admin_label=\"Sandra\" module_id=\"Marine\" _builder_version=\"4.17.3\" _module_preset=\"default\" width=\"90%\" max_width=\"100%\" custom_margin=\"|auto|-2px|auto||\" custom_padding=\"0px||0px|||\" global_colors_info=\"{}\"][et_pb_column type=\"1_2\" module_id=\"Pascale\" _builder_version=\"4.16\" _module_preset=\"default\" background_enable_image=\"off\" global_colors_info=\"{}\"][et_pb_image src=\"https:\/\/rutzu.com\/wp-content\/uploads\/2022\/04\/im4-1024x1024.jpg\" title_text=\"Marine Liensehoof\" disabled_on=\"off|off|on\" _builder_version=\"4.17.3\" _module_preset=\"default\" global_colors_info=\"{}\"][\/et_pb_image][et_pb_text _builder_version=\"4.17.3\" _module_preset=\"default\" text_font_size=\"0.9vw\" text_line_height=\"1.5em\" header_font=\"|300||on|||||\" header_font_size=\"2.6vw\" header_2_font=\"|300|||||||\" header_2_text_align=\"center\" header_2_font_size=\"2.6vw\" header_2_line_height=\"1.2em\" text_orientation=\"justified\" custom_margin=\"7vw|8vw|7vw|8vw|true|true\" text_font_size_tablet=\"2vw\" text_font_size_phone=\"3vw\" text_font_size_last_edited=\"on|tablet\" header_2_font_size_tablet=\"4vw\" header_2_font_size_phone=\"5vw\" header_2_font_size_last_edited=\"on|phone\" global_colors_info=\"{}\"]<\/p><h2>Marine Liensehoof<\/h2><p>Fondatrice de <a href=\"https:\/\/www.impactful-growth.com\">impactful-growth.com<\/a>\u00a0, Marine est coach de vie certifi\u00e9e. Elle accompagne des particuliers mais \u00e9galement des startups et organisations, telles que Luminus et ING, dans leur processus interne d\u2019innovation.\u00a0\u00a0<\/p><p>Depuis plus de six ans, Marine \u00e0 un objectif clair: \u00a0 \u00a0 \u00a0 \u00a0 \u00a0\u00a0\u00ab\u00a0permettre aux personnes et aux \u00e9quipes de d\u00e9velopper de nouvelles comp\u00e9tences et outils afin qu\u2019ils puissent construire l'avenir qu'ils souhaitent pour eux-m\u00eames, tant sur le plan personnel que professionnel.\u00a0\u00bb\u00a0<\/p><p>Pour cela, elle pr\u00f4ne l\u2019\u00e9tat d\u2019esprit entrepreneurial o\u00f9 chaque individu est responsable de mener la vie qu'il ou elle souhaite. Et accompagne avec bienveillance chaque personne \u00e0 travers leur trajet de red\u00e9couverte de leur plein potentiel.\u00a0<\/p><p>\u00a0<\/p><p>\u00a0<\/p><p>\u00a0<\/p><p>[\/et_pb_text][\/et_pb_column][et_pb_column type=\"1_2\" disabled_on=\"on|on|off\" _builder_version=\"4.17.3\" _module_preset=\"default\" background_enable_image=\"off\" background_position=\"top_center\" global_colors_info=\"{}\"][et_pb_image src=\"https:\/\/rutzu.com\/wp-content\/uploads\/2022\/04\/im4-1024x1024.jpg\" title_text=\"Marine Liensehoof\" disabled_on=\"on|on|off\" _builder_version=\"4.17.3\" _module_preset=\"default\" global_colors_info=\"{}\"][\/et_pb_image][\/et_pb_column][\/et_pb_row][et_pb_row column_structure=\"1_2,1_2\" use_custom_gutter=\"on\" gutter_width=\"1\" make_equal=\"on\" admin_label=\"St\u00e9phanie\" module_id=\"AF_Meulemans\" _builder_version=\"4.17.3\" _module_preset=\"default\" width=\"90%\" max_width=\"100%\" custom_padding=\"0px||0px|||\" global_colors_info=\"{}\"][et_pb_column type=\"1_2\" _builder_version=\"4.17.3\" _module_preset=\"default\" background_enable_image=\"off\" global_colors_info=\"{}\"][et_pb_image src=\"https:\/\/rutzu.com\/wp-content\/uploads\/2021\/09\/Photo-Anne-Francoise-1024x1024.jpg\" title_text=\"Anne-Fran\u00e7oise Meulemans\" show_bottom_space=\"off\" align=\"center\" force_fullwidth=\"on\" _builder_version=\"4.17.3\" _module_preset=\"default\" global_colors_info=\"{}\"][\/et_pb_image][\/et_pb_column][et_pb_column type=\"1_2\" _builder_version=\"4.16\" _module_preset=\"default\" background_enable_image=\"off\" global_colors_info=\"{}\"][et_pb_text _builder_version=\"4.17.3\" _module_preset=\"default\" text_font_size=\"0.9vw\" text_line_height=\"1.5em\" header_font=\"|300||on|||||\" header_font_size=\"2.6vw\" header_2_font=\"|300|||||||\" header_2_text_align=\"center\" header_2_font_size=\"2.6vw\" header_2_line_height=\"1.2em\" text_orientation=\"justified\" custom_margin=\"3vw|8vw|3vw|8vw|true|true\" text_font_size_tablet=\"2vw\" text_font_size_phone=\"3vw\" text_font_size_last_edited=\"on|tablet\" header_2_font_size_tablet=\"4vw\" header_2_font_size_phone=\"5vw\" header_2_font_size_last_edited=\"on|phone\" global_colors_info=\"{}\"]<\/p><h2>Anne Fran\u00e7oise Meulemans<\/h2><p>\u00a0<\/p><div>\u00a0<\/div><div><p>Une pointe d'humour, un zeste de rigueur et un nuage de bienveillance. Ce sont trois des nombreuses qualit\u00e9s de ce m\u00e9decin psychoth\u00e9rapeute.<\/p><p>De par sa double pratique de m\u00e9decin et de th\u00e9rapeute, Anne-Fran\u00e7oise \u00e9t\u00e9 sensibilis\u00e9e \u00e0 diff\u00e9rentes probl\u00e9matiques dont celles touchant \u00e0 l'\u00e9ducation, aux HP, aux personnalit\u00e9s atypiques ainsi qu\u2019\u00e0 la souffrance au travail des soignants et des enseignants . C\u2019est ce double bagage qui l\u2019a amen\u00e9e \u00e0 proposer des conf\u00e9rences et ateliers sur le bien-\u00eatre.<\/p><p>Formatrice dans la formation continue destin\u00e9e aux m\u00e9decins g\u00e9n\u00e9ralistes, elle a \u00e9galement fond\u00e9 en 2010 le CentrEmergences (neuf centres sp\u00e9cialis\u00e9s dans les soins th\u00e9rapeutiques r\u00e9partis en Wallonie & Bruxelles et qui regroupent une centaine de th\u00e9rapeutes),\u00a0ainsi qu\u2019en 2020,\u00a0E-mergence, une plateforme de consultation th\u00e9rapeutique on line.<\/p><p><a href=\"https:\/\/www.centremergences.be\">https:\/\/www.centremergences.be<\/a><br \/><a style=\"font-size: 17.379px;\" href=\"https:\/\/e-mergence.online\">https:\/\/e-mergence.online<\/a><\/p><p>\u00a0<\/p><\/div><p>[\/et_pb_text][\/et_pb_column][\/et_pb_row][et_pb_row column_structure=\"1_2,1_2\" use_custom_gutter=\"on\" gutter_width=\"1\" make_equal=\"on\" admin_label=\"Pascal\" module_id=\"Isabelle_Francois\" _builder_version=\"4.17.3\" _module_preset=\"default\" width=\"90%\" max_width=\"100%\" custom_padding=\"0px||0px|||\" global_colors_info=\"{}\"][et_pb_column type=\"1_2\" module_id=\"Pascale\" _builder_version=\"4.16\" _module_preset=\"default\" background_enable_image=\"off\" global_colors_info=\"{}\"][et_pb_image src=\"https:\/\/rutzu.com\/wp-content\/uploads\/2022\/04\/im3-1024x1024.jpg\" title_text=\"Isabelle Fran\u00e7ois\" show_bottom_space=\"off\" align=\"center\" force_fullwidth=\"on\" disabled_on=\"off|off|on\" _builder_version=\"4.17.3\" _module_preset=\"default\" global_colors_info=\"{}\"][\/et_pb_image][et_pb_text _builder_version=\"4.17.3\" _module_preset=\"default\" text_font_size=\"0.9vw\" text_line_height=\"1.5em\" header_font=\"|300||on|||||\" header_font_size=\"2.6vw\" header_2_font=\"|300|||||||\" header_2_text_align=\"center\" header_2_font_size=\"2.6vw\" header_2_line_height=\"1.2em\" text_orientation=\"justified\" custom_margin=\"7vw|8vw|7vw|8vw|true|true\" text_font_size_tablet=\"2vw\" text_font_size_phone=\"3vw\" text_font_size_last_edited=\"on|tablet\" header_2_font_size_tablet=\"4vw\" header_2_font_size_phone=\"5vw\" header_2_font_size_last_edited=\"on|phone\" global_colors_info=\"{}\"]<\/p><h2>Isabelle Fran\u00e7ois<\/h2><p>\u00a0<\/p><div><span lang=\"fr\">Dipl\u00f4m\u00e9e en m\u00e9decine g\u00e9n\u00e9rale et tropicale, Isabelle a exerc\u00e9\u00a0 durant de nombreuses ann\u00e9es dans le monde de l'aide humanitaire et celui de la recherche en sant\u00e9 publique (Afrique, Asie). <\/span><\/div><div>\u00a0<\/div><div><span lang=\"fr\">En 2010, elle recentre sa pratique et sa r\u00e9flexion sur l\u2019individu \u00a0et effectue un virage professionnel vers le monde de la psychoth\u00e9rapie et du bien-\u00eatre \u00e9motionnel. <\/span><\/div><div>\u00a0<\/div><div><span lang=\"fr\">Praticienne Neurocognitivo-Comportementaliste , en Nouvelle Hypnose & Psychoth\u00e9rapies Ericksoniennes, Isabelle est \u00e9galement formatrice dans le domaine des comp\u00e9tences \u00e9motionnelles. <\/span><\/div><div><span lang=\"fr\">Ses atouts\u00a0: humour, bienveillance, humilit\u00e9 et confiance.<\/span><\/div><div>\u00a0<\/div><p>\u00a0<\/p><p>[\/et_pb_text][\/et_pb_column][et_pb_column type=\"1_2\" disabled_on=\"on|on|off\" _builder_version=\"4.17.3\" _module_preset=\"default\" background_enable_image=\"off\" background_position=\"top_center\" global_colors_info=\"{}\"][et_pb_image src=\"https:\/\/rutzu.com\/wp-content\/uploads\/2022\/04\/im3-1024x1024.jpg\" title_text=\"Isabelle Fran\u00e7ois\" show_bottom_space=\"off\" align=\"center\" force_fullwidth=\"on\" disabled_on=\"on|on|off\" _builder_version=\"4.17.3\" _module_preset=\"default\" global_colors_info=\"{}\"][\/et_pb_image][\/et_pb_column][\/et_pb_row][et_pb_row column_structure=\"1_2,1_2\" use_custom_gutter=\"on\" gutter_width=\"1\" make_equal=\"on\" admin_label=\"St\u00e9phanie\" module_id=\"Florence Piers\" _builder_version=\"4.17.3\" _module_preset=\"default\" width=\"90%\" max_width=\"100%\" min_height=\"496.9px\" custom_padding=\"0px||0px|||\" global_colors_info=\"{}\"][et_pb_column type=\"1_2\" _builder_version=\"4.17.3\" _module_preset=\"default\" background_enable_image=\"off\" background_position=\"top_center\" global_colors_info=\"{}\"][et_pb_image src=\"https:\/\/rutzu.com\/wp-content\/uploads\/2022\/04\/Florence-Piers-1-scaled-1.jpeg\" title_text=\"Florence Piers\" show_bottom_space=\"off\" align=\"center\" force_fullwidth=\"on\" _builder_version=\"4.17.3\" _module_preset=\"default\" global_colors_info=\"{}\"][\/et_pb_image][\/et_pb_column][et_pb_column type=\"1_2\" _builder_version=\"4.16\" _module_preset=\"default\" background_enable_image=\"off\" global_colors_info=\"{}\"][et_pb_text _builder_version=\"4.17.3\" _module_preset=\"default\" text_font_size=\"0.9vw\" text_line_height=\"1.5em\" header_font=\"|300||on|||||\" header_font_size=\"2.6vw\" header_2_font=\"|300|||||||\" header_2_text_align=\"center\" header_2_font_size=\"2.6vw\" header_2_line_height=\"1.2em\" text_orientation=\"justified\" custom_margin=\"7vw|8vw|7vw|8vw|true|true\" text_font_size_tablet=\"2vw\" text_font_size_phone=\"3vw\" text_font_size_last_edited=\"on|tablet\" header_2_font_size_tablet=\"4vw\" header_2_font_size_phone=\"5vw\" header_2_font_size_last_edited=\"on|phone\" global_colors_info=\"{}\"]<\/p><h2>Florence Piers<\/h2><p>\u00a0<\/p><p>Kin\u00e9siologue et professeur de yoga certifi\u00e9e, Florence s'initie \u00e0 la pratique et \u00e0 la philosophie du yoga d\u00e8s l'\u00e2ge de 16 ans avant de se former en Inde, \u00e0 Rishikesh.\u00a0Ce sont les diff\u00e9rentes approches \u00e9nerg\u00e9tiques du yoga et de la kin\u00e9siologie, qu'elle int\u00e8gre dans ses s\u00e9ances. Fascin\u00e9e par le pouvoir de gu\u00e9rison du yoga, elle aime transmettre ses connaissances, pousser les personnes au-del\u00e0 de leurs limites habituelles, pour d\u00e9couvrir qu'elles sont\u00a0beaucoup plus que ce qu'elles croient\u00a0\u00eatre. Il ne s'agit pas de faire de belles postures mais de vivre le sacr\u00e9 dans chaque posture. Par sa douceur, Florence vous emm\u00e8ne \u00e0 la d\u00e9couverte de la puissance de l'instant pr\u00e9sent. D\u00e9couvrez la patience et l'acceptation de ce qui arrive. Nous pouvons changer notre mani\u00e8re de voir des choses et Florence vous accompagne par le yoga vers la prise de conscience de vos capacit\u00e9s infinies.<span class=\"Apple-converted-space\">\u00a0<\/span><a href=\"http:\/\/www.florencepiers.com\">www.florencepiers.com<\/a><\/p><p>[\/et_pb_text][\/et_pb_column][\/et_pb_row][\/et_pb_section][et_pb_section fb_built=\"1\" module_id=\"footer\" _builder_version=\"4.17.4\" _module_preset=\"default\" min_height=\"1828px\" custom_margin=\"5vw||||false|false\" custom_padding=\"0px||35px|||\" da_disable_devices=\"off|off|off\" global_module=\"458\" saved_tabs=\"all\" global_colors_info=\"{}\" da_is_popup=\"off\" da_exit_intent=\"off\" da_has_close=\"on\" da_alt_close=\"off\" da_dark_close=\"off\" da_not_modal=\"on\" da_is_singular=\"off\" da_with_loader=\"off\" da_has_shadow=\"on\"][et_pb_row column_structure=\"1_3,2_3\" use_custom_gutter=\"on\" _builder_version=\"4.17.3\" _module_preset=\"default\" background_color=\"#fbf9f7\" width=\"90%\" max_width=\"100%\" custom_padding=\"4vw||2vw||false|false\" global_colors_info=\"{}\"][et_pb_column type=\"1_3\" _builder_version=\"4.16\" _module_preset=\"default\" global_colors_info=\"{}\"][et_pb_text _builder_version=\"4.17.3\" _module_preset=\"default\" header_2_font=\"|300||on|||||\" header_2_text_align=\"right\" header_2_font_size=\"2vw\" header_2_line_height=\"1.2em\" custom_margin=\"||1vw||false|false\" custom_padding=\"||||false|false\" header_2_text_align_tablet=\"center\" header_2_text_align_phone=\"center\" header_2_text_align_last_edited=\"on|phone\" header_2_font_size_tablet=\"3.5vw\" header_2_font_size_phone=\"5vw\" header_2_font_size_last_edited=\"on|phone\" global_colors_info=\"{}\"]<\/p><h2>Cr\u00e9ateur<br \/>de votre exp\u00e9rience<br \/>sur l'\u00eele DE<br \/>Majorque<\/h2><p>[\/et_pb_text][et_pb_social_media_follow icon_color=\"#000000\" use_icon_font_size=\"on\" icon_font_size=\"1.4vw\" icon_font_size_tablet=\"3vw\" icon_font_size_phone=\"5vw\" icon_font_size_last_edited=\"on|phone\" _builder_version=\"4.17.3\" _module_preset=\"default\" text_orientation=\"right\" text_orientation_tablet=\"center\" text_orientation_phone=\"center\" text_orientation_last_edited=\"on|tablet\" global_colors_info=\"{}\"][et_pb_social_media_follow_network social_network=\"facebook\" url=\"https:\/\/www.facebook.com\/R%C3%BCtzu-105958275015120\" _builder_version=\"4.16\" _module_preset=\"default\" background_enable_color=\"off\" global_colors_info=\"{}\" background__hover_enabled=\"on|desktop\" icon_color__hover_enabled=\"on|hover\" follow_button=\"off\" url_new_window=\"on\"]facebook[\/et_pb_social_media_follow_network][et_pb_social_media_follow_network social_network=\"instagram\" url=\"https:\/\/www.instagram.com\/rutzu_mallorca\/\" _builder_version=\"4.16\" _module_preset=\"default\" background_enable_color=\"off\" global_colors_info=\"{}\" background__hover_enabled=\"on|hover\" follow_button=\"off\" url_new_window=\"on\"]instagram[\/et_pb_social_media_follow_network][et_pb_social_media_follow_network social_network=\"linkedin\" url=\"https:\/\/www.linkedin.com\/company\/r%C3%BCtzu\/\" _builder_version=\"4.16\" _module_preset=\"default\" background_color=\"RGBA(255,255,255,0)\" background_enable_color=\"on\" global_colors_info=\"{}\" follow_button=\"off\" url_new_window=\"on\"]linkedin[\/et_pb_social_media_follow_network][\/et_pb_social_media_follow][et_pb_image src=\"https:\/\/rutzu.com\/wp-content\/uploads\/2021\/11\/Logo_GFG_FR_H_ZW_BACKW_transparant.png\" alt=\"Fonds de garantie voyages\" title_text=\"Logo_GFG_FR_H_ZW_BACKW_transparant\" url=\"http:\/\/www.gfg.be\" url_new_window=\"on\" align_tablet=\"center\" align_phone=\"\" align_last_edited=\"on|tablet\" _builder_version=\"4.17.3\" _module_preset=\"default\" width=\"35%\" max_width=\"35%\" module_alignment=\"right\" custom_margin=\"15px|0px|7px||false|false\" custom_padding=\"||||false|false\" module_alignment_tablet=\"center\" module_alignment_phone=\"center\" module_alignment_last_edited=\"on|phone\" global_colors_info=\"{}\"][\/et_pb_image][et_pb_text content_phone=\"<\/p><p>R\u00fctzu est une agence de voyages certifi\u00e9e et assur\u00e9e contre l\u2019insolvabilit\u00e9 par le Fonds de Garantie Voyages<\/p><p>\" content_last_edited=\"off|desktop\" _builder_version=\"4.17.3\" _module_preset=\"default\" text_font_size=\"9px\" text_line_height=\"1.4em\" header_2_font=\"|300||on|||||\" header_2_text_align=\"right\" header_2_font_size=\"2vw\" header_2_line_height=\"1.2em\" text_orientation=\"right\" module_alignment=\"right\" custom_margin=\"||1vw||false|false\" custom_margin_tablet=\"\" custom_margin_phone=\"||9vw||false|false\" custom_margin_last_edited=\"on|desktop\" custom_padding=\"||||false|false\" header_2_text_align_tablet=\"\" header_2_text_align_phone=\"center\" header_2_text_align_last_edited=\"on|phone\" header_2_font_size_tablet=\"3.5vw\" header_2_font_size_phone=\"5vw\" header_2_font_size_last_edited=\"on|phone\" text_orientation_tablet=\"center\" text_orientation_phone=\"\" text_orientation_last_edited=\"on|phone\" global_colors_info=\"{}\"]<\/p><p>R\u00fctzu est une agence de voyages certifi\u00e9e et assur\u00e9e<br \/>contre l\u2019insolvabilit\u00e9 par le Fonds de Garantie Voyages.<\/p><p>[\/et_pb_text][\/et_pb_column][et_pb_column type=\"2_3\" _builder_version=\"4.16\" _module_preset=\"default\" global_colors_info=\"{}\"][et_pb_text _builder_version=\"4.17.3\" _module_preset=\"default\" header_3_font=\"|300||on|||||\" header_3_font_size=\"1.6vw\" custom_padding_tablet=\"30px|||30px|false|false\" custom_padding_phone=\"\" custom_padding_last_edited=\"on|tablet\" header_3_font_size_tablet=\"3vw\" header_3_font_size_phone=\"4vw\" header_3_font_size_last_edited=\"on|tablet\" global_colors_info=\"{}\"]<\/p><h3>Contact et demande d'information<\/h3><p>[\/et_pb_text][et_pb_code _builder_version=\"4.16\" _module_preset=\"default\" custom_padding=\"|3vw|||false|false\" custom_padding_tablet=\"|30px||30px|false|false\" custom_padding_phone=\"\" custom_padding_last_edited=\"on|phone\" global_colors_info=\"{}\"][contact-form-7 id=\"269\" title=\"Contact form\"][\/et_pb_code][\/et_pb_column][\/et_pb_row][et_pb_row use_custom_gutter=\"on\" gutter_width=\"1\" module_id=\"legales\" _builder_version=\"4.16\" _module_preset=\"default\" max_width=\"100%\" custom_padding=\"12px|||||\" global_colors_info=\"{}\"][et_pb_column type=\"4_4\" _builder_version=\"4.16\" _module_preset=\"default\" global_colors_info=\"{}\"][et_pb_text content_tablet=\"<\/p><p><a href=\"%22https:\/\/rutzu.com\/wp-content\/uploads\/2021\/06\/RUTZU-CGV-.pdf%22\">Conditions g\u00e9n\u00e9rales de vente<\/a><br \/><a href=\"%22https:\/\/rutzu.com\/wp-content\/uploads\/2021\/06\/RUTZU-CGU-.pdf%22\">Conditions g\u00e9n\u00e9rales d'utilisation<\/a><br \/><a href=\"%22https:\/\/rutzu.com\/mesures-covid\/%22\">Mesures COVID<\/a><br \/><a href=\"%22https:\/\/rutzu.com\/politique-relative-aux-cookies\/%22\">Politique relative aux cookies<\/a><br \/><a href=\"%22https:\/\/rutzu.com\/politique-de-confidentialite\/%22\">Politique de confidentialit\u00e9<\/a><\/p><p>\" content_phone=\"<\/p><p><a href=\"%22https:\/\/rutzu.com\/wp-content\/uploads\/2021\/06\/RUTZU-CGV-.pdf%22\">Conditions g\u00e9n\u00e9rales de vente<\/a><br \/><a href=\"%22https:\/\/rutzu.com\/wp-content\/uploads\/2021\/06\/RUTZU-CGU-.pdf%22\">Conditions g\u00e9n\u00e9rales d'utilisation<\/a><br \/><a href=\"%22https:\/\/rutzu.com\/mesures-covid\/%22\">Mesures COVID<\/a><br \/><a href=\"%22https:\/\/rutzu.com\/politique-relative-aux-cookies\/%22\">Politique relative aux cookies<\/a><br \/><a href=\"%22https:\/\/rutzu.com\/politique-de-confidentialite\/%22\">Politique de confidentialit\u00e9<\/a><\/p><p>\" content_last_edited=\"on|desktop\" _builder_version=\"4.16\" _module_preset=\"default\" text_font_size=\"0.9vw\" text_line_height=\"1.5em\" link_font=\"||||||||\" link_text_color=\"rgba(0,0,0,0.7)\" text_orientation=\"center\" text_font_size_tablet=\"2vw\" text_font_size_phone=\"3vw\" text_font_size_last_edited=\"on|phone\" global_colors_info=\"{}\"]<\/p><p><a href=\"https:\/\/rutzu.com\/wp-content\/uploads\/2021\/06\/RUTZU-CGV-.pdf\" target=\"_blank\" rel=\"noopener\">Conditions g\u00e9n\u00e9rales de vente<\/a> - <a href=\"https:\/\/rutzu.com\/wp-content\/uploads\/2021\/06\/RUTZU-CGU-.pdf\" target=\"_blank\" rel=\"noopener\">Conditions g\u00e9n\u00e9rales d'utilisation<\/a> - <a href=\"https:\/\/rutzu.com\/mesures-covid\/\">Mesures COVID<\/a> - <a href=\"https:\/\/rutzu.com\/politique-relative-aux-cookies\/\">Politique relative aux cookies<\/a> - <a href=\"https:\/\/rutzu.com\/politique-de-confidentialite\/\">Politique de confidentialit\u00e9<\/a><\/p><p>[\/et_pb_text][\/et_pb_column][\/et_pb_row][\/et_pb_section]<\/p>","_et_gb_content_width":"","footnotes":""},"dipi_cpt_category":[],"class_list":["post-3213","page","type-page","status-publish","has-post-thumbnail","hentry"],"acf":[],"yoast_head":"<!-- This site is optimized with the Yoast SEO plugin v27.5 - https:\/\/yoast.com\/product\/yoast-seo-wordpress\/ -->\n<title>Who we are - R\u00fctzu<\/title>\n<meta name=\"description\" content=\"A break from everyday life where you can reconnect with your inner self and become the hero of your next adventure, whether it be personal, sporting or professional!It is the promise of strong moments, of discoveries but also of serenity and sharing.It\u2019s the luxury of the beautiful, the good, the authentic in all simplicity.\" \/>\n<meta name=\"robots\" content=\"index, follow, max-snippet:-1, max-image-preview:large, max-video-preview:-1\" \/>\n<link rel=\"canonical\" href=\"https:\/\/rutzu.com\/en\/who-we-are\/\" \/>\n<meta property=\"og:locale\" content=\"en_US\" \/>\n<meta property=\"og:type\" content=\"article\" \/>\n<meta property=\"og:title\" content=\"Who we are - R\u00fctzu\" \/>\n<meta property=\"og:description\" content=\"A break from everyday life where you can reconnect with your inner self and become the hero of your next adventure, whether it be personal, sporting or professional!It is the promise of strong moments, of discoveries but also of serenity and sharing.It\u2019s the luxury of the beautiful, the good, the authentic in all simplicity.\" \/>\n<meta property=\"og:url\" content=\"https:\/\/rutzu.com\/en\/who-we-are\/\" \/>\n<meta property=\"og:site_name\" content=\"R\u00fctzu\" \/>\n<meta property=\"article:publisher\" content=\"https:\/\/www.facebook.com\/Rtzu-105958275015120\" \/>\n<meta property=\"article:modified_time\" content=\"2025-06-02T15:10:22+00:00\" \/>\n<meta property=\"og:image\" content=\"https:\/\/rutzu.com\/wp-content\/uploads\/2021\/04\/Front-page-1-Bis-scaled.jpeg\" \/>\n\t<meta property=\"og:image:width\" content=\"2560\" \/>\n\t<meta property=\"og:image:height\" content=\"1440\" \/>\n\t<meta property=\"og:image:type\" content=\"image\/jpeg\" \/>\n<meta name=\"twitter:card\" content=\"summary_large_image\" \/>\n<meta name=\"twitter:label1\" content=\"Est. reading time\" \/>\n\t<meta name=\"twitter:data1\" content=\"24 minutes\" \/>\n<script type=\"application\/ld+json\" class=\"yoast-schema-graph\">{\"@context\":\"https:\\\/\\\/schema.org\",\"@graph\":[{\"@type\":\"WebPage\",\"@id\":\"https:\\\/\\\/rutzu.com\\\/en\\\/who-we-are\\\/\",\"url\":\"https:\\\/\\\/rutzu.com\\\/en\\\/who-we-are\\\/\",\"name\":\"Who we are - R\u00fctzu\",\"isPartOf\":{\"@id\":\"https:\\\/\\\/rutzu.com\\\/en\\\/#website\"},\"primaryImageOfPage\":{\"@id\":\"https:\\\/\\\/rutzu.com\\\/en\\\/who-we-are\\\/#primaryimage\"},\"image\":{\"@id\":\"https:\\\/\\\/rutzu.com\\\/en\\\/who-we-are\\\/#primaryimage\"},\"thumbnailUrl\":\"https:\\\/\\\/rutzu.com\\\/wp-content\\\/uploads\\\/2021\\\/04\\\/Front-page-1-Bis-scaled.jpeg\",\"datePublished\":\"2021-03-21T07:41:22+00:00\",\"dateModified\":\"2025-06-02T15:10:22+00:00\",\"description\":\"A break from everyday life where you can reconnect with your inner self and become the hero of your next adventure, whether it be personal, sporting or professional!It is the promise of strong moments, of discoveries but also of serenity and sharing.It\u2019s the luxury of the beautiful, the good, the authentic in all simplicity.\",\"breadcrumb\":{\"@id\":\"https:\\\/\\\/rutzu.com\\\/en\\\/who-we-are\\\/#breadcrumb\"},\"inLanguage\":\"en-US\",\"potentialAction\":[{\"@type\":\"ReadAction\",\"target\":[\"https:\\\/\\\/rutzu.com\\\/en\\\/who-we-are\\\/\"]}]},{\"@type\":\"ImageObject\",\"inLanguage\":\"en-US\",\"@id\":\"https:\\\/\\\/rutzu.com\\\/en\\\/who-we-are\\\/#primaryimage\",\"url\":\"https:\\\/\\\/rutzu.com\\\/wp-content\\\/uploads\\\/2021\\\/04\\\/Front-page-1-Bis-scaled.jpeg\",\"contentUrl\":\"https:\\\/\\\/rutzu.com\\\/wp-content\\\/uploads\\\/2021\\\/04\\\/Front-page-1-Bis-scaled.jpeg\",\"width\":2560,\"height\":1440,\"caption\":\"R\u00fctzu: la trappa\"},{\"@type\":\"BreadcrumbList\",\"@id\":\"https:\\\/\\\/rutzu.com\\\/en\\\/who-we-are\\\/#breadcrumb\",\"itemListElement\":[{\"@type\":\"ListItem\",\"position\":1,\"name\":\"Accueil\",\"item\":\"https:\\\/\\\/rutzu.com\\\/en\\\/\"},{\"@type\":\"ListItem\",\"position\":2,\"name\":\"Who we are\"}]},{\"@type\":\"WebSite\",\"@id\":\"https:\\\/\\\/rutzu.com\\\/en\\\/#website\",\"url\":\"https:\\\/\\\/rutzu.com\\\/en\\\/\",\"name\":\"R\u00fctzu\",\"description\":\"Cr\u00e9ateurs d\u2019exp\u00e9riences humaines et de partage.\",\"potentialAction\":[{\"@type\":\"SearchAction\",\"target\":{\"@type\":\"EntryPoint\",\"urlTemplate\":\"https:\\\/\\\/rutzu.com\\\/en\\\/?s={search_term_string}\"},\"query-input\":{\"@type\":\"PropertyValueSpecification\",\"valueRequired\":true,\"valueName\":\"search_term_string\"}}],\"inLanguage\":\"en-US\"}]}<\/script>\n<!-- \/ Yoast SEO plugin. -->","yoast_head_json":{"title":"Who we are - R\u00fctzu","description":"A break from everyday life where you can reconnect with your inner self and become the hero of your next adventure, whether it be personal, sporting or professional!It is the promise of strong moments, of discoveries but also of serenity and sharing.It\u2019s the luxury of the beautiful, the good, the authentic in all simplicity.","robots":{"index":"index","follow":"follow","max-snippet":"max-snippet:-1","max-image-preview":"max-image-preview:large","max-video-preview":"max-video-preview:-1"},"canonical":"https:\/\/rutzu.com\/en\/who-we-are\/","og_locale":"en_US","og_type":"article","og_title":"Who we are - R\u00fctzu","og_description":"A break from everyday life where you can reconnect with your inner self and become the hero of your next adventure, whether it be personal, sporting or professional!It is the promise of strong moments, of discoveries but also of serenity and sharing.It\u2019s the luxury of the beautiful, the good, the authentic in all simplicity.","og_url":"https:\/\/rutzu.com\/en\/who-we-are\/","og_site_name":"R\u00fctzu","article_publisher":"https:\/\/www.facebook.com\/Rtzu-105958275015120","article_modified_time":"2025-06-02T15:10:22+00:00","og_image":[{"width":2560,"height":1440,"url":"https:\/\/rutzu.com\/wp-content\/uploads\/2021\/04\/Front-page-1-Bis-scaled.jpeg","type":"image\/jpeg"}],"twitter_card":"summary_large_image","twitter_misc":{"Est. reading time":"24 minutes"},"schema":{"@context":"https:\/\/schema.org","@graph":[{"@type":"WebPage","@id":"https:\/\/rutzu.com\/en\/who-we-are\/","url":"https:\/\/rutzu.com\/en\/who-we-are\/","name":"Who we are - R\u00fctzu","isPartOf":{"@id":"https:\/\/rutzu.com\/en\/#website"},"primaryImageOfPage":{"@id":"https:\/\/rutzu.com\/en\/who-we-are\/#primaryimage"},"image":{"@id":"https:\/\/rutzu.com\/en\/who-we-are\/#primaryimage"},"thumbnailUrl":"https:\/\/rutzu.com\/wp-content\/uploads\/2021\/04\/Front-page-1-Bis-scaled.jpeg","datePublished":"2021-03-21T07:41:22+00:00","dateModified":"2025-06-02T15:10:22+00:00","description":"A break from everyday life where you can reconnect with your inner self and become the hero of your next adventure, whether it be personal, sporting or professional!It is the promise of strong moments, of discoveries but also of serenity and sharing.It\u2019s the luxury of the beautiful, the good, the authentic in all simplicity.","breadcrumb":{"@id":"https:\/\/rutzu.com\/en\/who-we-are\/#breadcrumb"},"inLanguage":"en-US","potentialAction":[{"@type":"ReadAction","target":["https:\/\/rutzu.com\/en\/who-we-are\/"]}]},{"@type":"ImageObject","inLanguage":"en-US","@id":"https:\/\/rutzu.com\/en\/who-we-are\/#primaryimage","url":"https:\/\/rutzu.com\/wp-content\/uploads\/2021\/04\/Front-page-1-Bis-scaled.jpeg","contentUrl":"https:\/\/rutzu.com\/wp-content\/uploads\/2021\/04\/Front-page-1-Bis-scaled.jpeg","width":2560,"height":1440,"caption":"R\u00fctzu: la trappa"},{"@type":"BreadcrumbList","@id":"https:\/\/rutzu.com\/en\/who-we-are\/#breadcrumb","itemListElement":[{"@type":"ListItem","position":1,"name":"Accueil","item":"https:\/\/rutzu.com\/en\/"},{"@type":"ListItem","position":2,"name":"Who we are"}]},{"@type":"WebSite","@id":"https:\/\/rutzu.com\/en\/#website","url":"https:\/\/rutzu.com\/en\/","name":"R\u00fctzu","description":"Cr\u00e9ateurs d\u2019exp\u00e9riences humaines et de partage.","potentialAction":[{"@type":"SearchAction","target":{"@type":"EntryPoint","urlTemplate":"https:\/\/rutzu.com\/en\/?s={search_term_string}"},"query-input":{"@type":"PropertyValueSpecification","valueRequired":true,"valueName":"search_term_string"}}],"inLanguage":"en-US"}]}},"_links":{"self":[{"href":"https:\/\/rutzu.com\/en\/wp-json\/wp\/v2\/pages\/3213","targetHints":{"allow":["GET"]}}],"collection":[{"href":"https:\/\/rutzu.com\/en\/wp-json\/wp\/v2\/pages"}],"about":[{"href":"https:\/\/rutzu.com\/en\/wp-json\/wp\/v2\/types\/page"}],"author":[{"embeddable":true,"href":"https:\/\/rutzu.com\/en\/wp-json\/wp\/v2\/users\/1"}],"replies":[{"embeddable":true,"href":"https:\/\/rutzu.com\/en\/wp-json\/wp\/v2\/comments?post=3213"}],"version-history":[{"count":14,"href":"https:\/\/rutzu.com\/en\/wp-json\/wp\/v2\/pages\/3213\/revisions"}],"predecessor-version":[{"id":12108,"href":"https:\/\/rutzu.com\/en\/wp-json\/wp\/v2\/pages\/3213\/revisions\/12108"}],"wp:featuredmedia":[{"embeddable":true,"href":"https:\/\/rutzu.com\/en\/wp-json\/wp\/v2\/media\/719"}],"wp:attachment":[{"href":"https:\/\/rutzu.com\/en\/wp-json\/wp\/v2\/media?parent=3213"}],"wp:term":[{"taxonomy":"dipi_cpt_category","embeddable":true,"href":"https:\/\/rutzu.com\/en\/wp-json\/wp\/v2\/dipi_cpt_category?post=3213"}],"curies":[{"name":"wp","href":"https:\/\/api.w.org\/{rel}","templated":true}]}}